{"id":5364,"date":"2024-08-13T15:09:33","date_gmt":"2024-08-13T12:09:33","guid":{"rendered":"https:\/\/luxmusicae.com\/?page_id=5364"},"modified":"2024-11-15T13:53:05","modified_gmt":"2024-11-15T11:53:05","slug":"torsdag-fredag-14-15-11-2024","status":"publish","type":"page","link":"https:\/\/luxmusicae.com\/sv\/torsdag-fredag-14-15-11-2024\/","title":{"rendered":"Torsdag-Fredag 14-15.11.2024"},"content":{"rendered":"\n<p><strong>Torsdag<\/strong> <strong>kl. 20.00 i Sjunde\u00e5 kyrka<\/strong><\/p>\n\n\n\n<p><strong>Amor C\u00e9u: Syster, spring med mig till stranden<\/strong><\/p>\n\n\n\n<p>Amor C\u00e9u \u00e4r en ensamble som \u00e4gnar sitt musicerande \u00e5t medeltida musik. Gruppens namn \u00e4r en antydan om en \u00e4lskad, en v\u00e4n eller himmelsk k\u00e4rlek.<\/p>\n\n\n\n<p>I bandet upptr\u00e4der <strong>Eira Karlson<\/strong>, s\u00e5ng och fidel, <strong>Anna-Maaria Oramo, s\u00e5ng <\/strong>och clavisimbalum och <strong>Aino Peltomaa<\/strong>, s\u00e5ng, harpa och slagverk.<\/p>\n\n\n\n<p>Amor C\u00e9u ger den medeltida kvinnan synlighet som artist, gestalt och tema. Lovs\u00e5ngen till Maria g\u00e5r som en r\u00f6d tr\u00e5d genom programmet. I texterna uttrycker en ung flicka \u00f6versvallande sin f\u00f6rtjusning och f\u00f6r\u00e4lskelse.<\/p>\n\n\n\n<p>Program:<\/p>\n\n\n\n<p>Quantas sabedes amare amigo &#8211; Martin Codax<\/p>\n\n\n\n<p>Molt m \u0301abellist \/Tenor: Flos Filius eius \u2013 anon.<\/p>\n\n\n\n<p>Plus bele que flor\/Quant revient\/L&#8217;autrier joer\/Flos filius eius \u2013 Codex Montpellier &#8211;<\/p>\n\n\n\n<p>De Santa Mar\u00eda sinal qual xe qu\u00e9r &#8211; Cantigas de Santa Maria &nbsp;<\/p>\n\n\n\n<p>Venetia, mundi splendor\/Michael qui Steno domus\u2013 Johannes Ciconia<\/p>\n\n\n\n<p>Ai Deus se sab \u00f3ra meu amigo Martin Codax<\/p>\n\n\n\n<p>Santa Mar\u00eda l\u00e9va &#8211; Cantigas de Santa Maria<\/p>\n\n\n\n<p>Da que D\u00e9us mamou o leite do s\u00e9u peito &#8211; Cantigas de Santa Maria<\/p>\n\n\n\n<p>Como somos per conssello do d\u00e9mo perdudos &#8211; Cantigas de Santa Maria &#8211; &nbsp;<\/p>\n\n\n\n<p>Ondas do mare de Vigo &#8211; Martin Codax<\/p>\n\n\n\n<p>Mandad \u0301ei comigo &#8211; Martin Codax<\/p>\n\n\n\n<p>O Maria \/Tenor: Veritatem &#8211; Codex Montpellier<\/p>\n\n\n\n<p>Ductia &#8211; anon.<\/p>\n\n\n\n<p>Amours et ma dame et aussi &#8211; Adam de la Halle<\/p>\n\n\n\n<p>Or est baiars en la pasture &#8211; Adam de la Halle &nbsp;&#8211;<\/p>\n\n\n\n<p>Muit&#8217; \u00e9 ben-aventurado e en bon ponto naceu &#8211; Cantigas de Santa Maria<\/p>\n\n\n\n<p>Ai ondas que eu vim veer &#8211; Martin Codax<\/p>\n\n\n\n<p>Par D\u00e9us, muit&#8217; h\u00e1 gran vertude na paravla com\u0169al &#8211; Cantigas de Santa Maria<\/p>\n\n\n\n<p>Mia irmana fremosa &#8211; Martin Codax-<\/p>\n\n\n\n<p>Vergene bella \u2013 Guillaume Dufay Se la phase pale \u2013 Guillaume Dufay\/Buxheimer Orgelb\u00fcchlein<\/p>\n\n\n\n<p>Amor potest \/ Ad amorem \/ tenor Codex Montpellier<\/p>\n\n\n\n<p>Sempr&#8217; acha Santa Mar\u00eda raz\u00f4n verdadeira &#8211; Cantigas de Santa Maria<\/p>\n\n\n\n<p>Konsertens l\u00e4ngd 1 h, ingen paus.<\/p>\n\n\n\n<p>25 \u20ac &#8211; <a href=\"https:\/\/www.lippu.fi\/event\/lux-musicae-2024-siuntion-pyhaen-pietarin-kirkko-19028780\/\">K\u00f6p biljetter till konsert Amor C\u00e9u<\/a><\/p>\n\n\n\n<p><\/p>\n\n\n\n<p><strong>Fredag kl. 19.00 i Sjunde\u00e5 kyrka<\/strong><\/p>\n\n\n\n<p><strong><em>Ur djupet av mitt hj\u00e4rta<\/em><\/strong><\/p>\n\n\n\n<p>Lux Musicae best\u00e4llde inf\u00f6r sitt 25-\u00e5rsjubileum en violinsonat av <strong>Kimmo Hakola<\/strong> (f.1958) som kommer att ges som uruppf\u00f6rande av Hakola och <strong>Kaija Saarikettu<\/strong>. Den utg\u00f6r en uppf\u00f6ljning av Lux Musicaes viktigaste princip: att st\u00f6da kreativt arbete och ny tonkonst.<\/p>\n\n\n\n<p>Repertoaren best\u00e5r i \u00f6vrigt av romantisk musik fr\u00e5n olika sekler: <strong>Jean Philippe Rameau<\/strong> (1683-1764) var en av sin tids mest betydande komposit\u00f6rer f\u00f6r cembalo. <strong>Claude Debussy<\/strong> (1862-1918) var p\u00e5verkad av olika riktningar som r\u00e5dde men ocks\u00e5 av m\u00e5lningar och poesi och de ger avtryck i hans kompositioner.<\/p>\n\n\n\n<p><strong>Johannes Brahms<\/strong> (1833-1897) cellosonat i e-moll h\u00f6r till komposit\u00f6rens mest \u00e4lskade verk f\u00f6r kammarmusik. Den \u00e4r samtidigt en eloge till <strong>Bach,<\/strong> vars Contrapunctus tema nr 13 han anv\u00e4nder sista delen av i verkets fuga.<\/p>\n\n\n\n<p><strong>Kimmo Hakola, piano<br>Juho Pohjonen, piano<br>Kaija Saarikettu, violin<br>Artturi Aalto, cello<\/strong><\/p>\n\n\n\n<p>Program:<\/p>\n\n\n\n<p>Jean-Philippe Rameau:<br>Svit i a-moll (Nouvelles suites des pi\u00e8ces de clavecin)<\/p>\n\n\n\n<p>Kimmo Hakola:<\/p>\n\n\n\n<p>Violinsonat op. 117 (uruppf\u00f6rande)<\/p>\n\n\n\n<p>-paus-<\/p>\n\n\n\n<p>Claude Debussy:<br>Sonata for cello and piano L.135<\/p>\n\n\n\n<ol class=\"wp-block-list\">\n<li>Prologue: Lent, sostenuto e molto risoluto<\/li>\n\n\n\n<li>S\u00e9r\u00e9nade: Mod\u00e9r\u00e9ment anime<\/li>\n\n\n\n<li>Finale: Anim\u00e9, l\u00e9ger et nerveux<\/li>\n<\/ol>\n\n\n\n<p>Johannes Brahms:<br>Sonat f\u00f6r piano och cello nr 1 i e-moll, opus 38&nbsp;<\/p>\n\n\n\n<ol class=\"wp-block-list\">\n<li>Allegro non troppo<\/li>\n\n\n\n<li>Allegretto quasi Menuetto<\/li>\n\n\n\n<li>Allegro<\/li>\n<\/ol>\n\n\n\n<p><\/p>\n\n\n\n<p>Konsertens l\u00e4ngd 1 h 30 min, inkluderar paus<\/p>\n\n\n\n<p>25\u20ac &#8211; <a href=\"https:\/\/www.lippu.fi\/event\/lux-musicae-2024-siuntion-pyhaen-pietarin-kirkko-19017659\/\">K\u00f6p biljetter till konsert Ur djupet av mitt hj\u00e4rta<\/a><\/p>\n","protected":false},"excerpt":{"rendered":"<p>Torsdag kl. 20.00 i Sjunde\u00e5 kyrka Amor C\u00e9u: Syster, spring med mig till stranden Amor C\u00e9u \u00e4r en ensamble som \u00e4gnar sitt musicerande \u00e5t medeltida musik. Gruppens namn \u00e4r en antydan om en \u00e4lskad, en v\u00e4n eller himmelsk k\u00e4rlek. I bandet upptr\u00e4der Eira Karlson, s\u00e5ng och fidel, Anna-Maaria Oramo, s\u00e5ng och clavisimbalum och Aino Peltomaa, [&hellip;]<\/p>\n","protected":false},"author":1,"featured_media":5335,"parent":0,"menu_order":0,"comment_status":"closed","ping_status":"closed","template":"","meta":{"_uag_custom_page_level_css":"","jetpack_post_was_ever_published":false,"footnotes":""},"class_list":["post-5364","page","type-page","status-publish","has-post-thumbnail","hentry"],"yoast_head":"<!-- This site is optimized with the Yoast SEO plugin v26.8 - https:\/\/yoast.com\/product\/yoast-seo-wordpress\/ -->\n<title>Lux Musicae 13.-15.11.2026 - Torsdag-Fredag 14-15.11.2024<\/title>\n<meta name=\"robots\" content=\"index, follow, max-snippet:-1, max-image-preview:large, max-video-preview:-1\" \/>\n<link rel=\"canonical\" href=\"https:\/\/luxmusicae.com\/perjantai-15-11-2024\/\" \/>\n<meta property=\"og:locale\" content=\"sv_SE\" \/>\n<meta property=\"og:type\" content=\"article\" \/>\n<meta property=\"og:title\" content=\"Lux Musicae 13.-15.11.2026 - Torsdag-Fredag 14-15.11.2024\" \/>\n<meta property=\"og:description\" content=\"Torsdag kl. 20.00 i Sjunde\u00e5 kyrka Amor C\u00e9u: Syster, spring med mig till stranden Amor C\u00e9u \u00e4r en ensamble som \u00e4gnar sitt musicerande \u00e5t medeltida musik. Gruppens namn \u00e4r en antydan om en \u00e4lskad, en v\u00e4n eller himmelsk k\u00e4rlek. I bandet upptr\u00e4der Eira Karlson, s\u00e5ng och fidel, Anna-Maaria Oramo, s\u00e5ng och clavisimbalum och Aino Peltomaa, [&hellip;]\" \/>\n<meta property=\"og:url\" content=\"https:\/\/luxmusicae.com\/perjantai-15-11-2024\/\" \/>\n<meta property=\"og:site_name\" content=\"Lux Musicae 13.-15.11.2026\" \/>\n<meta property=\"article:modified_time\" content=\"2024-11-15T11:53:05+00:00\" \/>\n<meta property=\"og:image\" content=\"https:\/\/i0.wp.com\/luxmusicae.com\/wp-content\/uploads\/2024\/07\/LuxMusicae2024_www_DATE_THUFRI.png?fit=1500%2C1500&ssl=1\" \/>\n\t<meta property=\"og:image:width\" content=\"1500\" \/>\n\t<meta property=\"og:image:height\" content=\"1500\" \/>\n\t<meta property=\"og:image:type\" content=\"image\/png\" \/>\n<meta name=\"twitter:card\" content=\"summary_large_image\" \/>\n<meta name=\"twitter:label1\" content=\"Ber\u00e4knad l\u00e4stid\" \/>\n\t<meta name=\"twitter:data1\" content=\"3 minuter\" \/>\n<script type=\"application\/ld+json\" class=\"yoast-schema-graph\">{\"@context\":\"https:\/\/schema.org\",\"@graph\":[{\"@type\":\"WebPage\",\"@id\":\"https:\/\/luxmusicae.com\/perjantai-15-11-2024\/\",\"url\":\"https:\/\/luxmusicae.com\/perjantai-15-11-2024\/\",\"name\":\"Lux Musicae 13.-15.11.2026 - Torsdag-Fredag 14-15.11.2024\",\"isPartOf\":{\"@id\":\"https:\/\/luxmusicae.com\/#website\"},\"primaryImageOfPage\":{\"@id\":\"https:\/\/luxmusicae.com\/perjantai-15-11-2024\/#primaryimage\"},\"image\":{\"@id\":\"https:\/\/luxmusicae.com\/perjantai-15-11-2024\/#primaryimage\"},\"thumbnailUrl\":\"https:\/\/i0.wp.com\/luxmusicae.com\/wp-content\/uploads\/2024\/07\/LuxMusicae2024_www_DATE_THUFRI.png?fit=1500%2C1500&ssl=1\",\"datePublished\":\"2024-08-13T12:09:33+00:00\",\"dateModified\":\"2024-11-15T11:53:05+00:00\",\"breadcrumb\":{\"@id\":\"https:\/\/luxmusicae.com\/perjantai-15-11-2024\/#breadcrumb\"},\"inLanguage\":\"sv-SE\",\"potentialAction\":[{\"@type\":\"ReadAction\",\"target\":[\"https:\/\/luxmusicae.com\/perjantai-15-11-2024\/\"]}]},{\"@type\":\"ImageObject\",\"inLanguage\":\"sv-SE\",\"@id\":\"https:\/\/luxmusicae.com\/perjantai-15-11-2024\/#primaryimage\",\"url\":\"https:\/\/i0.wp.com\/luxmusicae.com\/wp-content\/uploads\/2024\/07\/LuxMusicae2024_www_DATE_THUFRI.png?fit=1500%2C1500&ssl=1\",\"contentUrl\":\"https:\/\/i0.wp.com\/luxmusicae.com\/wp-content\/uploads\/2024\/07\/LuxMusicae2024_www_DATE_THUFRI.png?fit=1500%2C1500&ssl=1\",\"width\":1500,\"height\":1500},{\"@type\":\"BreadcrumbList\",\"@id\":\"https:\/\/luxmusicae.com\/perjantai-15-11-2024\/#breadcrumb\",\"itemListElement\":[{\"@type\":\"ListItem\",\"position\":1,\"name\":\"Etusivu\",\"item\":\"https:\/\/luxmusicae.com\/\"},{\"@type\":\"ListItem\",\"position\":2,\"name\":\"Torsdag-Fredag 14-15.11.2024\"}]},{\"@type\":\"WebSite\",\"@id\":\"https:\/\/luxmusicae.com\/#website\",\"url\":\"https:\/\/luxmusicae.com\/\",\"name\":\"Lux Musicae 13.-15.11.2026\",\"description\":\"Musiikkifestivaali Siuntiossa joka vuoden marraskuussa! - Musikfestival i Sjunde\u00e5. Varje \u00e5r i November! - Music Festival of Siuntio. Every year in november!\",\"publisher\":{\"@id\":\"https:\/\/luxmusicae.com\/#organization\"},\"potentialAction\":[{\"@type\":\"SearchAction\",\"target\":{\"@type\":\"EntryPoint\",\"urlTemplate\":\"https:\/\/luxmusicae.com\/?s={search_term_string}\"},\"query-input\":{\"@type\":\"PropertyValueSpecification\",\"valueRequired\":true,\"valueName\":\"search_term_string\"}}],\"inLanguage\":\"sv-SE\"},{\"@type\":\"Organization\",\"@id\":\"https:\/\/luxmusicae.com\/#organization\",\"name\":\"Lux Musicae 13.-15.11.2026\",\"url\":\"https:\/\/luxmusicae.com\/\",\"logo\":{\"@type\":\"ImageObject\",\"inLanguage\":\"sv-SE\",\"@id\":\"https:\/\/luxmusicae.com\/#\/schema\/logo\/image\/\",\"url\":\"https:\/\/i0.wp.com\/luxmusicae.com\/wp-content\/uploads\/2024\/07\/cropped-LuxMusicae2024_www_LOGO.png?fit=100%2C100&ssl=1\",\"contentUrl\":\"https:\/\/i0.wp.com\/luxmusicae.com\/wp-content\/uploads\/2024\/07\/cropped-LuxMusicae2024_www_LOGO.png?fit=100%2C100&ssl=1\",\"width\":100,\"height\":100,\"caption\":\"Lux Musicae 13.-15.11.2026\"},\"image\":{\"@id\":\"https:\/\/luxmusicae.com\/#\/schema\/logo\/image\/\"}}]}<\/script>\n<!-- \/ Yoast SEO plugin. -->","yoast_head_json":{"title":"Lux Musicae 13.-15.11.2026 - Torsdag-Fredag 14-15.11.2024","robots":{"index":"index","follow":"follow","max-snippet":"max-snippet:-1","max-image-preview":"max-image-preview:large","max-video-preview":"max-video-preview:-1"},"canonical":"https:\/\/luxmusicae.com\/perjantai-15-11-2024\/","og_locale":"sv_SE","og_type":"article","og_title":"Lux Musicae 13.-15.11.2026 - Torsdag-Fredag 14-15.11.2024","og_description":"Torsdag kl. 20.00 i Sjunde\u00e5 kyrka Amor C\u00e9u: Syster, spring med mig till stranden Amor C\u00e9u \u00e4r en ensamble som \u00e4gnar sitt musicerande \u00e5t medeltida musik. Gruppens namn \u00e4r en antydan om en \u00e4lskad, en v\u00e4n eller himmelsk k\u00e4rlek. I bandet upptr\u00e4der Eira Karlson, s\u00e5ng och fidel, Anna-Maaria Oramo, s\u00e5ng och clavisimbalum och Aino Peltomaa, [&hellip;]","og_url":"https:\/\/luxmusicae.com\/perjantai-15-11-2024\/","og_site_name":"Lux Musicae 13.-15.11.2026","article_modified_time":"2024-11-15T11:53:05+00:00","og_image":[{"width":1500,"height":1500,"url":"https:\/\/i0.wp.com\/luxmusicae.com\/wp-content\/uploads\/2024\/07\/LuxMusicae2024_www_DATE_THUFRI.png?fit=1500%2C1500&ssl=1","type":"image\/png"}],"twitter_card":"summary_large_image","twitter_misc":{"Ber\u00e4knad l\u00e4stid":"3 minuter"},"schema":{"@context":"https:\/\/schema.org","@graph":[{"@type":"WebPage","@id":"https:\/\/luxmusicae.com\/perjantai-15-11-2024\/","url":"https:\/\/luxmusicae.com\/perjantai-15-11-2024\/","name":"Lux Musicae 13.-15.11.2026 - Torsdag-Fredag 14-15.11.2024","isPartOf":{"@id":"https:\/\/luxmusicae.com\/#website"},"primaryImageOfPage":{"@id":"https:\/\/luxmusicae.com\/perjantai-15-11-2024\/#primaryimage"},"image":{"@id":"https:\/\/luxmusicae.com\/perjantai-15-11-2024\/#primaryimage"},"thumbnailUrl":"https:\/\/i0.wp.com\/luxmusicae.com\/wp-content\/uploads\/2024\/07\/LuxMusicae2024_www_DATE_THUFRI.png?fit=1500%2C1500&ssl=1","datePublished":"2024-08-13T12:09:33+00:00","dateModified":"2024-11-15T11:53:05+00:00","breadcrumb":{"@id":"https:\/\/luxmusicae.com\/perjantai-15-11-2024\/#breadcrumb"},"inLanguage":"sv-SE","potentialAction":[{"@type":"ReadAction","target":["https:\/\/luxmusicae.com\/perjantai-15-11-2024\/"]}]},{"@type":"ImageObject","inLanguage":"sv-SE","@id":"https:\/\/luxmusicae.com\/perjantai-15-11-2024\/#primaryimage","url":"https:\/\/i0.wp.com\/luxmusicae.com\/wp-content\/uploads\/2024\/07\/LuxMusicae2024_www_DATE_THUFRI.png?fit=1500%2C1500&ssl=1","contentUrl":"https:\/\/i0.wp.com\/luxmusicae.com\/wp-content\/uploads\/2024\/07\/LuxMusicae2024_www_DATE_THUFRI.png?fit=1500%2C1500&ssl=1","width":1500,"height":1500},{"@type":"BreadcrumbList","@id":"https:\/\/luxmusicae.com\/perjantai-15-11-2024\/#breadcrumb","itemListElement":[{"@type":"ListItem","position":1,"name":"Etusivu","item":"https:\/\/luxmusicae.com\/"},{"@type":"ListItem","position":2,"name":"Torsdag-Fredag 14-15.11.2024"}]},{"@type":"WebSite","@id":"https:\/\/luxmusicae.com\/#website","url":"https:\/\/luxmusicae.com\/","name":"Lux Musicae 13.-15.11.2026","description":"Musiikkifestivaali Siuntiossa joka vuoden marraskuussa! - Musikfestival i Sjunde\u00e5. Varje \u00e5r i November! - Music Festival of Siuntio. Every year in november!","publisher":{"@id":"https:\/\/luxmusicae.com\/#organization"},"potentialAction":[{"@type":"SearchAction","target":{"@type":"EntryPoint","urlTemplate":"https:\/\/luxmusicae.com\/?s={search_term_string}"},"query-input":{"@type":"PropertyValueSpecification","valueRequired":true,"valueName":"search_term_string"}}],"inLanguage":"sv-SE"},{"@type":"Organization","@id":"https:\/\/luxmusicae.com\/#organization","name":"Lux Musicae 13.-15.11.2026","url":"https:\/\/luxmusicae.com\/","logo":{"@type":"ImageObject","inLanguage":"sv-SE","@id":"https:\/\/luxmusicae.com\/#\/schema\/logo\/image\/","url":"https:\/\/i0.wp.com\/luxmusicae.com\/wp-content\/uploads\/2024\/07\/cropped-LuxMusicae2024_www_LOGO.png?fit=100%2C100&ssl=1","contentUrl":"https:\/\/i0.wp.com\/luxmusicae.com\/wp-content\/uploads\/2024\/07\/cropped-LuxMusicae2024_www_LOGO.png?fit=100%2C100&ssl=1","width":100,"height":100,"caption":"Lux Musicae 13.-15.11.2026"},"image":{"@id":"https:\/\/luxmusicae.com\/#\/schema\/logo\/image\/"}}]}},"uagb_featured_image_src":{"full":["https:\/\/i0.wp.com\/luxmusicae.com\/wp-content\/uploads\/2024\/07\/LuxMusicae2024_www_DATE_THUFRI.png?fit=1500%2C1500&ssl=1",1500,1500,false],"thumbnail":["https:\/\/i0.wp.com\/luxmusicae.com\/wp-content\/uploads\/2024\/07\/LuxMusicae2024_www_DATE_THUFRI.png?resize=150%2C150&ssl=1",150,150,true],"medium":["https:\/\/i0.wp.com\/luxmusicae.com\/wp-content\/uploads\/2024\/07\/LuxMusicae2024_www_DATE_THUFRI.png?fit=300%2C300&ssl=1",300,300,true],"medium_large":["https:\/\/i0.wp.com\/luxmusicae.com\/wp-content\/uploads\/2024\/07\/LuxMusicae2024_www_DATE_THUFRI.png?fit=768%2C768&ssl=1",768,768,true],"large":["https:\/\/i0.wp.com\/luxmusicae.com\/wp-content\/uploads\/2024\/07\/LuxMusicae2024_www_DATE_THUFRI.png?fit=1024%2C1024&ssl=1",1024,1024,true],"1536x1536":["https:\/\/i0.wp.com\/luxmusicae.com\/wp-content\/uploads\/2024\/07\/LuxMusicae2024_www_DATE_THUFRI.png?fit=1500%2C1500&ssl=1",1500,1500,true],"2048x2048":["https:\/\/i0.wp.com\/luxmusicae.com\/wp-content\/uploads\/2024\/07\/LuxMusicae2024_www_DATE_THUFRI.png?fit=1500%2C1500&ssl=1",1500,1500,true],"ect-jetpack-portfolio-featured":["https:\/\/i0.wp.com\/luxmusicae.com\/wp-content\/uploads\/2024\/07\/LuxMusicae2024_www_DATE_THUFRI.png?resize=640%2C640&ssl=1",640,640,true],"ect-featured-content":["https:\/\/i0.wp.com\/luxmusicae.com\/wp-content\/uploads\/2024\/07\/LuxMusicae2024_www_DATE_THUFRI.png?resize=640%2C640&ssl=1",640,640,true],"jetpack-portfolio-admin-thumb":["https:\/\/i0.wp.com\/luxmusicae.com\/wp-content\/uploads\/2024\/07\/LuxMusicae2024_www_DATE_THUFRI.png?resize=50%2C50&ssl=1",50,50,true],"featured-content-admin-thumb":["https:\/\/i0.wp.com\/luxmusicae.com\/wp-content\/uploads\/2024\/07\/LuxMusicae2024_www_DATE_THUFRI.png?resize=50%2C50&ssl=1",50,50,true]},"uagb_author_info":{"display_name":"Lux Musicae Admin","author_link":"https:\/\/luxmusicae.com\/sv\/author\/admin\/"},"uagb_comment_info":0,"uagb_excerpt":"Torsdag kl. 20.00 i Sjunde\u00e5 kyrka Amor C\u00e9u: Syster, spring med mig till stranden Amor C\u00e9u \u00e4r en ensamble som \u00e4gnar sitt musicerande \u00e5t medeltida musik. Gruppens namn \u00e4r en antydan om en \u00e4lskad, en v\u00e4n eller himmelsk k\u00e4rlek. I bandet upptr\u00e4der Eira Karlson, s\u00e5ng och fidel, Anna-Maaria Oramo, s\u00e5ng och clavisimbalum och Aino Peltomaa,&hellip;","jetpack_shortlink":"https:\/\/wp.me\/P968cz-1ow","jetpack_sharing_enabled":true,"_links":{"self":[{"href":"https:\/\/luxmusicae.com\/sv\/wp-json\/wp\/v2\/pages\/5364","targetHints":{"allow":["GET"]}}],"collection":[{"href":"https:\/\/luxmusicae.com\/sv\/wp-json\/wp\/v2\/pages"}],"about":[{"href":"https:\/\/luxmusicae.com\/sv\/wp-json\/wp\/v2\/types\/page"}],"author":[{"embeddable":true,"href":"https:\/\/luxmusicae.com\/sv\/wp-json\/wp\/v2\/users\/1"}],"replies":[{"embeddable":true,"href":"https:\/\/luxmusicae.com\/sv\/wp-json\/wp\/v2\/comments?post=5364"}],"version-history":[{"count":9,"href":"https:\/\/luxmusicae.com\/sv\/wp-json\/wp\/v2\/pages\/5364\/revisions"}],"predecessor-version":[{"id":5758,"href":"https:\/\/luxmusicae.com\/sv\/wp-json\/wp\/v2\/pages\/5364\/revisions\/5758"}],"wp:featuredmedia":[{"embeddable":true,"href":"https:\/\/luxmusicae.com\/sv\/wp-json\/wp\/v2\/media\/5335"}],"wp:attachment":[{"href":"https:\/\/luxmusicae.com\/sv\/wp-json\/wp\/v2\/media?parent=5364"}],"curies":[{"name":"wp","href":"https:\/\/api.w.org\/{rel}","templated":true}]}}