{"id":4855,"date":"2023-06-05T15:03:25","date_gmt":"2023-06-05T12:03:25","guid":{"rendered":"https:\/\/luxmusicae.com\/?page_id=4855"},"modified":"2023-10-13T17:28:35","modified_gmt":"2023-10-13T14:28:35","slug":"sondag-19-11-2023","status":"publish","type":"page","link":"https:\/\/luxmusicae.com\/sv\/sondag-19-11-2023\/","title":{"rendered":"S\u00f6ndag 19.11.2023"},"content":{"rendered":"\n<p><strong>Naturen i landskapet<\/strong> -konsert i Villa Miina kl 14.00.  Lepopirtintie. <\/p>\n\n\n\n<p>Innan konserten serveras kaffe, vilket ing\u00e5r i biljettpriset. Lux Musicae presenterar stolt <strong>Lux Ensemble och<\/strong> s\u00f6ndagens komposit\u00f6r <strong>Kimmo Hakola<\/strong>!<\/p>\n\n\n\n<p>Lux Ensemblen best\u00e5r av: <strong>Artturi Aalto<\/strong> cello, <strong>Kaija Saarikettu<\/strong> fiol, <strong>Lauri Sallinen<\/strong> klarinett och <strong>Kimmo Hakola<\/strong> piano.<\/p>\n\n\n\n<p>Kimmo Hakola ber\u00e4ttar: &#8221;Verket har uppst\u00e5tt ur mina reflektioner kring min egen naturrelation. Jag vill skapa musik genom vilken jag kan uttrycka min djupa respekt f\u00f6r naturen &#8211; och oro f\u00f6r dess tillst\u00e5nd. Jag vill ocks\u00e5 personligen vara med som ut\u00f6vare av verken. Jag g\u00f6mmer mig inte bakom tons\u00e4ttaren. Det verk som nu h\u00f6rs \u00e4r f\u00f6r mig som komposit\u00f6r mer \u00e4n bara en kammarmusikalisk helhet; jag s\u00f6ker en upplevelse, en ritual d\u00e4r tystnad och tidl\u00f6shet ocks\u00e5 f\u00e5r plats.<\/p>\n\n\n\n<p>Verket inneh\u00e5ller par d\u00e4r vi f\u00f6rst h\u00f6r en improvisation baserad p\u00e5 given materia, en slags pr\u00e9lude non mesur\u00e9, och sedan en s\u00e5ng dedikerad till ett specifikt tr\u00e4d. Tr\u00e4den kommer fr\u00e5n Levant-regionen. Jag har \u00e4gnat verket \u00e5t den judiska Tu bi\u0161vat-festen, tr\u00e4dens ny\u00e5r.&#8221;<\/p>\n\n\n\n<p><strong>Program<\/strong>:<\/p>\n\n\n\n<p>Kimmo Hakola: NATURE: TREES Op. 103 (2021) 13 S\u00e5nger om tystnad f\u00f6r piano och valfria instrument<\/p>\n\n\n\n<p>Improvisation I Aleppopinje (Pinus halepensis) Improvisation II Terpentin (Pistacia palaestina) Improvisation III Eken vid Taborberget (Quercus ithaburensis) Improvisation IV Libanonceder (Cedrus libani)Improvisation V Tamarisk (Tamarix aphylla) Improvisation VI Cypress (Cupressus sempervirens) Improvisation VII Vinranka (Vitis vinifera) Improvisation VIII Europeisk oliv (Olea europaea) Improvisation IX Sycamore (Ficus sycomorus) Improvisation X Fikontr\u00e4d (Ficus carica) Improvisation XI Granat\u00e4ppletr\u00e4d (Punica granatum) Improvisation XII Akacia (Acacia raddiana) Improvisation XIII Mandeltr\u00e4d (Amygdalus communis) Improvisation Epilog<\/p>\n\n\n\n<p>Konsertens l\u00e4ngd \u00e4r cirka en timme, ingen paus.<\/p>\n\n\n\n<p><a href=\"https:\/\/www.lippu.fi\/sv\/event\/lux-musicae-kuuntele-luonto-puhuu-villa-miina-17557621\/\">K\u00f6p biljetter till den h\u00e4r konserten<\/a><\/p>\n\n\n\n<p>***<\/p>\n\n\n\n<p><strong>Lyssna: naturen andas <\/strong>-konsert  p\u00e5 Sjunde\u00e5 S:t Petri kyrka kl 16.00<\/p>\n\n\n\n<p><strong>Piia Komsi <\/strong>sopran, cello och  <strong>Ilmo Ranta<\/strong> piano.<\/p>\n\n\n\n<p><strong>Kimmo Hakolas <\/strong>vokaliser \u00e4r en uruppf\u00f6rande och hyllar ornitologen <strong>Ivar Hortlings<\/strong> noggranna observationer som str\u00e4cker sig fr\u00e5n f\u00e5glarnas flyttning till m\u00e4rkning av f\u00e5gels\u00e5ng \u00e4ven i Sjunde\u00e5. Under f\u00f6rra seklet fanns det ingen bandspelare tillg\u00e4nglig. Hortling kunde dock grafiskt beskriva och delvis notera variationerna i olika tonh\u00f6jder och typiska fraser f\u00f6r olika f\u00e5gelarter.<\/p>\n\n\n\n<p>Programmet best\u00e5r av musik inspirerad av f\u00e5glar.  Bland komposit\u00f6rerna finns \u00e4lskade namn inom b\u00e5de inhemska och utl\u00e4ndska musikverk, och vi presenterar endast n\u00e5gra f\u00e5 av dem.<\/p>\n\n\n\n<p><strong>Benjamin Britten<\/strong> (1913-1976) b\u00f6rjade komponera redan som barn. Hans produktion inkluderar fr\u00e4mst operor, d\u00e4r den mest k\u00e4nda \u00e4r <em>Peter Grimes<\/em>. Tillsammans med sin livspartner, tenoren <strong>Peter Pears<\/strong>, v\u00e4grade de milit\u00e4rtj\u00e4nst men \u00e4nd\u00e5 komponerade han <em>War Requiem<\/em> 1962. Britten var ocks\u00e5  dirigent och pianist och var mycket respekterad b\u00e5de d\u00e5 och nu, inte minst f\u00f6r sina personliga egenskaper.<\/p>\n\n\n\n<p><strong>V\u00edt\u011bzslava Kapr\u00e1lov\u00e1<\/strong> (1915-1940) var en tjeckisk komposit\u00f6r som b\u00f6rjade sin musikaliska resa som barn och visade en stor talang. Tyv\u00e4rr blev hennes liv kort p\u00e5 grund av tuberkulos. Mer information om denna exceptionella kvinna finns p\u00e5 <a href=\"http:\/\/www.kapralova.org\/index.htm\">http:\/\/www.kapralova.org\/index.htm<\/a> -webbplatsen.<\/p>\n\n\n\n<p><strong>Aarre Merikanto <\/strong>(1893-1958) var son till komposit\u00f6ren <strong>Oskar Merikanto<\/strong> och far till skulpt\u00f6ren <strong>Ukri Merikanto.<\/strong> Som komposit\u00f6r kan han beskrivas som modernist. Som professor i komposition vid Sibelius-Akademin hade Merikanto elever som <strong>Einojuhani Rautavaara, Paavo Heininen, Ilkka Kuusisto och Aulis Sallinen.<\/strong> Merikantos opera <em>Juha<\/em> \u00e4r v\u00e4lk\u00e4nd och mycket respekterad.<\/p>\n\n\n\n<p><strong>Program:<\/strong><\/p>\n\n\n\n<p>F\u00e5glar<\/p>\n\n\n\n<p>Franz Schubert: Die V\u00f6gel (F\u00e5glarna) (Schlegel) D 691&nbsp;&nbsp;&nbsp;&nbsp;&nbsp;&nbsp;&nbsp;&nbsp;&nbsp;&nbsp;&nbsp;&nbsp;&nbsp;&nbsp;&nbsp;&nbsp;&nbsp;&nbsp;&nbsp;&nbsp;&nbsp;&nbsp;&nbsp;&nbsp;&nbsp;&nbsp;&nbsp;&nbsp;&nbsp;&nbsp;&nbsp;&nbsp;&nbsp;&nbsp;&nbsp;&nbsp;&nbsp;&nbsp;&nbsp;&nbsp;&nbsp;&nbsp;&nbsp;&nbsp;&nbsp;&nbsp;&nbsp;&nbsp;&nbsp;&nbsp;<\/p>\n\n\n\n<p><em>N\u00e4ktergal &#8211; Luscinia luscinia <\/em><\/p>\n\n\n\n<p>Franz Schubert: An die Nachtigall (Claudius) op.98 nr 1&nbsp;&nbsp;&nbsp;&nbsp;&nbsp;&nbsp;&nbsp;&nbsp;&nbsp;&nbsp;&nbsp;&nbsp;&nbsp;&nbsp;&nbsp;&nbsp;&nbsp;&nbsp;&nbsp;&nbsp;&nbsp;&nbsp;&nbsp;&nbsp;&nbsp;&nbsp;&nbsp;&nbsp;&nbsp;&nbsp;&nbsp;&nbsp;&nbsp;&nbsp;&nbsp;&nbsp;&nbsp;&nbsp;&nbsp;&nbsp;&nbsp;&nbsp;&nbsp;&nbsp;&nbsp;&nbsp;&nbsp;&nbsp;<\/p>\n\n\n\n<p>Tauno Pylkk\u00e4nen: N\u00e4ktergal (Kupiainen) op. 68 nr 1&nbsp;&nbsp;&nbsp;&nbsp;&nbsp;&nbsp;&nbsp;&nbsp;&nbsp;&nbsp;&nbsp;&nbsp;&nbsp;&nbsp;&nbsp;&nbsp;&nbsp;&nbsp;&nbsp;&nbsp;&nbsp;&nbsp;&nbsp;&nbsp;&nbsp;&nbsp;&nbsp;&nbsp;&nbsp;&nbsp;&nbsp;&nbsp;&nbsp;&nbsp;&nbsp;&nbsp;&nbsp;&nbsp;&nbsp;&nbsp;&nbsp;&nbsp;&nbsp;&nbsp;&nbsp;&nbsp;&nbsp;&nbsp;<\/p>\n\n\n\n<p>Edvard Grieg: Den tysta n\u00e4ktergalen(Walther von der Vogelweide) op.48 nr 4&nbsp;&nbsp;&nbsp;&nbsp;&nbsp;&nbsp;&nbsp;&nbsp;&nbsp;&nbsp;&nbsp;&nbsp;&nbsp;&nbsp;&nbsp;&nbsp;<\/p>\n\n\n\n<p>Ottorino Respighi: Canzone sarda (Rinuccini)&nbsp;&nbsp;&nbsp;&nbsp;&nbsp;&nbsp;&nbsp;&nbsp;&nbsp;&nbsp;&nbsp;&nbsp;&nbsp;&nbsp;&nbsp;&nbsp;&nbsp;&nbsp;&nbsp;&nbsp;&nbsp;&nbsp;&nbsp;&nbsp;&nbsp;&nbsp;&nbsp;&nbsp;&nbsp;&nbsp;&nbsp;&nbsp;&nbsp;&nbsp;&nbsp;&nbsp;&nbsp;&nbsp;&nbsp;&nbsp;<\/p>\n\n\n\n<p><em>Sparv &#8211; Passer domesticus<\/em><\/p>\n\n\n\n<p>Armas J\u00e4rnefelt: Sparven (Suonio)&nbsp;&nbsp;&nbsp;&nbsp;&nbsp;&nbsp;&nbsp;&nbsp;&nbsp;&nbsp;&nbsp;&nbsp;&nbsp;&nbsp;&nbsp;&nbsp;&nbsp;&nbsp;&nbsp;&nbsp;&nbsp;&nbsp;&nbsp;&nbsp;&nbsp;&nbsp;&nbsp;&nbsp;&nbsp;&nbsp;&nbsp;&nbsp;&nbsp;&nbsp;&nbsp;&nbsp;&nbsp;&nbsp;&nbsp;&nbsp;&nbsp;&nbsp;&nbsp;&nbsp;&nbsp;&nbsp;&nbsp;&nbsp;&nbsp;&nbsp;&nbsp;&nbsp;&nbsp;&nbsp;&nbsp;&nbsp;&nbsp;&nbsp;&nbsp;&nbsp;&nbsp;&nbsp;&nbsp;&nbsp;&nbsp;&nbsp;<\/p>\n\n\n\n<p><em>Svala- Hirundo &#8211; s\u00e5nger<\/em>:<\/p>\n\n\n\n<p>Armas J\u00e4rnefelt: Till svalan (Mustakallio)&nbsp;&nbsp;&nbsp;&nbsp;&nbsp;&nbsp;&nbsp;&nbsp;&nbsp;&nbsp;&nbsp;&nbsp;&nbsp;&nbsp;&nbsp;&nbsp;&nbsp;&nbsp;&nbsp;&nbsp;&nbsp;&nbsp;&nbsp;&nbsp;&nbsp;&nbsp;&nbsp;&nbsp;&nbsp;&nbsp;&nbsp;&nbsp;&nbsp;&nbsp;&nbsp;&nbsp;&nbsp;&nbsp;&nbsp;&nbsp;&nbsp;&nbsp;&nbsp;&nbsp;&nbsp;&nbsp;&nbsp;&nbsp;&nbsp;&nbsp;&nbsp;&nbsp;&nbsp;&nbsp;&nbsp;&nbsp;&nbsp;&nbsp;&nbsp;&nbsp;&nbsp;&nbsp;&nbsp;&nbsp;&nbsp;&nbsp;<\/p>\n\n\n\n<p>Paavo Heininen: La Rondine (Montale) op. 141 nr 2<\/p>\n\n\n\n<p>S\u00e5ng och cello:<\/p>\n\n\n\n<p>Kimmo Hakola: Tv\u00e5 imagin\u00e4ra f\u00e5glar op. 114 f\u00f6r koloratursopran och cello,<strong> uruppf\u00f6rande<\/strong><\/p>\n\n\n\n<p>&#8221;S\u00e4vs\u00e5ngare (Luscinia Acrocephalus)&#8221;<\/p>\n\n\n\n<p>&#8221;Viss\u00e5ngare (Dumetorum Luscinia)&#8221;<\/p>\n\n\n\n<p><em>Paus<\/em><\/p>\n\n\n\n<p>Pianostycken:<\/p>\n\n\n\n<p>Olivier Messiaen: Petites esquisses d\u2019oiseaux: Le merle noir (Turdus merula)<\/p>\n\n\n\n<p>Maleena Linjama: Un oiseau enchant\u00e9<\/p>\n\n\n\n<p><em> Bl\u00e5hake- Luscinia svecica<\/em><\/p>\n\n\n\n<p>Leevi Madetoja: Den bl\u00e5 f\u00e5geln (L. Onerva)<\/p>\n\n\n\n<p><em> Bj\u00f6rktrast- Bombycilla garrulus<\/em><\/p>\n\n\n\n<p>Aarre Merikanto: Vinterf\u00e5glarna (Lyy)&nbsp;&nbsp;&nbsp;&nbsp;&nbsp;&nbsp;&nbsp;&nbsp;&nbsp;&nbsp;&nbsp;&nbsp;&nbsp;&nbsp;&nbsp;&nbsp;&nbsp;&nbsp;&nbsp;&nbsp;&nbsp;&nbsp;&nbsp;&nbsp;&nbsp;&nbsp;&nbsp;&nbsp;&nbsp;&nbsp;&nbsp;&nbsp;&nbsp;&nbsp;&nbsp;&nbsp;&nbsp;&nbsp;&nbsp;&nbsp;&nbsp;&nbsp;&nbsp;&nbsp;&nbsp;&nbsp;&nbsp;&nbsp;&nbsp;&nbsp;&nbsp;&nbsp;&nbsp;&nbsp;&nbsp;&nbsp;&nbsp;&nbsp;&nbsp;&nbsp;&nbsp;&nbsp;&nbsp;&nbsp;&nbsp;&nbsp;<\/p>\n\n\n\n<p><em>G\u00f6k- Cuculus canorus<\/em><\/p>\n\n\n\n<p>Yrj\u00f6 Kilpinen: Min gamla g\u00f6k (Kanteletar)<\/p>\n\n\n\n<p>Robert Schumann: V\u00e5rbudskap (Hofmann von Fallersleben) op. 79 nr 3<\/p>\n\n\n\n<p><em>H\u00f6na- Gallina<\/em><\/p>\n\n\n\n<p>V\u00edt\u011bzslava Kapr\u00e1lov\u00e1:  Pisen na vrbovou pisen\u2019alkun&nbsp;(H\u00f6ns och kycklingar) (Seifert)<\/p>\n\n\n\n<p><em>S\u00e4des\u00e4rla- Motacilla alba<\/em><\/p>\n\n\n\n<p>Benjamin Britten: Wagtail and baby (Hardy)<\/p>\n\n\n\n<p><em>Svan-Cygnus<\/em><\/p>\n\n\n\n<p>Jean Sibelius: Norden (Runeberg) op. 90 nro 1<\/p>\n\n\n\n<p>Konsertens l\u00e4ngd 1h 30 min med paus<\/p>\n\n\n\n<p><a href=\"https:\/\/www.lippu.fi\/sv\/event\/lux-musicae-kuuntele-luonto-puhuu-siuntion-pyhaen-pietarin-kirkko-17557638\/\">K\u00f6p biljetter till den h\u00e4r konserten<\/a><\/p>\n","protected":false},"excerpt":{"rendered":"<p>Naturen i landskapet -konsert i Villa Miina kl 14.00. Lepopirtintie. Innan konserten serveras kaffe, vilket ing\u00e5r i biljettpriset. Lux Musicae presenterar stolt Lux Ensemble och s\u00f6ndagens komposit\u00f6r Kimmo Hakola! Lux Ensemblen best\u00e5r av: Artturi Aalto cello, Kaija Saarikettu fiol, Lauri Sallinen klarinett och Kimmo Hakola piano. Kimmo Hakola ber\u00e4ttar: &#8221;Verket har uppst\u00e5tt ur mina reflektioner [&hellip;]<\/p>\n","protected":false},"author":1,"featured_media":4752,"parent":0,"menu_order":0,"comment_status":"closed","ping_status":"closed","template":"","meta":{"_uag_custom_page_level_css":"","jetpack_post_was_ever_published":false,"footnotes":""},"class_list":["post-4855","page","type-page","status-publish","has-post-thumbnail","hentry"],"yoast_head":"<!-- This site is optimized with the Yoast SEO plugin v26.8 - https:\/\/yoast.com\/product\/yoast-seo-wordpress\/ -->\n<title>Lux Musicae 13.-15.11.2026 - S\u00f6ndag 19.11.2023<\/title>\n<meta name=\"robots\" content=\"index, follow, max-snippet:-1, max-image-preview:large, max-video-preview:-1\" \/>\n<link rel=\"canonical\" href=\"https:\/\/luxmusicae.com\/sunnuntai-19-11-2023\/\" \/>\n<meta property=\"og:locale\" content=\"sv_SE\" \/>\n<meta property=\"og:type\" content=\"article\" \/>\n<meta property=\"og:title\" content=\"Lux Musicae 13.-15.11.2026 - S\u00f6ndag 19.11.2023\" \/>\n<meta property=\"og:description\" content=\"Naturen i landskapet -konsert i Villa Miina kl 14.00. Lepopirtintie. Innan konserten serveras kaffe, vilket ing\u00e5r i biljettpriset. Lux Musicae presenterar stolt Lux Ensemble och s\u00f6ndagens komposit\u00f6r Kimmo Hakola! Lux Ensemblen best\u00e5r av: Artturi Aalto cello, Kaija Saarikettu fiol, Lauri Sallinen klarinett och Kimmo Hakola piano. Kimmo Hakola ber\u00e4ttar: &#8221;Verket har uppst\u00e5tt ur mina reflektioner [&hellip;]\" \/>\n<meta property=\"og:url\" content=\"https:\/\/luxmusicae.com\/sunnuntai-19-11-2023\/\" \/>\n<meta property=\"og:site_name\" content=\"Lux Musicae 13.-15.11.2026\" \/>\n<meta property=\"article:modified_time\" content=\"2023-10-13T14:28:35+00:00\" \/>\n<meta property=\"og:image\" content=\"https:\/\/i0.wp.com\/luxmusicae.com\/wp-content\/uploads\/2023\/05\/LuxMusicae2023_www_DATE_SUN.jpg?fit=1500%2C1500&ssl=1\" \/>\n\t<meta property=\"og:image:width\" content=\"1500\" \/>\n\t<meta property=\"og:image:height\" content=\"1500\" \/>\n\t<meta property=\"og:image:type\" content=\"image\/jpeg\" \/>\n<meta name=\"twitter:card\" content=\"summary_large_image\" \/>\n<meta name=\"twitter:label1\" content=\"Ber\u00e4knad l\u00e4stid\" \/>\n\t<meta name=\"twitter:data1\" content=\"6 minuter\" \/>\n<script type=\"application\/ld+json\" class=\"yoast-schema-graph\">{\"@context\":\"https:\/\/schema.org\",\"@graph\":[{\"@type\":\"WebPage\",\"@id\":\"https:\/\/luxmusicae.com\/sunnuntai-19-11-2023\/\",\"url\":\"https:\/\/luxmusicae.com\/sunnuntai-19-11-2023\/\",\"name\":\"Lux Musicae 13.-15.11.2026 - S\u00f6ndag 19.11.2023\",\"isPartOf\":{\"@id\":\"https:\/\/luxmusicae.com\/#website\"},\"primaryImageOfPage\":{\"@id\":\"https:\/\/luxmusicae.com\/sunnuntai-19-11-2023\/#primaryimage\"},\"image\":{\"@id\":\"https:\/\/luxmusicae.com\/sunnuntai-19-11-2023\/#primaryimage\"},\"thumbnailUrl\":\"https:\/\/i0.wp.com\/luxmusicae.com\/wp-content\/uploads\/2023\/05\/LuxMusicae2023_www_DATE_SUN.jpg?fit=1500%2C1500&ssl=1\",\"datePublished\":\"2023-06-05T12:03:25+00:00\",\"dateModified\":\"2023-10-13T14:28:35+00:00\",\"breadcrumb\":{\"@id\":\"https:\/\/luxmusicae.com\/sunnuntai-19-11-2023\/#breadcrumb\"},\"inLanguage\":\"sv-SE\",\"potentialAction\":[{\"@type\":\"ReadAction\",\"target\":[\"https:\/\/luxmusicae.com\/sunnuntai-19-11-2023\/\"]}]},{\"@type\":\"ImageObject\",\"inLanguage\":\"sv-SE\",\"@id\":\"https:\/\/luxmusicae.com\/sunnuntai-19-11-2023\/#primaryimage\",\"url\":\"https:\/\/i0.wp.com\/luxmusicae.com\/wp-content\/uploads\/2023\/05\/LuxMusicae2023_www_DATE_SUN.jpg?fit=1500%2C1500&ssl=1\",\"contentUrl\":\"https:\/\/i0.wp.com\/luxmusicae.com\/wp-content\/uploads\/2023\/05\/LuxMusicae2023_www_DATE_SUN.jpg?fit=1500%2C1500&ssl=1\",\"width\":1500,\"height\":1500},{\"@type\":\"BreadcrumbList\",\"@id\":\"https:\/\/luxmusicae.com\/sunnuntai-19-11-2023\/#breadcrumb\",\"itemListElement\":[{\"@type\":\"ListItem\",\"position\":1,\"name\":\"Etusivu\",\"item\":\"https:\/\/luxmusicae.com\/\"},{\"@type\":\"ListItem\",\"position\":2,\"name\":\"S\u00f6ndag 19.11.2023\"}]},{\"@type\":\"WebSite\",\"@id\":\"https:\/\/luxmusicae.com\/#website\",\"url\":\"https:\/\/luxmusicae.com\/\",\"name\":\"Lux Musicae 13.-15.11.2026\",\"description\":\"Musiikkifestivaali Siuntiossa joka vuoden marraskuussa! - Musikfestival i Sjunde\u00e5. Varje \u00e5r i November! - Music Festival of Siuntio. Every year in november!\",\"publisher\":{\"@id\":\"https:\/\/luxmusicae.com\/#organization\"},\"potentialAction\":[{\"@type\":\"SearchAction\",\"target\":{\"@type\":\"EntryPoint\",\"urlTemplate\":\"https:\/\/luxmusicae.com\/?s={search_term_string}\"},\"query-input\":{\"@type\":\"PropertyValueSpecification\",\"valueRequired\":true,\"valueName\":\"search_term_string\"}}],\"inLanguage\":\"sv-SE\"},{\"@type\":\"Organization\",\"@id\":\"https:\/\/luxmusicae.com\/#organization\",\"name\":\"Lux Musicae 13.-15.11.2026\",\"url\":\"https:\/\/luxmusicae.com\/\",\"logo\":{\"@type\":\"ImageObject\",\"inLanguage\":\"sv-SE\",\"@id\":\"https:\/\/luxmusicae.com\/#\/schema\/logo\/image\/\",\"url\":\"https:\/\/i0.wp.com\/luxmusicae.com\/wp-content\/uploads\/2024\/07\/cropped-LuxMusicae2024_www_LOGO.png?fit=100%2C100&ssl=1\",\"contentUrl\":\"https:\/\/i0.wp.com\/luxmusicae.com\/wp-content\/uploads\/2024\/07\/cropped-LuxMusicae2024_www_LOGO.png?fit=100%2C100&ssl=1\",\"width\":100,\"height\":100,\"caption\":\"Lux Musicae 13.-15.11.2026\"},\"image\":{\"@id\":\"https:\/\/luxmusicae.com\/#\/schema\/logo\/image\/\"}}]}<\/script>\n<!-- \/ Yoast SEO plugin. -->","yoast_head_json":{"title":"Lux Musicae 13.-15.11.2026 - S\u00f6ndag 19.11.2023","robots":{"index":"index","follow":"follow","max-snippet":"max-snippet:-1","max-image-preview":"max-image-preview:large","max-video-preview":"max-video-preview:-1"},"canonical":"https:\/\/luxmusicae.com\/sunnuntai-19-11-2023\/","og_locale":"sv_SE","og_type":"article","og_title":"Lux Musicae 13.-15.11.2026 - S\u00f6ndag 19.11.2023","og_description":"Naturen i landskapet -konsert i Villa Miina kl 14.00. Lepopirtintie. Innan konserten serveras kaffe, vilket ing\u00e5r i biljettpriset. Lux Musicae presenterar stolt Lux Ensemble och s\u00f6ndagens komposit\u00f6r Kimmo Hakola! Lux Ensemblen best\u00e5r av: Artturi Aalto cello, Kaija Saarikettu fiol, Lauri Sallinen klarinett och Kimmo Hakola piano. Kimmo Hakola ber\u00e4ttar: &#8221;Verket har uppst\u00e5tt ur mina reflektioner [&hellip;]","og_url":"https:\/\/luxmusicae.com\/sunnuntai-19-11-2023\/","og_site_name":"Lux Musicae 13.-15.11.2026","article_modified_time":"2023-10-13T14:28:35+00:00","og_image":[{"width":1500,"height":1500,"url":"https:\/\/i0.wp.com\/luxmusicae.com\/wp-content\/uploads\/2023\/05\/LuxMusicae2023_www_DATE_SUN.jpg?fit=1500%2C1500&ssl=1","type":"image\/jpeg"}],"twitter_card":"summary_large_image","twitter_misc":{"Ber\u00e4knad l\u00e4stid":"6 minuter"},"schema":{"@context":"https:\/\/schema.org","@graph":[{"@type":"WebPage","@id":"https:\/\/luxmusicae.com\/sunnuntai-19-11-2023\/","url":"https:\/\/luxmusicae.com\/sunnuntai-19-11-2023\/","name":"Lux Musicae 13.-15.11.2026 - S\u00f6ndag 19.11.2023","isPartOf":{"@id":"https:\/\/luxmusicae.com\/#website"},"primaryImageOfPage":{"@id":"https:\/\/luxmusicae.com\/sunnuntai-19-11-2023\/#primaryimage"},"image":{"@id":"https:\/\/luxmusicae.com\/sunnuntai-19-11-2023\/#primaryimage"},"thumbnailUrl":"https:\/\/i0.wp.com\/luxmusicae.com\/wp-content\/uploads\/2023\/05\/LuxMusicae2023_www_DATE_SUN.jpg?fit=1500%2C1500&ssl=1","datePublished":"2023-06-05T12:03:25+00:00","dateModified":"2023-10-13T14:28:35+00:00","breadcrumb":{"@id":"https:\/\/luxmusicae.com\/sunnuntai-19-11-2023\/#breadcrumb"},"inLanguage":"sv-SE","potentialAction":[{"@type":"ReadAction","target":["https:\/\/luxmusicae.com\/sunnuntai-19-11-2023\/"]}]},{"@type":"ImageObject","inLanguage":"sv-SE","@id":"https:\/\/luxmusicae.com\/sunnuntai-19-11-2023\/#primaryimage","url":"https:\/\/i0.wp.com\/luxmusicae.com\/wp-content\/uploads\/2023\/05\/LuxMusicae2023_www_DATE_SUN.jpg?fit=1500%2C1500&ssl=1","contentUrl":"https:\/\/i0.wp.com\/luxmusicae.com\/wp-content\/uploads\/2023\/05\/LuxMusicae2023_www_DATE_SUN.jpg?fit=1500%2C1500&ssl=1","width":1500,"height":1500},{"@type":"BreadcrumbList","@id":"https:\/\/luxmusicae.com\/sunnuntai-19-11-2023\/#breadcrumb","itemListElement":[{"@type":"ListItem","position":1,"name":"Etusivu","item":"https:\/\/luxmusicae.com\/"},{"@type":"ListItem","position":2,"name":"S\u00f6ndag 19.11.2023"}]},{"@type":"WebSite","@id":"https:\/\/luxmusicae.com\/#website","url":"https:\/\/luxmusicae.com\/","name":"Lux Musicae 13.-15.11.2026","description":"Musiikkifestivaali Siuntiossa joka vuoden marraskuussa! - Musikfestival i Sjunde\u00e5. Varje \u00e5r i November! - Music Festival of Siuntio. Every year in november!","publisher":{"@id":"https:\/\/luxmusicae.com\/#organization"},"potentialAction":[{"@type":"SearchAction","target":{"@type":"EntryPoint","urlTemplate":"https:\/\/luxmusicae.com\/?s={search_term_string}"},"query-input":{"@type":"PropertyValueSpecification","valueRequired":true,"valueName":"search_term_string"}}],"inLanguage":"sv-SE"},{"@type":"Organization","@id":"https:\/\/luxmusicae.com\/#organization","name":"Lux Musicae 13.-15.11.2026","url":"https:\/\/luxmusicae.com\/","logo":{"@type":"ImageObject","inLanguage":"sv-SE","@id":"https:\/\/luxmusicae.com\/#\/schema\/logo\/image\/","url":"https:\/\/i0.wp.com\/luxmusicae.com\/wp-content\/uploads\/2024\/07\/cropped-LuxMusicae2024_www_LOGO.png?fit=100%2C100&ssl=1","contentUrl":"https:\/\/i0.wp.com\/luxmusicae.com\/wp-content\/uploads\/2024\/07\/cropped-LuxMusicae2024_www_LOGO.png?fit=100%2C100&ssl=1","width":100,"height":100,"caption":"Lux Musicae 13.-15.11.2026"},"image":{"@id":"https:\/\/luxmusicae.com\/#\/schema\/logo\/image\/"}}]}},"uagb_featured_image_src":{"full":["https:\/\/i0.wp.com\/luxmusicae.com\/wp-content\/uploads\/2023\/05\/LuxMusicae2023_www_DATE_SUN.jpg?fit=1500%2C1500&ssl=1",1500,1500,false],"thumbnail":["https:\/\/i0.wp.com\/luxmusicae.com\/wp-content\/uploads\/2023\/05\/LuxMusicae2023_www_DATE_SUN.jpg?resize=150%2C150&ssl=1",150,150,true],"medium":["https:\/\/i0.wp.com\/luxmusicae.com\/wp-content\/uploads\/2023\/05\/LuxMusicae2023_www_DATE_SUN.jpg?fit=300%2C300&ssl=1",300,300,true],"medium_large":["https:\/\/i0.wp.com\/luxmusicae.com\/wp-content\/uploads\/2023\/05\/LuxMusicae2023_www_DATE_SUN.jpg?fit=768%2C768&ssl=1",768,768,true],"large":["https:\/\/i0.wp.com\/luxmusicae.com\/wp-content\/uploads\/2023\/05\/LuxMusicae2023_www_DATE_SUN.jpg?fit=1024%2C1024&ssl=1",1024,1024,true],"1536x1536":["https:\/\/i0.wp.com\/luxmusicae.com\/wp-content\/uploads\/2023\/05\/LuxMusicae2023_www_DATE_SUN.jpg?fit=1500%2C1500&ssl=1",1500,1500,true],"2048x2048":["https:\/\/i0.wp.com\/luxmusicae.com\/wp-content\/uploads\/2023\/05\/LuxMusicae2023_www_DATE_SUN.jpg?fit=1500%2C1500&ssl=1",1500,1500,true],"ect-jetpack-portfolio-featured":["https:\/\/i0.wp.com\/luxmusicae.com\/wp-content\/uploads\/2023\/05\/LuxMusicae2023_www_DATE_SUN.jpg?resize=640%2C640&ssl=1",640,640,true],"ect-featured-content":["https:\/\/i0.wp.com\/luxmusicae.com\/wp-content\/uploads\/2023\/05\/LuxMusicae2023_www_DATE_SUN.jpg?resize=640%2C640&ssl=1",640,640,true],"jetpack-portfolio-admin-thumb":["https:\/\/i0.wp.com\/luxmusicae.com\/wp-content\/uploads\/2023\/05\/LuxMusicae2023_www_DATE_SUN.jpg?resize=50%2C50&ssl=1",50,50,true],"featured-content-admin-thumb":["https:\/\/i0.wp.com\/luxmusicae.com\/wp-content\/uploads\/2023\/05\/LuxMusicae2023_www_DATE_SUN.jpg?resize=50%2C50&ssl=1",50,50,true]},"uagb_author_info":{"display_name":"Lux Musicae Admin","author_link":"https:\/\/luxmusicae.com\/sv\/author\/admin\/"},"uagb_comment_info":0,"uagb_excerpt":"Naturen i landskapet -konsert i Villa Miina kl 14.00. Lepopirtintie. Innan konserten serveras kaffe, vilket ing\u00e5r i biljettpriset. Lux Musicae presenterar stolt Lux Ensemble och s\u00f6ndagens komposit\u00f6r Kimmo Hakola! Lux Ensemblen best\u00e5r av: Artturi Aalto cello, Kaija Saarikettu fiol, Lauri Sallinen klarinett och Kimmo Hakola piano. Kimmo Hakola ber\u00e4ttar: &#8221;Verket har uppst\u00e5tt ur mina reflektioner&hellip;","jetpack_shortlink":"https:\/\/wp.me\/P968cz-1gj","jetpack_sharing_enabled":true,"_links":{"self":[{"href":"https:\/\/luxmusicae.com\/sv\/wp-json\/wp\/v2\/pages\/4855","targetHints":{"allow":["GET"]}}],"collection":[{"href":"https:\/\/luxmusicae.com\/sv\/wp-json\/wp\/v2\/pages"}],"about":[{"href":"https:\/\/luxmusicae.com\/sv\/wp-json\/wp\/v2\/types\/page"}],"author":[{"embeddable":true,"href":"https:\/\/luxmusicae.com\/sv\/wp-json\/wp\/v2\/users\/1"}],"replies":[{"embeddable":true,"href":"https:\/\/luxmusicae.com\/sv\/wp-json\/wp\/v2\/comments?post=4855"}],"version-history":[{"count":13,"href":"https:\/\/luxmusicae.com\/sv\/wp-json\/wp\/v2\/pages\/4855\/revisions"}],"predecessor-version":[{"id":5154,"href":"https:\/\/luxmusicae.com\/sv\/wp-json\/wp\/v2\/pages\/4855\/revisions\/5154"}],"wp:featuredmedia":[{"embeddable":true,"href":"https:\/\/luxmusicae.com\/sv\/wp-json\/wp\/v2\/media\/4752"}],"wp:attachment":[{"href":"https:\/\/luxmusicae.com\/sv\/wp-json\/wp\/v2\/media?parent=4855"}],"curies":[{"name":"wp","href":"https:\/\/api.w.org\/{rel}","templated":true}]}}