{"id":4618,"date":"2022-09-29T12:30:09","date_gmt":"2022-09-29T09:30:09","guid":{"rendered":"https:\/\/luxmusicae.com\/?page_id=4618"},"modified":"2022-09-29T13:01:40","modified_gmt":"2022-09-29T10:01:40","slug":"mina-elan-jag-lever","status":"publish","type":"page","link":"https:\/\/luxmusicae.com\/sv\/mina-elan-jag-lever\/","title":{"rendered":"Min\u00e4 el\u00e4n \u2013 jag lever!"},"content":{"rendered":"\n<p>Nationalf\u00f6rfattaren <strong>Aleksis Kivi <\/strong>f\u00f6ddes i Nurmij\u00e4rvi och dog i Tusby vid 38 \u00e5rs \u00e5lder. Utropet \u201cjag lever\u201d var Kivis sista ord.<\/p>\n\n\n\n<p>Kivis litter\u00e4ra och hela kreativa produktion \u00e4r kopplad till Sjunde\u00e5. Han flyttade till orten efter sina universitetsstudier och bodde sju \u00e5r i Sjunde\u00e5s Fanjunkars, d\u00e4r <strong>Charlotta L\u00f6nnqvist<\/strong> blev Kivis v\u00e4lg\u00f6rare. Kivi, som var sjuk och alltid hade ont om pengar, kunde i lugn och ro skriva sina huvudverk i Fanjunkars, men ocks\u00e5 ta hand om sin sj\u00e4l genom fiske och jakt.<\/p>\n\n\n\n<p>23. Lux Musicae minns Aleksis Kivi i sitt program, men framf\u00f6r allt Charlotta L\u00f6nnqvist.<\/p>\n\n\n\n<p>Skurken i<strong> Einojuhani Rautavaaras <\/strong>Aleksis Kivi-opera (18 november kl. 19) \u00e4r <strong>Tommi Korpela<\/strong> i rollen <strong>August Ahlqvist<\/strong>. Operaensemblen best\u00e5r av h\u00f6gklassiga artister, bl.a. <strong>Ville Rusanen<\/strong> och <strong>Helena Juntunen<\/strong>.<\/p>\n\n\n\n<!--more-->\n\n\n\n<p>Ahlqvist kritiserade ofta Kivis verk, och \u00e4ven n\u00e5gra \u00e5r efter Kivis d\u00f6d skrev Ahlqvist en h\u00e5nfull dikt om Kivi d\u00e4r han anklagades vara en galen spritdrickare. Denna \u201cgalna spritdrickare\u201d har l\u00e4mnat ett rikt arv \u00e5t oss alla, som vi kan uppleva i v\u00e5r relation till naturen, men ocks\u00e5 som en del av v\u00e5rt spr\u00e5ks rikedom.<\/p>\n\n\n\n<p>I Fj\u00e4rskogen n\u00e4rmas-konserten (20 november kl. 16.00) ber\u00e4ttar <strong>Maria Lind\u00e9n<\/strong> om en extraordin\u00e4r kvinna i sin tid, Sjunde\u00e5s Charlotta L\u00f6nnqvist. Samtidigt ger repertoaren, som <strong>Kaija Saarikettu<\/strong> sammanst\u00e4llt, r\u00f6st \u00e5t d\u00e5tidens kvinnliga tons\u00e4ttare. Ny och gammal musik m\u00f6ts n\u00e4r resten av de prisbel\u00f6nta verken i kompositionst\u00e4vlingen Lux Musicae h\u00f6rs p\u00e5 konserten.<\/p>\n\n\n\n<p>Kantelem\u00e4staren <strong>Maija Kauhanen<\/strong> f\u00f6rnyar v\u00e5r s\u00f6mniga uppfattning om kantelens potentiell som instrument. Kauhanen, som \u00e4r internationellt framg\u00e5ngsrik och har gjort stora inspelningar, ger en konsert med Kantele klang-tema (19 november kl. 18).<\/p>\n\n\n\n<p><strong>Juha Hurme<\/strong>, den prisbel\u00f6nta teater- och litteraturmultitalangen, sjunger s\u00e5nger baserade p\u00e5 Kivis texter (20 november kl. 14.00) i Fanjunkars intima atmosf\u00e4r. \u201cBergen trallar, skogen skallar och i himlen \u00e4r stumma alla en stund\u201d-konserten erbjuder allt som en man kan erbjuda fr\u00e5n sin passion till konst!<\/p>\n\n\n\n<p>Lux Musicae ordnar evenemang ocks\u00e5 f\u00f6r barn och unga. Sagor med djurtema och barnmusikaliska upptr\u00e4danden (19 november kl. 14.00) h\u00f6rs n\u00e4r Sjunde\u00e5s kommunfullm\u00e4ktiges ordf\u00f6rande <strong>Merja Laaksonen<\/strong> bjuder oss p\u00e5 en sagostund, och sm\u00e5 musikanterna fr\u00e5n<strong> Sjunde\u00e5s musikf\u00f6rening<\/strong> upptr\u00e4der.<\/p>\n","protected":false},"excerpt":{"rendered":"<p>Nationalf\u00f6rfattaren Aleksis Kivi f\u00f6ddes i Nurmij\u00e4rvi och dog i Tusby vid 38 \u00e5rs \u00e5lder. Utropet \u201cjag lever\u201d var Kivis sista ord. Kivis litter\u00e4ra och hela kreativa produktion \u00e4r kopplad till Sjunde\u00e5. Han flyttade till orten efter sina universitetsstudier och bodde sju \u00e5r i Sjunde\u00e5s Fanjunkars, d\u00e4r Charlotta L\u00f6nnqvist blev Kivis v\u00e4lg\u00f6rare. Kivi, som var sjuk [&hellip;]<\/p>\n","protected":false},"author":1,"featured_media":4657,"parent":0,"menu_order":0,"comment_status":"closed","ping_status":"closed","template":"","meta":{"_uag_custom_page_level_css":"","jetpack_post_was_ever_published":false,"footnotes":""},"class_list":["post-4618","page","type-page","status-publish","has-post-thumbnail","hentry"],"yoast_head":"<!-- This site is optimized with the Yoast SEO plugin v26.8 - https:\/\/yoast.com\/product\/yoast-seo-wordpress\/ -->\n<title>Lux Musicae 13.-15.11.2026 - Min\u00e4 el\u00e4n \u2013 jag lever!<\/title>\n<meta name=\"robots\" content=\"index, follow, max-snippet:-1, max-image-preview:large, max-video-preview:-1\" \/>\n<link rel=\"canonical\" href=\"https:\/\/luxmusicae.com\/mina-elan-jag-lever\/\" \/>\n<meta property=\"og:locale\" content=\"sv_SE\" \/>\n<meta property=\"og:type\" content=\"article\" \/>\n<meta property=\"og:title\" content=\"Lux Musicae 13.-15.11.2026 - Min\u00e4 el\u00e4n \u2013 jag lever!\" \/>\n<meta property=\"og:description\" content=\"Nationalf\u00f6rfattaren Aleksis Kivi f\u00f6ddes i Nurmij\u00e4rvi och dog i Tusby vid 38 \u00e5rs \u00e5lder. Utropet \u201cjag lever\u201d var Kivis sista ord. Kivis litter\u00e4ra och hela kreativa produktion \u00e4r kopplad till Sjunde\u00e5. Han flyttade till orten efter sina universitetsstudier och bodde sju \u00e5r i Sjunde\u00e5s Fanjunkars, d\u00e4r Charlotta L\u00f6nnqvist blev Kivis v\u00e4lg\u00f6rare. Kivi, som var sjuk [&hellip;]\" \/>\n<meta property=\"og:url\" content=\"https:\/\/luxmusicae.com\/mina-elan-jag-lever\/\" \/>\n<meta property=\"og:site_name\" content=\"Lux Musicae 13.-15.11.2026\" \/>\n<meta property=\"article:modified_time\" content=\"2022-09-29T10:01:40+00:00\" \/>\n<meta property=\"og:image\" content=\"https:\/\/i0.wp.com\/luxmusicae.com\/wp-content\/uploads\/2022\/10\/Tausta-asia3.png?fit=1332%2C666&ssl=1\" \/>\n\t<meta property=\"og:image:width\" content=\"1332\" \/>\n\t<meta property=\"og:image:height\" content=\"666\" \/>\n\t<meta property=\"og:image:type\" content=\"image\/png\" \/>\n<meta name=\"twitter:card\" content=\"summary_large_image\" \/>\n<meta name=\"twitter:label1\" content=\"Ber\u00e4knad l\u00e4stid\" \/>\n\t<meta name=\"twitter:data1\" content=\"2 minuter\" \/>\n<script type=\"application\/ld+json\" class=\"yoast-schema-graph\">{\"@context\":\"https:\/\/schema.org\",\"@graph\":[{\"@type\":\"WebPage\",\"@id\":\"https:\/\/luxmusicae.com\/mina-elan-jag-lever\/\",\"url\":\"https:\/\/luxmusicae.com\/mina-elan-jag-lever\/\",\"name\":\"Lux Musicae 13.-15.11.2026 - Min\u00e4 el\u00e4n \u2013 jag lever!\",\"isPartOf\":{\"@id\":\"https:\/\/luxmusicae.com\/#website\"},\"primaryImageOfPage\":{\"@id\":\"https:\/\/luxmusicae.com\/mina-elan-jag-lever\/#primaryimage\"},\"image\":{\"@id\":\"https:\/\/luxmusicae.com\/mina-elan-jag-lever\/#primaryimage\"},\"thumbnailUrl\":\"https:\/\/i0.wp.com\/luxmusicae.com\/wp-content\/uploads\/2022\/10\/Tausta-asia3.png?fit=1332%2C666&ssl=1\",\"datePublished\":\"2022-09-29T09:30:09+00:00\",\"dateModified\":\"2022-09-29T10:01:40+00:00\",\"breadcrumb\":{\"@id\":\"https:\/\/luxmusicae.com\/mina-elan-jag-lever\/#breadcrumb\"},\"inLanguage\":\"sv-SE\",\"potentialAction\":[{\"@type\":\"ReadAction\",\"target\":[\"https:\/\/luxmusicae.com\/mina-elan-jag-lever\/\"]}]},{\"@type\":\"ImageObject\",\"inLanguage\":\"sv-SE\",\"@id\":\"https:\/\/luxmusicae.com\/mina-elan-jag-lever\/#primaryimage\",\"url\":\"https:\/\/i0.wp.com\/luxmusicae.com\/wp-content\/uploads\/2022\/10\/Tausta-asia3.png?fit=1332%2C666&ssl=1\",\"contentUrl\":\"https:\/\/i0.wp.com\/luxmusicae.com\/wp-content\/uploads\/2022\/10\/Tausta-asia3.png?fit=1332%2C666&ssl=1\",\"width\":1332,\"height\":666},{\"@type\":\"BreadcrumbList\",\"@id\":\"https:\/\/luxmusicae.com\/mina-elan-jag-lever\/#breadcrumb\",\"itemListElement\":[{\"@type\":\"ListItem\",\"position\":1,\"name\":\"Etusivu\",\"item\":\"https:\/\/luxmusicae.com\/\"},{\"@type\":\"ListItem\",\"position\":2,\"name\":\"Min\u00e4 el\u00e4n \u2013 jag lever!\"}]},{\"@type\":\"WebSite\",\"@id\":\"https:\/\/luxmusicae.com\/#website\",\"url\":\"https:\/\/luxmusicae.com\/\",\"name\":\"Lux Musicae 13.-15.11.2026\",\"description\":\"Musiikkifestivaali Siuntiossa joka vuoden marraskuussa! - Musikfestival i Sjunde\u00e5. Varje \u00e5r i November! - Music Festival of Siuntio. Every year in november!\",\"publisher\":{\"@id\":\"https:\/\/luxmusicae.com\/#organization\"},\"potentialAction\":[{\"@type\":\"SearchAction\",\"target\":{\"@type\":\"EntryPoint\",\"urlTemplate\":\"https:\/\/luxmusicae.com\/?s={search_term_string}\"},\"query-input\":{\"@type\":\"PropertyValueSpecification\",\"valueRequired\":true,\"valueName\":\"search_term_string\"}}],\"inLanguage\":\"sv-SE\"},{\"@type\":\"Organization\",\"@id\":\"https:\/\/luxmusicae.com\/#organization\",\"name\":\"Lux Musicae 13.-15.11.2026\",\"url\":\"https:\/\/luxmusicae.com\/\",\"logo\":{\"@type\":\"ImageObject\",\"inLanguage\":\"sv-SE\",\"@id\":\"https:\/\/luxmusicae.com\/#\/schema\/logo\/image\/\",\"url\":\"https:\/\/i0.wp.com\/luxmusicae.com\/wp-content\/uploads\/2024\/07\/cropped-LuxMusicae2024_www_LOGO.png?fit=100%2C100&ssl=1\",\"contentUrl\":\"https:\/\/i0.wp.com\/luxmusicae.com\/wp-content\/uploads\/2024\/07\/cropped-LuxMusicae2024_www_LOGO.png?fit=100%2C100&ssl=1\",\"width\":100,\"height\":100,\"caption\":\"Lux Musicae 13.-15.11.2026\"},\"image\":{\"@id\":\"https:\/\/luxmusicae.com\/#\/schema\/logo\/image\/\"}}]}<\/script>\n<!-- \/ Yoast SEO plugin. -->","yoast_head_json":{"title":"Lux Musicae 13.-15.11.2026 - Min\u00e4 el\u00e4n \u2013 jag lever!","robots":{"index":"index","follow":"follow","max-snippet":"max-snippet:-1","max-image-preview":"max-image-preview:large","max-video-preview":"max-video-preview:-1"},"canonical":"https:\/\/luxmusicae.com\/mina-elan-jag-lever\/","og_locale":"sv_SE","og_type":"article","og_title":"Lux Musicae 13.-15.11.2026 - Min\u00e4 el\u00e4n \u2013 jag lever!","og_description":"Nationalf\u00f6rfattaren Aleksis Kivi f\u00f6ddes i Nurmij\u00e4rvi och dog i Tusby vid 38 \u00e5rs \u00e5lder. Utropet \u201cjag lever\u201d var Kivis sista ord. Kivis litter\u00e4ra och hela kreativa produktion \u00e4r kopplad till Sjunde\u00e5. Han flyttade till orten efter sina universitetsstudier och bodde sju \u00e5r i Sjunde\u00e5s Fanjunkars, d\u00e4r Charlotta L\u00f6nnqvist blev Kivis v\u00e4lg\u00f6rare. Kivi, som var sjuk [&hellip;]","og_url":"https:\/\/luxmusicae.com\/mina-elan-jag-lever\/","og_site_name":"Lux Musicae 13.-15.11.2026","article_modified_time":"2022-09-29T10:01:40+00:00","og_image":[{"width":1332,"height":666,"url":"https:\/\/i0.wp.com\/luxmusicae.com\/wp-content\/uploads\/2022\/10\/Tausta-asia3.png?fit=1332%2C666&ssl=1","type":"image\/png"}],"twitter_card":"summary_large_image","twitter_misc":{"Ber\u00e4knad l\u00e4stid":"2 minuter"},"schema":{"@context":"https:\/\/schema.org","@graph":[{"@type":"WebPage","@id":"https:\/\/luxmusicae.com\/mina-elan-jag-lever\/","url":"https:\/\/luxmusicae.com\/mina-elan-jag-lever\/","name":"Lux Musicae 13.-15.11.2026 - Min\u00e4 el\u00e4n \u2013 jag lever!","isPartOf":{"@id":"https:\/\/luxmusicae.com\/#website"},"primaryImageOfPage":{"@id":"https:\/\/luxmusicae.com\/mina-elan-jag-lever\/#primaryimage"},"image":{"@id":"https:\/\/luxmusicae.com\/mina-elan-jag-lever\/#primaryimage"},"thumbnailUrl":"https:\/\/i0.wp.com\/luxmusicae.com\/wp-content\/uploads\/2022\/10\/Tausta-asia3.png?fit=1332%2C666&ssl=1","datePublished":"2022-09-29T09:30:09+00:00","dateModified":"2022-09-29T10:01:40+00:00","breadcrumb":{"@id":"https:\/\/luxmusicae.com\/mina-elan-jag-lever\/#breadcrumb"},"inLanguage":"sv-SE","potentialAction":[{"@type":"ReadAction","target":["https:\/\/luxmusicae.com\/mina-elan-jag-lever\/"]}]},{"@type":"ImageObject","inLanguage":"sv-SE","@id":"https:\/\/luxmusicae.com\/mina-elan-jag-lever\/#primaryimage","url":"https:\/\/i0.wp.com\/luxmusicae.com\/wp-content\/uploads\/2022\/10\/Tausta-asia3.png?fit=1332%2C666&ssl=1","contentUrl":"https:\/\/i0.wp.com\/luxmusicae.com\/wp-content\/uploads\/2022\/10\/Tausta-asia3.png?fit=1332%2C666&ssl=1","width":1332,"height":666},{"@type":"BreadcrumbList","@id":"https:\/\/luxmusicae.com\/mina-elan-jag-lever\/#breadcrumb","itemListElement":[{"@type":"ListItem","position":1,"name":"Etusivu","item":"https:\/\/luxmusicae.com\/"},{"@type":"ListItem","position":2,"name":"Min\u00e4 el\u00e4n \u2013 jag lever!"}]},{"@type":"WebSite","@id":"https:\/\/luxmusicae.com\/#website","url":"https:\/\/luxmusicae.com\/","name":"Lux Musicae 13.-15.11.2026","description":"Musiikkifestivaali Siuntiossa joka vuoden marraskuussa! - Musikfestival i Sjunde\u00e5. Varje \u00e5r i November! - Music Festival of Siuntio. Every year in november!","publisher":{"@id":"https:\/\/luxmusicae.com\/#organization"},"potentialAction":[{"@type":"SearchAction","target":{"@type":"EntryPoint","urlTemplate":"https:\/\/luxmusicae.com\/?s={search_term_string}"},"query-input":{"@type":"PropertyValueSpecification","valueRequired":true,"valueName":"search_term_string"}}],"inLanguage":"sv-SE"},{"@type":"Organization","@id":"https:\/\/luxmusicae.com\/#organization","name":"Lux Musicae 13.-15.11.2026","url":"https:\/\/luxmusicae.com\/","logo":{"@type":"ImageObject","inLanguage":"sv-SE","@id":"https:\/\/luxmusicae.com\/#\/schema\/logo\/image\/","url":"https:\/\/i0.wp.com\/luxmusicae.com\/wp-content\/uploads\/2024\/07\/cropped-LuxMusicae2024_www_LOGO.png?fit=100%2C100&ssl=1","contentUrl":"https:\/\/i0.wp.com\/luxmusicae.com\/wp-content\/uploads\/2024\/07\/cropped-LuxMusicae2024_www_LOGO.png?fit=100%2C100&ssl=1","width":100,"height":100,"caption":"Lux Musicae 13.-15.11.2026"},"image":{"@id":"https:\/\/luxmusicae.com\/#\/schema\/logo\/image\/"}}]}},"uagb_featured_image_src":{"full":["https:\/\/i0.wp.com\/luxmusicae.com\/wp-content\/uploads\/2022\/10\/Tausta-asia3.png?fit=1332%2C666&ssl=1",1332,666,false],"thumbnail":["https:\/\/i0.wp.com\/luxmusicae.com\/wp-content\/uploads\/2022\/10\/Tausta-asia3.png?resize=150%2C150&ssl=1",150,150,true],"medium":["https:\/\/i0.wp.com\/luxmusicae.com\/wp-content\/uploads\/2022\/10\/Tausta-asia3.png?fit=300%2C150&ssl=1",300,150,true],"medium_large":["https:\/\/i0.wp.com\/luxmusicae.com\/wp-content\/uploads\/2022\/10\/Tausta-asia3.png?fit=768%2C384&ssl=1",768,384,true],"large":["https:\/\/i0.wp.com\/luxmusicae.com\/wp-content\/uploads\/2022\/10\/Tausta-asia3.png?fit=1024%2C512&ssl=1",1024,512,true],"1536x1536":["https:\/\/i0.wp.com\/luxmusicae.com\/wp-content\/uploads\/2022\/10\/Tausta-asia3.png?fit=1332%2C666&ssl=1",1332,666,true],"2048x2048":["https:\/\/i0.wp.com\/luxmusicae.com\/wp-content\/uploads\/2022\/10\/Tausta-asia3.png?fit=1332%2C666&ssl=1",1332,666,true],"ect-jetpack-portfolio-featured":["https:\/\/i0.wp.com\/luxmusicae.com\/wp-content\/uploads\/2022\/10\/Tausta-asia3.png?resize=640%2C640&ssl=1",640,640,true],"ect-featured-content":["https:\/\/i0.wp.com\/luxmusicae.com\/wp-content\/uploads\/2022\/10\/Tausta-asia3.png?resize=640%2C640&ssl=1",640,640,true],"jetpack-portfolio-admin-thumb":["https:\/\/i0.wp.com\/luxmusicae.com\/wp-content\/uploads\/2022\/10\/Tausta-asia3.png?resize=50%2C50&ssl=1",50,50,true],"featured-content-admin-thumb":["https:\/\/i0.wp.com\/luxmusicae.com\/wp-content\/uploads\/2022\/10\/Tausta-asia3.png?resize=50%2C50&ssl=1",50,50,true]},"uagb_author_info":{"display_name":"Lux Musicae Admin","author_link":"https:\/\/luxmusicae.com\/sv\/author\/admin\/"},"uagb_comment_info":0,"uagb_excerpt":"Nationalf\u00f6rfattaren Aleksis Kivi f\u00f6ddes i Nurmij\u00e4rvi och dog i Tusby vid 38 \u00e5rs \u00e5lder. Utropet \u201cjag lever\u201d var Kivis sista ord. Kivis litter\u00e4ra och hela kreativa produktion \u00e4r kopplad till Sjunde\u00e5. Han flyttade till orten efter sina universitetsstudier och bodde sju \u00e5r i Sjunde\u00e5s Fanjunkars, d\u00e4r Charlotta L\u00f6nnqvist blev Kivis v\u00e4lg\u00f6rare. Kivi, som var sjuk&hellip;","jetpack_shortlink":"https:\/\/wp.me\/P968cz-1cu","jetpack_sharing_enabled":true,"_links":{"self":[{"href":"https:\/\/luxmusicae.com\/sv\/wp-json\/wp\/v2\/pages\/4618","targetHints":{"allow":["GET"]}}],"collection":[{"href":"https:\/\/luxmusicae.com\/sv\/wp-json\/wp\/v2\/pages"}],"about":[{"href":"https:\/\/luxmusicae.com\/sv\/wp-json\/wp\/v2\/types\/page"}],"author":[{"embeddable":true,"href":"https:\/\/luxmusicae.com\/sv\/wp-json\/wp\/v2\/users\/1"}],"replies":[{"embeddable":true,"href":"https:\/\/luxmusicae.com\/sv\/wp-json\/wp\/v2\/comments?post=4618"}],"version-history":[{"count":2,"href":"https:\/\/luxmusicae.com\/sv\/wp-json\/wp\/v2\/pages\/4618\/revisions"}],"predecessor-version":[{"id":4630,"href":"https:\/\/luxmusicae.com\/sv\/wp-json\/wp\/v2\/pages\/4618\/revisions\/4630"}],"wp:featuredmedia":[{"embeddable":true,"href":"https:\/\/luxmusicae.com\/sv\/wp-json\/wp\/v2\/media\/4657"}],"wp:attachment":[{"href":"https:\/\/luxmusicae.com\/sv\/wp-json\/wp\/v2\/media?parent=4618"}],"curies":[{"name":"wp","href":"https:\/\/api.w.org\/{rel}","templated":true}]}}