{"id":3969,"date":"2021-09-07T15:46:20","date_gmt":"2021-09-07T12:46:20","guid":{"rendered":"https:\/\/luxmusicae.com\/?page_id=3969"},"modified":"2021-10-07T18:15:26","modified_gmt":"2021-10-07T15:15:26","slug":"sondag-21-11-2021","status":"publish","type":"page","link":"https:\/\/luxmusicae.com\/sv\/sondag-21-11-2021\/","title":{"rendered":"S\u00f6ndag 21.11.2021"},"content":{"rendered":"\n<p>Sjunde\u00e5 S:t Petri kyrka kl 16<\/p>\n\n\n\n<p><strong>Aino, goda f\u00e5gel! K\u00e4ra Jannev\u00e4nnen! <\/strong><\/p>\n\n\n\n<p>Sibelius som ljudbrev, samst\u00e4llt av Helena Juntunen &#8211; Sibelius s\u00e5ngmusik och brevv\u00e4xling mellan makarna Sibelius.  I konserten h\u00f6rs bland annat <em>Flickan kom ifr\u00e5n sin \u00e4lsklings m\u00f6te, Den f\u00f6rsta kyssen, Var det en dr\u00f6m, Illalle, Sm\u00e5 flickorna, Norden.<\/em><\/p>\n\n\n\n<p>Helena Juntunen, sopran, Eveliina Kyt\u00f6m\u00e4ki, piano, Sampo Sarkola, ber\u00e4ttare.<\/p>\n\n\n\n<p>Ingen paus. Konsertens l\u00e4ngd ungef\u00e4r en timme.<\/p>\n\n\n\n<p>25\u20ac<\/p>\n\n\n\n<p>Sjunde\u00e5 svenska skola kl 12 och 14<\/p>\n\n\n\n<p><strong>Vickan och V\u00e4in\u00f6, tv\u00e5spr\u00e5kig barnopera<\/strong><\/p>\n\n\n\n<p>komponerad av <strong>Cecilia Damstr\u00f6m<\/strong><\/p>\n\n\n\n<p>Vickan &amp; V\u00e4in\u00f6 \u00e4r en tv\u00e5spr\u00e5kig barnopera som \u00e4r baserad p\u00e5 manuset av <strong>Marina Motaleff-Kelly<\/strong>. Iscens\u00e4ttning och kostym <strong>Tarmo Tanttu.<\/strong><\/p>\n\n\n\n<p>Operan handlar om tv\u00e5 m\u00f6ss, den ena fr\u00e5n Stockholm och den andra fr\u00e5n Ulfsby och om hur de l\u00e4r sig att f\u00f6rst\u00e5 varandra \u2013 och \u00e4ven r\u00e4dda arkitekt Engels planer i Helsingfors p\u00e5 1840-talet. Det \u00e4r en opera om Finlands multikulturella historia och v\u00e4nskap utan ett gemensamt spr\u00e5k.<\/p>\n\n\n\n<p>Operan riktar sig till 4-10-\u00e5ringar.<\/p>\n\n\n\n<p>I rollerna:<\/p>\n\n\n\n<p>Vickan: Hedvig Paulig,<\/p>\n\n\n\n<p>V\u00e4in\u00f6: Topias Lundell,<\/p>\n\n\n\n<p>Engel: Aku Rantama<\/p>\n\n\n\n<p>Harmonikka\/dragspel: Janne Valkeajoki<\/p>\n\n\n\n<p>Ei v\u00e4liaikaa\/ingen paus. Konsertin kesto 40 min. Konsertens l\u00e4ngd 40 min.<\/p>\n\n\n\n<p>10\u20ac\/perhe\/familj<\/p>\n\n\n\n<p><\/p>\n\n\n\n<p><\/p>\n","protected":false},"excerpt":{"rendered":"<p>Sjunde\u00e5 S:t Petri kyrka kl 16 Aino, goda f\u00e5gel! K\u00e4ra Jannev\u00e4nnen! Sibelius som ljudbrev, samst\u00e4llt av Helena Juntunen &#8211; Sibelius s\u00e5ngmusik och brevv\u00e4xling mellan makarna Sibelius. I konserten h\u00f6rs bland annat Flickan kom ifr\u00e5n sin \u00e4lsklings m\u00f6te, Den f\u00f6rsta kyssen, Var det en dr\u00f6m, Illalle, Sm\u00e5 flickorna, Norden. Helena Juntunen, sopran, Eveliina Kyt\u00f6m\u00e4ki, piano, Sampo [&hellip;]<\/p>\n","protected":false},"author":1,"featured_media":3887,"parent":0,"menu_order":0,"comment_status":"closed","ping_status":"closed","template":"","meta":{"_uag_custom_page_level_css":"","jetpack_post_was_ever_published":false,"footnotes":""},"class_list":["post-3969","page","type-page","status-publish","has-post-thumbnail","hentry"],"yoast_head":"<!-- This site is optimized with the Yoast SEO plugin v26.8 - https:\/\/yoast.com\/product\/yoast-seo-wordpress\/ -->\n<title>Lux Musicae 13.-15.11.2026 - S\u00f6ndag 21.11.2021<\/title>\n<meta name=\"robots\" content=\"index, follow, max-snippet:-1, max-image-preview:large, max-video-preview:-1\" \/>\n<link rel=\"canonical\" href=\"https:\/\/luxmusicae.com\/sunnuntai-21-11-2021\/\" \/>\n<meta property=\"og:locale\" content=\"sv_SE\" \/>\n<meta property=\"og:type\" content=\"article\" \/>\n<meta property=\"og:title\" content=\"Lux Musicae 13.-15.11.2026 - S\u00f6ndag 21.11.2021\" \/>\n<meta property=\"og:description\" content=\"Sjunde\u00e5 S:t Petri kyrka kl 16 Aino, goda f\u00e5gel! K\u00e4ra Jannev\u00e4nnen! Sibelius som ljudbrev, samst\u00e4llt av Helena Juntunen &#8211; Sibelius s\u00e5ngmusik och brevv\u00e4xling mellan makarna Sibelius. I konserten h\u00f6rs bland annat Flickan kom ifr\u00e5n sin \u00e4lsklings m\u00f6te, Den f\u00f6rsta kyssen, Var det en dr\u00f6m, Illalle, Sm\u00e5 flickorna, Norden. Helena Juntunen, sopran, Eveliina Kyt\u00f6m\u00e4ki, piano, Sampo [&hellip;]\" \/>\n<meta property=\"og:url\" content=\"https:\/\/luxmusicae.com\/sunnuntai-21-11-2021\/\" \/>\n<meta property=\"og:site_name\" content=\"Lux Musicae 13.-15.11.2026\" \/>\n<meta property=\"article:modified_time\" content=\"2021-10-07T15:15:26+00:00\" \/>\n<meta property=\"og:image\" content=\"https:\/\/i0.wp.com\/luxmusicae.com\/wp-content\/uploads\/2021\/07\/LuxMusicae2021_www_SUN.png?fit=1500%2C1500&ssl=1\" \/>\n\t<meta property=\"og:image:width\" content=\"1500\" \/>\n\t<meta property=\"og:image:height\" content=\"1500\" \/>\n\t<meta property=\"og:image:type\" content=\"image\/png\" \/>\n<meta name=\"twitter:card\" content=\"summary_large_image\" \/>\n<meta name=\"twitter:label1\" content=\"Ber\u00e4knad l\u00e4stid\" \/>\n\t<meta name=\"twitter:data1\" content=\"1 minut\" \/>\n<script type=\"application\/ld+json\" class=\"yoast-schema-graph\">{\"@context\":\"https:\/\/schema.org\",\"@graph\":[{\"@type\":\"WebPage\",\"@id\":\"https:\/\/luxmusicae.com\/sunnuntai-21-11-2021\/\",\"url\":\"https:\/\/luxmusicae.com\/sunnuntai-21-11-2021\/\",\"name\":\"Lux Musicae 13.-15.11.2026 - S\u00f6ndag 21.11.2021\",\"isPartOf\":{\"@id\":\"https:\/\/luxmusicae.com\/#website\"},\"primaryImageOfPage\":{\"@id\":\"https:\/\/luxmusicae.com\/sunnuntai-21-11-2021\/#primaryimage\"},\"image\":{\"@id\":\"https:\/\/luxmusicae.com\/sunnuntai-21-11-2021\/#primaryimage\"},\"thumbnailUrl\":\"https:\/\/i0.wp.com\/luxmusicae.com\/wp-content\/uploads\/2021\/07\/LuxMusicae2021_www_SUN.png?fit=1500%2C1500&ssl=1\",\"datePublished\":\"2021-09-07T12:46:20+00:00\",\"dateModified\":\"2021-10-07T15:15:26+00:00\",\"breadcrumb\":{\"@id\":\"https:\/\/luxmusicae.com\/sunnuntai-21-11-2021\/#breadcrumb\"},\"inLanguage\":\"sv-SE\",\"potentialAction\":[{\"@type\":\"ReadAction\",\"target\":[\"https:\/\/luxmusicae.com\/sunnuntai-21-11-2021\/\"]}]},{\"@type\":\"ImageObject\",\"inLanguage\":\"sv-SE\",\"@id\":\"https:\/\/luxmusicae.com\/sunnuntai-21-11-2021\/#primaryimage\",\"url\":\"https:\/\/i0.wp.com\/luxmusicae.com\/wp-content\/uploads\/2021\/07\/LuxMusicae2021_www_SUN.png?fit=1500%2C1500&ssl=1\",\"contentUrl\":\"https:\/\/i0.wp.com\/luxmusicae.com\/wp-content\/uploads\/2021\/07\/LuxMusicae2021_www_SUN.png?fit=1500%2C1500&ssl=1\",\"width\":1500,\"height\":1500},{\"@type\":\"BreadcrumbList\",\"@id\":\"https:\/\/luxmusicae.com\/sunnuntai-21-11-2021\/#breadcrumb\",\"itemListElement\":[{\"@type\":\"ListItem\",\"position\":1,\"name\":\"Etusivu\",\"item\":\"https:\/\/luxmusicae.com\/\"},{\"@type\":\"ListItem\",\"position\":2,\"name\":\"S\u00f6ndag 21.11.2021\"}]},{\"@type\":\"WebSite\",\"@id\":\"https:\/\/luxmusicae.com\/#website\",\"url\":\"https:\/\/luxmusicae.com\/\",\"name\":\"Lux Musicae 13.-15.11.2026\",\"description\":\"Musiikkifestivaali Siuntiossa joka vuoden marraskuussa! - Musikfestival i Sjunde\u00e5. Varje \u00e5r i November! - Music Festival of Siuntio. Every year in november!\",\"publisher\":{\"@id\":\"https:\/\/luxmusicae.com\/#organization\"},\"potentialAction\":[{\"@type\":\"SearchAction\",\"target\":{\"@type\":\"EntryPoint\",\"urlTemplate\":\"https:\/\/luxmusicae.com\/?s={search_term_string}\"},\"query-input\":{\"@type\":\"PropertyValueSpecification\",\"valueRequired\":true,\"valueName\":\"search_term_string\"}}],\"inLanguage\":\"sv-SE\"},{\"@type\":\"Organization\",\"@id\":\"https:\/\/luxmusicae.com\/#organization\",\"name\":\"Lux Musicae 13.-15.11.2026\",\"url\":\"https:\/\/luxmusicae.com\/\",\"logo\":{\"@type\":\"ImageObject\",\"inLanguage\":\"sv-SE\",\"@id\":\"https:\/\/luxmusicae.com\/#\/schema\/logo\/image\/\",\"url\":\"https:\/\/i0.wp.com\/luxmusicae.com\/wp-content\/uploads\/2024\/07\/cropped-LuxMusicae2024_www_LOGO.png?fit=100%2C100&ssl=1\",\"contentUrl\":\"https:\/\/i0.wp.com\/luxmusicae.com\/wp-content\/uploads\/2024\/07\/cropped-LuxMusicae2024_www_LOGO.png?fit=100%2C100&ssl=1\",\"width\":100,\"height\":100,\"caption\":\"Lux Musicae 13.-15.11.2026\"},\"image\":{\"@id\":\"https:\/\/luxmusicae.com\/#\/schema\/logo\/image\/\"}}]}<\/script>\n<!-- \/ Yoast SEO plugin. -->","yoast_head_json":{"title":"Lux Musicae 13.-15.11.2026 - S\u00f6ndag 21.11.2021","robots":{"index":"index","follow":"follow","max-snippet":"max-snippet:-1","max-image-preview":"max-image-preview:large","max-video-preview":"max-video-preview:-1"},"canonical":"https:\/\/luxmusicae.com\/sunnuntai-21-11-2021\/","og_locale":"sv_SE","og_type":"article","og_title":"Lux Musicae 13.-15.11.2026 - S\u00f6ndag 21.11.2021","og_description":"Sjunde\u00e5 S:t Petri kyrka kl 16 Aino, goda f\u00e5gel! K\u00e4ra Jannev\u00e4nnen! Sibelius som ljudbrev, samst\u00e4llt av Helena Juntunen &#8211; Sibelius s\u00e5ngmusik och brevv\u00e4xling mellan makarna Sibelius. I konserten h\u00f6rs bland annat Flickan kom ifr\u00e5n sin \u00e4lsklings m\u00f6te, Den f\u00f6rsta kyssen, Var det en dr\u00f6m, Illalle, Sm\u00e5 flickorna, Norden. Helena Juntunen, sopran, Eveliina Kyt\u00f6m\u00e4ki, piano, Sampo [&hellip;]","og_url":"https:\/\/luxmusicae.com\/sunnuntai-21-11-2021\/","og_site_name":"Lux Musicae 13.-15.11.2026","article_modified_time":"2021-10-07T15:15:26+00:00","og_image":[{"width":1500,"height":1500,"url":"https:\/\/i0.wp.com\/luxmusicae.com\/wp-content\/uploads\/2021\/07\/LuxMusicae2021_www_SUN.png?fit=1500%2C1500&ssl=1","type":"image\/png"}],"twitter_card":"summary_large_image","twitter_misc":{"Ber\u00e4knad l\u00e4stid":"1 minut"},"schema":{"@context":"https:\/\/schema.org","@graph":[{"@type":"WebPage","@id":"https:\/\/luxmusicae.com\/sunnuntai-21-11-2021\/","url":"https:\/\/luxmusicae.com\/sunnuntai-21-11-2021\/","name":"Lux Musicae 13.-15.11.2026 - S\u00f6ndag 21.11.2021","isPartOf":{"@id":"https:\/\/luxmusicae.com\/#website"},"primaryImageOfPage":{"@id":"https:\/\/luxmusicae.com\/sunnuntai-21-11-2021\/#primaryimage"},"image":{"@id":"https:\/\/luxmusicae.com\/sunnuntai-21-11-2021\/#primaryimage"},"thumbnailUrl":"https:\/\/i0.wp.com\/luxmusicae.com\/wp-content\/uploads\/2021\/07\/LuxMusicae2021_www_SUN.png?fit=1500%2C1500&ssl=1","datePublished":"2021-09-07T12:46:20+00:00","dateModified":"2021-10-07T15:15:26+00:00","breadcrumb":{"@id":"https:\/\/luxmusicae.com\/sunnuntai-21-11-2021\/#breadcrumb"},"inLanguage":"sv-SE","potentialAction":[{"@type":"ReadAction","target":["https:\/\/luxmusicae.com\/sunnuntai-21-11-2021\/"]}]},{"@type":"ImageObject","inLanguage":"sv-SE","@id":"https:\/\/luxmusicae.com\/sunnuntai-21-11-2021\/#primaryimage","url":"https:\/\/i0.wp.com\/luxmusicae.com\/wp-content\/uploads\/2021\/07\/LuxMusicae2021_www_SUN.png?fit=1500%2C1500&ssl=1","contentUrl":"https:\/\/i0.wp.com\/luxmusicae.com\/wp-content\/uploads\/2021\/07\/LuxMusicae2021_www_SUN.png?fit=1500%2C1500&ssl=1","width":1500,"height":1500},{"@type":"BreadcrumbList","@id":"https:\/\/luxmusicae.com\/sunnuntai-21-11-2021\/#breadcrumb","itemListElement":[{"@type":"ListItem","position":1,"name":"Etusivu","item":"https:\/\/luxmusicae.com\/"},{"@type":"ListItem","position":2,"name":"S\u00f6ndag 21.11.2021"}]},{"@type":"WebSite","@id":"https:\/\/luxmusicae.com\/#website","url":"https:\/\/luxmusicae.com\/","name":"Lux Musicae 13.-15.11.2026","description":"Musiikkifestivaali Siuntiossa joka vuoden marraskuussa! - Musikfestival i Sjunde\u00e5. Varje \u00e5r i November! - Music Festival of Siuntio. Every year in november!","publisher":{"@id":"https:\/\/luxmusicae.com\/#organization"},"potentialAction":[{"@type":"SearchAction","target":{"@type":"EntryPoint","urlTemplate":"https:\/\/luxmusicae.com\/?s={search_term_string}"},"query-input":{"@type":"PropertyValueSpecification","valueRequired":true,"valueName":"search_term_string"}}],"inLanguage":"sv-SE"},{"@type":"Organization","@id":"https:\/\/luxmusicae.com\/#organization","name":"Lux Musicae 13.-15.11.2026","url":"https:\/\/luxmusicae.com\/","logo":{"@type":"ImageObject","inLanguage":"sv-SE","@id":"https:\/\/luxmusicae.com\/#\/schema\/logo\/image\/","url":"https:\/\/i0.wp.com\/luxmusicae.com\/wp-content\/uploads\/2024\/07\/cropped-LuxMusicae2024_www_LOGO.png?fit=100%2C100&ssl=1","contentUrl":"https:\/\/i0.wp.com\/luxmusicae.com\/wp-content\/uploads\/2024\/07\/cropped-LuxMusicae2024_www_LOGO.png?fit=100%2C100&ssl=1","width":100,"height":100,"caption":"Lux Musicae 13.-15.11.2026"},"image":{"@id":"https:\/\/luxmusicae.com\/#\/schema\/logo\/image\/"}}]}},"uagb_featured_image_src":{"full":["https:\/\/i0.wp.com\/luxmusicae.com\/wp-content\/uploads\/2021\/07\/LuxMusicae2021_www_SUN.png?fit=1500%2C1500&ssl=1",1500,1500,false],"thumbnail":["https:\/\/i0.wp.com\/luxmusicae.com\/wp-content\/uploads\/2021\/07\/LuxMusicae2021_www_SUN.png?resize=150%2C150&ssl=1",150,150,true],"medium":["https:\/\/i0.wp.com\/luxmusicae.com\/wp-content\/uploads\/2021\/07\/LuxMusicae2021_www_SUN.png?fit=300%2C300&ssl=1",300,300,true],"medium_large":["https:\/\/i0.wp.com\/luxmusicae.com\/wp-content\/uploads\/2021\/07\/LuxMusicae2021_www_SUN.png?fit=768%2C768&ssl=1",768,768,true],"large":["https:\/\/i0.wp.com\/luxmusicae.com\/wp-content\/uploads\/2021\/07\/LuxMusicae2021_www_SUN.png?fit=1024%2C1024&ssl=1",1024,1024,true],"1536x1536":["https:\/\/i0.wp.com\/luxmusicae.com\/wp-content\/uploads\/2021\/07\/LuxMusicae2021_www_SUN.png?fit=1500%2C1500&ssl=1",1500,1500,true],"2048x2048":["https:\/\/i0.wp.com\/luxmusicae.com\/wp-content\/uploads\/2021\/07\/LuxMusicae2021_www_SUN.png?fit=1500%2C1500&ssl=1",1500,1500,true],"ect-jetpack-portfolio-featured":["https:\/\/i0.wp.com\/luxmusicae.com\/wp-content\/uploads\/2021\/07\/LuxMusicae2021_www_SUN.png?resize=640%2C640&ssl=1",640,640,true],"ect-featured-content":["https:\/\/i0.wp.com\/luxmusicae.com\/wp-content\/uploads\/2021\/07\/LuxMusicae2021_www_SUN.png?resize=640%2C640&ssl=1",640,640,true],"jetpack-portfolio-admin-thumb":["https:\/\/i0.wp.com\/luxmusicae.com\/wp-content\/uploads\/2021\/07\/LuxMusicae2021_www_SUN.png?resize=50%2C50&ssl=1",50,50,true],"featured-content-admin-thumb":["https:\/\/i0.wp.com\/luxmusicae.com\/wp-content\/uploads\/2021\/07\/LuxMusicae2021_www_SUN.png?resize=50%2C50&ssl=1",50,50,true]},"uagb_author_info":{"display_name":"Lux Musicae Admin","author_link":"https:\/\/luxmusicae.com\/sv\/author\/admin\/"},"uagb_comment_info":0,"uagb_excerpt":"Sjunde\u00e5 S:t Petri kyrka kl 16 Aino, goda f\u00e5gel! K\u00e4ra Jannev\u00e4nnen! Sibelius som ljudbrev, samst\u00e4llt av Helena Juntunen &#8211; Sibelius s\u00e5ngmusik och brevv\u00e4xling mellan makarna Sibelius. I konserten h\u00f6rs bland annat Flickan kom ifr\u00e5n sin \u00e4lsklings m\u00f6te, Den f\u00f6rsta kyssen, Var det en dr\u00f6m, Illalle, Sm\u00e5 flickorna, Norden. Helena Juntunen, sopran, Eveliina Kyt\u00f6m\u00e4ki, piano, Sampo&hellip;","jetpack_shortlink":"https:\/\/wp.me\/P968cz-121","jetpack_sharing_enabled":true,"_links":{"self":[{"href":"https:\/\/luxmusicae.com\/sv\/wp-json\/wp\/v2\/pages\/3969","targetHints":{"allow":["GET"]}}],"collection":[{"href":"https:\/\/luxmusicae.com\/sv\/wp-json\/wp\/v2\/pages"}],"about":[{"href":"https:\/\/luxmusicae.com\/sv\/wp-json\/wp\/v2\/types\/page"}],"author":[{"embeddable":true,"href":"https:\/\/luxmusicae.com\/sv\/wp-json\/wp\/v2\/users\/1"}],"replies":[{"embeddable":true,"href":"https:\/\/luxmusicae.com\/sv\/wp-json\/wp\/v2\/comments?post=3969"}],"version-history":[{"count":5,"href":"https:\/\/luxmusicae.com\/sv\/wp-json\/wp\/v2\/pages\/3969\/revisions"}],"predecessor-version":[{"id":4050,"href":"https:\/\/luxmusicae.com\/sv\/wp-json\/wp\/v2\/pages\/3969\/revisions\/4050"}],"wp:featuredmedia":[{"embeddable":true,"href":"https:\/\/luxmusicae.com\/sv\/wp-json\/wp\/v2\/media\/3887"}],"wp:attachment":[{"href":"https:\/\/luxmusicae.com\/sv\/wp-json\/wp\/v2\/media?parent=3969"}],"curies":[{"name":"wp","href":"https:\/\/api.w.org\/{rel}","templated":true}]}}