{"id":3570,"date":"2020-09-08T10:18:35","date_gmt":"2020-09-08T07:18:35","guid":{"rendered":"http:\/\/luxmusicae.com\/?page_id=3570"},"modified":"2021-01-04T15:47:12","modified_gmt":"2021-01-04T13:47:12","slug":"fredag-13-11-2020","status":"publish","type":"page","link":"https:\/\/luxmusicae.com\/sv\/fredag-13-11-2020\/","title":{"rendered":"Fredag 8.1.2021"},"content":{"rendered":"\n<h2 class=\"wp-block-heading\">kl. 19.00 Roland P\u00f6ntinen &#8211; St Petri kyrka i Sjunde\u00e5<\/h2>\n\n\n\n<p>Covid-19 begr\u00e4nsningar betyder att konserten ordnas utan publik. Yle Radio 1 s\u00e4nder dock konserten p\u00e5 torsdagen 14.1.2021 kl 19.02.  Var s\u00e5 goda och njut av den med oss!<\/p>\n\n\n\n<p>Roland P\u00f6ntinen \u00e4r k\u00e4nd som en m\u00e4stare i klassisk pianolitteratur men ocks\u00e5 i ny musik.<\/p>\n\n\n\n<p><strong>Program<\/strong>:<\/p>\n\n\n\n<p>Chopinavdelningen: Polon\u00e4s op.40:2, Impromptu op.51, tre preludier ur op.28, Nocturne op.37:2 och Barcarolle op.60<\/p>\n\n\n\n<p>paus<\/p>\n\n\n\n<p>Stefan P\u00f6ntinen: Hav ( uruppf\u00f6rande!) <\/p>\n\n\n\n<p>Sibelius ur op.114 samt Kuusi op.75:5, <\/p>\n\n\n\n<p>Roland P\u00f6ntinen: Pr\u00e9lude d&#8217;automne (2018), <\/p>\n\n\n\n<p>Rachmaninov: ur Etudes-Tableaux op.39, <\/p>\n\n\n\n<p>Debussy: Den sjunkna katedralenoch <\/p>\n\n\n\n<p>Ravel: Une barque sur l&#8217;oc\u00e9an<\/p>\n\n\n\n<p><\/p>\n\n\n\n<p><strong>Biljetter:<\/strong><\/p>\n\n\n\n<p>Biljetter kan k\u00f6pas kontant p\u00e5 Sjunde\u00e5 bibliotek och Scandic Sjunde\u00e5 (kolla bara om platsen \u00e4r \u00f6ppen). Om du k\u00f6per tre biljetter, f\u00e5r du den fj\u00e4rde gratis. Barn och ungdomar under 16 \u00e5r har fri tillg\u00e5ng. Biljettpris 25 \u20ac<\/p>\n\n\n\n<p>Ta kontakt info@luxmusicae.com om du har n\u00e5gra fr\u00e5gor. <\/p>\n\n\n\n<div class=\"wp-block-uagb-call-to-action uagb-cta__outer-wrap uagb-block-70f0c51c\"><div class=\"uagb-cta__content-wrap uagb-cta__block uagb-cta__icon-position-right uagb-cta__content-right uagb-cta__content-stacked-tablet uagb-cta__button-valign-middle \"><div class=\"uagb-cta__left-right-wrap\"><div class=\"uagb-cta__content\"><div class=\"uagb-cta__title-wrap\"><h3 class=\"uagb-cta__title\">K\u00f6p biljett fr\u00e5n n\u00e4tet<\/h3><\/div><div class=\"uagb-cta-text-wrap\"><p class=\"uagb-cta__desc\">Pris 27,50\u20ac<\/p><\/div><\/div><div class=\"uagb-cta__link-wrapper uagb-cta__block-link-style\"><div class=\"uagb-cta__button-wrapper\"><a href=\"https:\/\/www.lippu.fi\/event\/21-lux-musicae-siuntion-kirkko-13173724\/\" class=\"uagb-cta__button-link-wrapper uagb-cta__block-link uagb-cta-typeof-button\" target=\"_blank\" rel=\"noopener noreferrer\"><span class=\"uagb-cta__link-content-inner\"><span>K\u00f6p biljett<\/span><\/span><\/a><\/div><\/div><\/div><\/div><\/div>\n","protected":false},"excerpt":{"rendered":"<p>kl. 19.00 Roland P\u00f6ntinen &#8211; St Petri kyrka i Sjunde\u00e5 Covid-19 begr\u00e4nsningar betyder att konserten ordnas utan publik. Yle Radio 1 s\u00e4nder dock konserten p\u00e5 torsdagen 14.1.2021 kl 19.02. Var s\u00e5 goda och njut av den med oss! Roland P\u00f6ntinen \u00e4r k\u00e4nd som en m\u00e4stare i klassisk pianolitteratur men ocks\u00e5 i ny musik. Program: Chopinavdelningen: [&hellip;]<\/p>\n","protected":false},"author":1,"featured_media":3447,"parent":0,"menu_order":0,"comment_status":"closed","ping_status":"closed","template":"","meta":{"_uag_custom_page_level_css":"","jetpack_post_was_ever_published":false,"footnotes":""},"class_list":["post-3570","page","type-page","status-publish","has-post-thumbnail","hentry"],"yoast_head":"<!-- This site is optimized with the Yoast SEO plugin v26.8 - https:\/\/yoast.com\/product\/yoast-seo-wordpress\/ -->\n<title>Lux Musicae 13.-15.11.2026 - Fredag 8.1.2021<\/title>\n<meta name=\"robots\" content=\"index, follow, max-snippet:-1, max-image-preview:large, max-video-preview:-1\" \/>\n<link rel=\"canonical\" href=\"https:\/\/luxmusicae.com\/perjantai-13-11-2020\/\" \/>\n<meta property=\"og:locale\" content=\"sv_SE\" \/>\n<meta property=\"og:type\" content=\"article\" \/>\n<meta property=\"og:title\" content=\"Lux Musicae 13.-15.11.2026 - Fredag 8.1.2021\" \/>\n<meta property=\"og:description\" content=\"kl. 19.00 Roland P\u00f6ntinen &#8211; St Petri kyrka i Sjunde\u00e5 Covid-19 begr\u00e4nsningar betyder att konserten ordnas utan publik. Yle Radio 1 s\u00e4nder dock konserten p\u00e5 torsdagen 14.1.2021 kl 19.02. Var s\u00e5 goda och njut av den med oss! Roland P\u00f6ntinen \u00e4r k\u00e4nd som en m\u00e4stare i klassisk pianolitteratur men ocks\u00e5 i ny musik. Program: Chopinavdelningen: [&hellip;]\" \/>\n<meta property=\"og:url\" content=\"https:\/\/luxmusicae.com\/perjantai-13-11-2020\/\" \/>\n<meta property=\"og:site_name\" content=\"Lux Musicae 13.-15.11.2026\" \/>\n<meta property=\"article:modified_time\" content=\"2021-01-04T13:47:12+00:00\" \/>\n<meta property=\"og:image\" content=\"https:\/\/i0.wp.com\/luxmusicae.com\/wp-content\/uploads\/2020\/05\/LuxMusicae2020_Date_FRI.png?fit=1500%2C1500&ssl=1\" \/>\n\t<meta property=\"og:image:width\" content=\"1500\" \/>\n\t<meta property=\"og:image:height\" content=\"1500\" \/>\n\t<meta property=\"og:image:type\" content=\"image\/png\" \/>\n<meta name=\"twitter:card\" content=\"summary_large_image\" \/>\n<meta name=\"twitter:label1\" content=\"Ber\u00e4knad l\u00e4stid\" \/>\n\t<meta name=\"twitter:data1\" content=\"1 minut\" \/>\n<script type=\"application\/ld+json\" class=\"yoast-schema-graph\">{\"@context\":\"https:\/\/schema.org\",\"@graph\":[{\"@type\":\"WebPage\",\"@id\":\"https:\/\/luxmusicae.com\/perjantai-13-11-2020\/\",\"url\":\"https:\/\/luxmusicae.com\/perjantai-13-11-2020\/\",\"name\":\"Lux Musicae 13.-15.11.2026 - Fredag 8.1.2021\",\"isPartOf\":{\"@id\":\"https:\/\/luxmusicae.com\/#website\"},\"primaryImageOfPage\":{\"@id\":\"https:\/\/luxmusicae.com\/perjantai-13-11-2020\/#primaryimage\"},\"image\":{\"@id\":\"https:\/\/luxmusicae.com\/perjantai-13-11-2020\/#primaryimage\"},\"thumbnailUrl\":\"https:\/\/i0.wp.com\/luxmusicae.com\/wp-content\/uploads\/2020\/05\/LuxMusicae2020_Date_FRI.png?fit=1500%2C1500&ssl=1\",\"datePublished\":\"2020-09-08T07:18:35+00:00\",\"dateModified\":\"2021-01-04T13:47:12+00:00\",\"breadcrumb\":{\"@id\":\"https:\/\/luxmusicae.com\/perjantai-13-11-2020\/#breadcrumb\"},\"inLanguage\":\"sv-SE\",\"potentialAction\":[{\"@type\":\"ReadAction\",\"target\":[\"https:\/\/luxmusicae.com\/perjantai-13-11-2020\/\"]}]},{\"@type\":\"ImageObject\",\"inLanguage\":\"sv-SE\",\"@id\":\"https:\/\/luxmusicae.com\/perjantai-13-11-2020\/#primaryimage\",\"url\":\"https:\/\/i0.wp.com\/luxmusicae.com\/wp-content\/uploads\/2020\/05\/LuxMusicae2020_Date_FRI.png?fit=1500%2C1500&ssl=1\",\"contentUrl\":\"https:\/\/i0.wp.com\/luxmusicae.com\/wp-content\/uploads\/2020\/05\/LuxMusicae2020_Date_FRI.png?fit=1500%2C1500&ssl=1\",\"width\":1500,\"height\":1500},{\"@type\":\"BreadcrumbList\",\"@id\":\"https:\/\/luxmusicae.com\/perjantai-13-11-2020\/#breadcrumb\",\"itemListElement\":[{\"@type\":\"ListItem\",\"position\":1,\"name\":\"Etusivu\",\"item\":\"https:\/\/luxmusicae.com\/\"},{\"@type\":\"ListItem\",\"position\":2,\"name\":\"Fredag 8.1.2021\"}]},{\"@type\":\"WebSite\",\"@id\":\"https:\/\/luxmusicae.com\/#website\",\"url\":\"https:\/\/luxmusicae.com\/\",\"name\":\"Lux Musicae 13.-15.11.2026\",\"description\":\"Musiikkifestivaali Siuntiossa joka vuoden marraskuussa! - Musikfestival i Sjunde\u00e5. Varje \u00e5r i November! - Music Festival of Siuntio. Every year in november!\",\"publisher\":{\"@id\":\"https:\/\/luxmusicae.com\/#organization\"},\"potentialAction\":[{\"@type\":\"SearchAction\",\"target\":{\"@type\":\"EntryPoint\",\"urlTemplate\":\"https:\/\/luxmusicae.com\/?s={search_term_string}\"},\"query-input\":{\"@type\":\"PropertyValueSpecification\",\"valueRequired\":true,\"valueName\":\"search_term_string\"}}],\"inLanguage\":\"sv-SE\"},{\"@type\":\"Organization\",\"@id\":\"https:\/\/luxmusicae.com\/#organization\",\"name\":\"Lux Musicae 13.-15.11.2026\",\"url\":\"https:\/\/luxmusicae.com\/\",\"logo\":{\"@type\":\"ImageObject\",\"inLanguage\":\"sv-SE\",\"@id\":\"https:\/\/luxmusicae.com\/#\/schema\/logo\/image\/\",\"url\":\"https:\/\/i0.wp.com\/luxmusicae.com\/wp-content\/uploads\/2024\/07\/cropped-LuxMusicae2024_www_LOGO.png?fit=100%2C100&ssl=1\",\"contentUrl\":\"https:\/\/i0.wp.com\/luxmusicae.com\/wp-content\/uploads\/2024\/07\/cropped-LuxMusicae2024_www_LOGO.png?fit=100%2C100&ssl=1\",\"width\":100,\"height\":100,\"caption\":\"Lux Musicae 13.-15.11.2026\"},\"image\":{\"@id\":\"https:\/\/luxmusicae.com\/#\/schema\/logo\/image\/\"}}]}<\/script>\n<!-- \/ Yoast SEO plugin. -->","yoast_head_json":{"title":"Lux Musicae 13.-15.11.2026 - Fredag 8.1.2021","robots":{"index":"index","follow":"follow","max-snippet":"max-snippet:-1","max-image-preview":"max-image-preview:large","max-video-preview":"max-video-preview:-1"},"canonical":"https:\/\/luxmusicae.com\/perjantai-13-11-2020\/","og_locale":"sv_SE","og_type":"article","og_title":"Lux Musicae 13.-15.11.2026 - Fredag 8.1.2021","og_description":"kl. 19.00 Roland P\u00f6ntinen &#8211; St Petri kyrka i Sjunde\u00e5 Covid-19 begr\u00e4nsningar betyder att konserten ordnas utan publik. Yle Radio 1 s\u00e4nder dock konserten p\u00e5 torsdagen 14.1.2021 kl 19.02. Var s\u00e5 goda och njut av den med oss! Roland P\u00f6ntinen \u00e4r k\u00e4nd som en m\u00e4stare i klassisk pianolitteratur men ocks\u00e5 i ny musik. Program: Chopinavdelningen: [&hellip;]","og_url":"https:\/\/luxmusicae.com\/perjantai-13-11-2020\/","og_site_name":"Lux Musicae 13.-15.11.2026","article_modified_time":"2021-01-04T13:47:12+00:00","og_image":[{"width":1500,"height":1500,"url":"https:\/\/i0.wp.com\/luxmusicae.com\/wp-content\/uploads\/2020\/05\/LuxMusicae2020_Date_FRI.png?fit=1500%2C1500&ssl=1","type":"image\/png"}],"twitter_card":"summary_large_image","twitter_misc":{"Ber\u00e4knad l\u00e4stid":"1 minut"},"schema":{"@context":"https:\/\/schema.org","@graph":[{"@type":"WebPage","@id":"https:\/\/luxmusicae.com\/perjantai-13-11-2020\/","url":"https:\/\/luxmusicae.com\/perjantai-13-11-2020\/","name":"Lux Musicae 13.-15.11.2026 - Fredag 8.1.2021","isPartOf":{"@id":"https:\/\/luxmusicae.com\/#website"},"primaryImageOfPage":{"@id":"https:\/\/luxmusicae.com\/perjantai-13-11-2020\/#primaryimage"},"image":{"@id":"https:\/\/luxmusicae.com\/perjantai-13-11-2020\/#primaryimage"},"thumbnailUrl":"https:\/\/i0.wp.com\/luxmusicae.com\/wp-content\/uploads\/2020\/05\/LuxMusicae2020_Date_FRI.png?fit=1500%2C1500&ssl=1","datePublished":"2020-09-08T07:18:35+00:00","dateModified":"2021-01-04T13:47:12+00:00","breadcrumb":{"@id":"https:\/\/luxmusicae.com\/perjantai-13-11-2020\/#breadcrumb"},"inLanguage":"sv-SE","potentialAction":[{"@type":"ReadAction","target":["https:\/\/luxmusicae.com\/perjantai-13-11-2020\/"]}]},{"@type":"ImageObject","inLanguage":"sv-SE","@id":"https:\/\/luxmusicae.com\/perjantai-13-11-2020\/#primaryimage","url":"https:\/\/i0.wp.com\/luxmusicae.com\/wp-content\/uploads\/2020\/05\/LuxMusicae2020_Date_FRI.png?fit=1500%2C1500&ssl=1","contentUrl":"https:\/\/i0.wp.com\/luxmusicae.com\/wp-content\/uploads\/2020\/05\/LuxMusicae2020_Date_FRI.png?fit=1500%2C1500&ssl=1","width":1500,"height":1500},{"@type":"BreadcrumbList","@id":"https:\/\/luxmusicae.com\/perjantai-13-11-2020\/#breadcrumb","itemListElement":[{"@type":"ListItem","position":1,"name":"Etusivu","item":"https:\/\/luxmusicae.com\/"},{"@type":"ListItem","position":2,"name":"Fredag 8.1.2021"}]},{"@type":"WebSite","@id":"https:\/\/luxmusicae.com\/#website","url":"https:\/\/luxmusicae.com\/","name":"Lux Musicae 13.-15.11.2026","description":"Musiikkifestivaali Siuntiossa joka vuoden marraskuussa! - Musikfestival i Sjunde\u00e5. Varje \u00e5r i November! - Music Festival of Siuntio. Every year in november!","publisher":{"@id":"https:\/\/luxmusicae.com\/#organization"},"potentialAction":[{"@type":"SearchAction","target":{"@type":"EntryPoint","urlTemplate":"https:\/\/luxmusicae.com\/?s={search_term_string}"},"query-input":{"@type":"PropertyValueSpecification","valueRequired":true,"valueName":"search_term_string"}}],"inLanguage":"sv-SE"},{"@type":"Organization","@id":"https:\/\/luxmusicae.com\/#organization","name":"Lux Musicae 13.-15.11.2026","url":"https:\/\/luxmusicae.com\/","logo":{"@type":"ImageObject","inLanguage":"sv-SE","@id":"https:\/\/luxmusicae.com\/#\/schema\/logo\/image\/","url":"https:\/\/i0.wp.com\/luxmusicae.com\/wp-content\/uploads\/2024\/07\/cropped-LuxMusicae2024_www_LOGO.png?fit=100%2C100&ssl=1","contentUrl":"https:\/\/i0.wp.com\/luxmusicae.com\/wp-content\/uploads\/2024\/07\/cropped-LuxMusicae2024_www_LOGO.png?fit=100%2C100&ssl=1","width":100,"height":100,"caption":"Lux Musicae 13.-15.11.2026"},"image":{"@id":"https:\/\/luxmusicae.com\/#\/schema\/logo\/image\/"}}]}},"uagb_featured_image_src":{"full":["https:\/\/i0.wp.com\/luxmusicae.com\/wp-content\/uploads\/2020\/05\/LuxMusicae2020_Date_FRI.png?fit=1500%2C1500&ssl=1",1500,1500,false],"thumbnail":["https:\/\/i0.wp.com\/luxmusicae.com\/wp-content\/uploads\/2020\/05\/LuxMusicae2020_Date_FRI.png?resize=150%2C150&ssl=1",150,150,true],"medium":["https:\/\/i0.wp.com\/luxmusicae.com\/wp-content\/uploads\/2020\/05\/LuxMusicae2020_Date_FRI.png?fit=300%2C300&ssl=1",300,300,true],"medium_large":["https:\/\/i0.wp.com\/luxmusicae.com\/wp-content\/uploads\/2020\/05\/LuxMusicae2020_Date_FRI.png?fit=768%2C768&ssl=1",768,768,true],"large":["https:\/\/i0.wp.com\/luxmusicae.com\/wp-content\/uploads\/2020\/05\/LuxMusicae2020_Date_FRI.png?fit=1024%2C1024&ssl=1",1024,1024,true],"1536x1536":["https:\/\/i0.wp.com\/luxmusicae.com\/wp-content\/uploads\/2020\/05\/LuxMusicae2020_Date_FRI.png?fit=1500%2C1500&ssl=1",1500,1500,true],"2048x2048":["https:\/\/i0.wp.com\/luxmusicae.com\/wp-content\/uploads\/2020\/05\/LuxMusicae2020_Date_FRI.png?fit=1500%2C1500&ssl=1",1500,1500,true],"ect-jetpack-portfolio-featured":["https:\/\/i0.wp.com\/luxmusicae.com\/wp-content\/uploads\/2020\/05\/LuxMusicae2020_Date_FRI.png?resize=640%2C640&ssl=1",640,640,true],"ect-featured-content":["https:\/\/i0.wp.com\/luxmusicae.com\/wp-content\/uploads\/2020\/05\/LuxMusicae2020_Date_FRI.png?resize=640%2C640&ssl=1",640,640,true],"jetpack-portfolio-admin-thumb":["https:\/\/i0.wp.com\/luxmusicae.com\/wp-content\/uploads\/2020\/05\/LuxMusicae2020_Date_FRI.png?resize=50%2C50&ssl=1",50,50,true],"featured-content-admin-thumb":["https:\/\/i0.wp.com\/luxmusicae.com\/wp-content\/uploads\/2020\/05\/LuxMusicae2020_Date_FRI.png?resize=50%2C50&ssl=1",50,50,true]},"uagb_author_info":{"display_name":"Lux Musicae Admin","author_link":"https:\/\/luxmusicae.com\/sv\/author\/admin\/"},"uagb_comment_info":0,"uagb_excerpt":"kl. 19.00 Roland P\u00f6ntinen &#8211; St Petri kyrka i Sjunde\u00e5 Covid-19 begr\u00e4nsningar betyder att konserten ordnas utan publik. Yle Radio 1 s\u00e4nder dock konserten p\u00e5 torsdagen 14.1.2021 kl 19.02. Var s\u00e5 goda och njut av den med oss! Roland P\u00f6ntinen \u00e4r k\u00e4nd som en m\u00e4stare i klassisk pianolitteratur men ocks\u00e5 i ny musik. Program: Chopinavdelningen:&hellip;","jetpack_shortlink":"https:\/\/wp.me\/P968cz-VA","jetpack_sharing_enabled":true,"_links":{"self":[{"href":"https:\/\/luxmusicae.com\/sv\/wp-json\/wp\/v2\/pages\/3570","targetHints":{"allow":["GET"]}}],"collection":[{"href":"https:\/\/luxmusicae.com\/sv\/wp-json\/wp\/v2\/pages"}],"about":[{"href":"https:\/\/luxmusicae.com\/sv\/wp-json\/wp\/v2\/types\/page"}],"author":[{"embeddable":true,"href":"https:\/\/luxmusicae.com\/sv\/wp-json\/wp\/v2\/users\/1"}],"replies":[{"embeddable":true,"href":"https:\/\/luxmusicae.com\/sv\/wp-json\/wp\/v2\/comments?post=3570"}],"version-history":[{"count":9,"href":"https:\/\/luxmusicae.com\/sv\/wp-json\/wp\/v2\/pages\/3570\/revisions"}],"predecessor-version":[{"id":3727,"href":"https:\/\/luxmusicae.com\/sv\/wp-json\/wp\/v2\/pages\/3570\/revisions\/3727"}],"wp:featuredmedia":[{"embeddable":true,"href":"https:\/\/luxmusicae.com\/sv\/wp-json\/wp\/v2\/media\/3447"}],"wp:attachment":[{"href":"https:\/\/luxmusicae.com\/sv\/wp-json\/wp\/v2\/media?parent=3570"}],"curies":[{"name":"wp","href":"https:\/\/api.w.org\/{rel}","templated":true}]}}