{"id":2992,"date":"2018-06-18T23:17:56","date_gmt":"2018-06-18T20:17:56","guid":{"rendered":"http:\/\/luxmusicae.com\/sondag-18-11-2018\/"},"modified":"2018-06-18T23:17:56","modified_gmt":"2018-06-18T20:17:56","slug":"sondag-18-11-2018","status":"publish","type":"page","link":"https:\/\/luxmusicae.com\/sv\/sondag-18-11-2018\/","title":{"rendered":"S\u00f6ndag 18.11.2018"},"content":{"rendered":"<p><strong>Skaldeliv i Sjunde\u00e5 kyrka kl 16.<\/strong><\/p>\n<p><strong>Jorma Hynninen\u00a0<\/strong>baryton<\/p>\n<p><strong>Kimmo Hakola\u00a0<\/strong>piano<\/p>\n<p>&nbsp;<\/p>\n<p>Lux Musicae \u00e5terv\u00e4nder till tider n\u00e4r baritonen <strong>Jorma Hynninen<\/strong> och komposit\u00f6ren <strong>Kimmo Hakola <\/strong>gav konsert 2009. Artisterna\u00a0kommer att utf\u00f6ra Hakolas Kivi-s\u00e5ngserie igen. Dessutom h\u00f6rs Hakolas nya l\u00e5tar. S\u00e5 h\u00e4r kommer man bli upphetsad av den 20-\u00e5riga Lux Musicae-festningen 2019!<\/p>\n<p>Konserten b\u00f6rjar med<strong> Robert Schumanns<\/strong><em>\u00a0 Dichterliebe<\/em>.<\/p>\n<p>Biljetter 20\u20ac<\/p>\n<p>Lippu.fi, Sjunde\u00e5 bibliotek, Scandic Sjunde\u00e5<\/p>\n<p>&nbsp;<\/p>\n<p><strong>S\u00e5ngar f\u00f6r barn om v\u00e4nskap i\u00a0 Lepopirtti klockan 14.<\/strong><\/p>\n<p>Lux Musicae erbjuder konserten \u00e4ven f\u00f6r barn. <strong>Mimmit<\/strong>\u00a0 vill erbjuda en rolig tid f\u00f6r hela familjen. Kolla Mimmit p\u00e5 www.mimmit.com!<\/p>\n<p>&nbsp;<\/p>\n<p>Biljetter 30\u20ac, hela familjen f\u00f6r en biljett!<\/p>\n<p>&nbsp;<\/p>\n","protected":false},"excerpt":{"rendered":"<p>Skaldeliv i Sjunde\u00e5 kyrka kl 16. Jorma Hynninen\u00a0baryton Kimmo Hakola\u00a0piano &nbsp; Lux Musicae \u00e5terv\u00e4nder till tider n\u00e4r baritonen Jorma Hynninen och komposit\u00f6ren Kimmo Hakola gav konsert 2009. Artisterna\u00a0kommer att utf\u00f6ra Hakolas Kivi-s\u00e5ngserie igen. Dessutom h\u00f6rs Hakolas nya l\u00e5tar. S\u00e5 h\u00e4r kommer man bli upphetsad av den 20-\u00e5riga Lux Musicae-festningen 2019! Konserten b\u00f6rjar med Robert Schumanns\u00a0 [&hellip;]<\/p>\n","protected":false},"author":1,"featured_media":2800,"parent":0,"menu_order":0,"comment_status":"closed","ping_status":"closed","template":"","meta":{"_uag_custom_page_level_css":"","jetpack_post_was_ever_published":false,"footnotes":""},"class_list":["post-2992","page","type-page","status-publish","has-post-thumbnail","hentry"],"yoast_head":"<!-- This site is optimized with the Yoast SEO plugin v26.8 - https:\/\/yoast.com\/product\/yoast-seo-wordpress\/ -->\n<title>Lux Musicae 13.-15.11.2026 - S\u00f6ndag 18.11.2018<\/title>\n<meta name=\"robots\" content=\"index, follow, max-snippet:-1, max-image-preview:large, max-video-preview:-1\" \/>\n<link rel=\"canonical\" href=\"https:\/\/luxmusicae.com\/sunnuntai-18-11-2018\/\" \/>\n<meta property=\"og:locale\" content=\"sv_SE\" \/>\n<meta property=\"og:type\" content=\"article\" \/>\n<meta property=\"og:title\" content=\"Lux Musicae 13.-15.11.2026 - S\u00f6ndag 18.11.2018\" \/>\n<meta property=\"og:description\" content=\"Skaldeliv i Sjunde\u00e5 kyrka kl 16. Jorma Hynninen\u00a0baryton Kimmo Hakola\u00a0piano &nbsp; Lux Musicae \u00e5terv\u00e4nder till tider n\u00e4r baritonen Jorma Hynninen och komposit\u00f6ren Kimmo Hakola gav konsert 2009. Artisterna\u00a0kommer att utf\u00f6ra Hakolas Kivi-s\u00e5ngserie igen. Dessutom h\u00f6rs Hakolas nya l\u00e5tar. S\u00e5 h\u00e4r kommer man bli upphetsad av den 20-\u00e5riga Lux Musicae-festningen 2019! Konserten b\u00f6rjar med Robert Schumanns\u00a0 [&hellip;]\" \/>\n<meta property=\"og:url\" content=\"https:\/\/luxmusicae.com\/sunnuntai-18-11-2018\/\" \/>\n<meta property=\"og:site_name\" content=\"Lux Musicae 13.-15.11.2026\" \/>\n<meta property=\"og:image\" content=\"https:\/\/i0.wp.com\/luxmusicae.com\/wp-content\/uploads\/2018\/06\/LuxMusicae2018_Date_SUN.png?fit=1500%2C1500&ssl=1\" \/>\n\t<meta property=\"og:image:width\" content=\"1500\" \/>\n\t<meta property=\"og:image:height\" content=\"1500\" \/>\n\t<meta property=\"og:image:type\" content=\"image\/png\" \/>\n<meta name=\"twitter:card\" content=\"summary_large_image\" \/>\n<meta name=\"twitter:label1\" content=\"Ber\u00e4knad l\u00e4stid\" \/>\n\t<meta name=\"twitter:data1\" content=\"1 minut\" \/>\n<script type=\"application\/ld+json\" class=\"yoast-schema-graph\">{\"@context\":\"https:\/\/schema.org\",\"@graph\":[{\"@type\":\"WebPage\",\"@id\":\"https:\/\/luxmusicae.com\/sunnuntai-18-11-2018\/\",\"url\":\"https:\/\/luxmusicae.com\/sunnuntai-18-11-2018\/\",\"name\":\"Lux Musicae 13.-15.11.2026 - S\u00f6ndag 18.11.2018\",\"isPartOf\":{\"@id\":\"https:\/\/luxmusicae.com\/#website\"},\"primaryImageOfPage\":{\"@id\":\"https:\/\/luxmusicae.com\/sunnuntai-18-11-2018\/#primaryimage\"},\"image\":{\"@id\":\"https:\/\/luxmusicae.com\/sunnuntai-18-11-2018\/#primaryimage\"},\"thumbnailUrl\":\"https:\/\/i0.wp.com\/luxmusicae.com\/wp-content\/uploads\/2018\/06\/LuxMusicae2018_Date_SUN.png?fit=1500%2C1500&ssl=1\",\"datePublished\":\"2018-06-18T20:17:56+00:00\",\"breadcrumb\":{\"@id\":\"https:\/\/luxmusicae.com\/sunnuntai-18-11-2018\/#breadcrumb\"},\"inLanguage\":\"sv-SE\",\"potentialAction\":[{\"@type\":\"ReadAction\",\"target\":[\"https:\/\/luxmusicae.com\/sunnuntai-18-11-2018\/\"]}]},{\"@type\":\"ImageObject\",\"inLanguage\":\"sv-SE\",\"@id\":\"https:\/\/luxmusicae.com\/sunnuntai-18-11-2018\/#primaryimage\",\"url\":\"https:\/\/i0.wp.com\/luxmusicae.com\/wp-content\/uploads\/2018\/06\/LuxMusicae2018_Date_SUN.png?fit=1500%2C1500&ssl=1\",\"contentUrl\":\"https:\/\/i0.wp.com\/luxmusicae.com\/wp-content\/uploads\/2018\/06\/LuxMusicae2018_Date_SUN.png?fit=1500%2C1500&ssl=1\",\"width\":1500,\"height\":1500},{\"@type\":\"BreadcrumbList\",\"@id\":\"https:\/\/luxmusicae.com\/sunnuntai-18-11-2018\/#breadcrumb\",\"itemListElement\":[{\"@type\":\"ListItem\",\"position\":1,\"name\":\"Etusivu\",\"item\":\"https:\/\/luxmusicae.com\/\"},{\"@type\":\"ListItem\",\"position\":2,\"name\":\"S\u00f6ndag 18.11.2018\"}]},{\"@type\":\"WebSite\",\"@id\":\"https:\/\/luxmusicae.com\/#website\",\"url\":\"https:\/\/luxmusicae.com\/\",\"name\":\"Lux Musicae 13.-15.11.2026\",\"description\":\"Musiikkifestivaali Siuntiossa joka vuoden marraskuussa! - Musikfestival i Sjunde\u00e5. Varje \u00e5r i November! - Music Festival of Siuntio. Every year in november!\",\"publisher\":{\"@id\":\"https:\/\/luxmusicae.com\/#organization\"},\"potentialAction\":[{\"@type\":\"SearchAction\",\"target\":{\"@type\":\"EntryPoint\",\"urlTemplate\":\"https:\/\/luxmusicae.com\/?s={search_term_string}\"},\"query-input\":{\"@type\":\"PropertyValueSpecification\",\"valueRequired\":true,\"valueName\":\"search_term_string\"}}],\"inLanguage\":\"sv-SE\"},{\"@type\":\"Organization\",\"@id\":\"https:\/\/luxmusicae.com\/#organization\",\"name\":\"Lux Musicae 13.-15.11.2026\",\"url\":\"https:\/\/luxmusicae.com\/\",\"logo\":{\"@type\":\"ImageObject\",\"inLanguage\":\"sv-SE\",\"@id\":\"https:\/\/luxmusicae.com\/#\/schema\/logo\/image\/\",\"url\":\"https:\/\/i0.wp.com\/luxmusicae.com\/wp-content\/uploads\/2024\/07\/cropped-LuxMusicae2024_www_LOGO.png?fit=100%2C100&ssl=1\",\"contentUrl\":\"https:\/\/i0.wp.com\/luxmusicae.com\/wp-content\/uploads\/2024\/07\/cropped-LuxMusicae2024_www_LOGO.png?fit=100%2C100&ssl=1\",\"width\":100,\"height\":100,\"caption\":\"Lux Musicae 13.-15.11.2026\"},\"image\":{\"@id\":\"https:\/\/luxmusicae.com\/#\/schema\/logo\/image\/\"}}]}<\/script>\n<!-- \/ Yoast SEO plugin. -->","yoast_head_json":{"title":"Lux Musicae 13.-15.11.2026 - S\u00f6ndag 18.11.2018","robots":{"index":"index","follow":"follow","max-snippet":"max-snippet:-1","max-image-preview":"max-image-preview:large","max-video-preview":"max-video-preview:-1"},"canonical":"https:\/\/luxmusicae.com\/sunnuntai-18-11-2018\/","og_locale":"sv_SE","og_type":"article","og_title":"Lux Musicae 13.-15.11.2026 - S\u00f6ndag 18.11.2018","og_description":"Skaldeliv i Sjunde\u00e5 kyrka kl 16. Jorma Hynninen\u00a0baryton Kimmo Hakola\u00a0piano &nbsp; Lux Musicae \u00e5terv\u00e4nder till tider n\u00e4r baritonen Jorma Hynninen och komposit\u00f6ren Kimmo Hakola gav konsert 2009. Artisterna\u00a0kommer att utf\u00f6ra Hakolas Kivi-s\u00e5ngserie igen. Dessutom h\u00f6rs Hakolas nya l\u00e5tar. S\u00e5 h\u00e4r kommer man bli upphetsad av den 20-\u00e5riga Lux Musicae-festningen 2019! Konserten b\u00f6rjar med Robert Schumanns\u00a0 [&hellip;]","og_url":"https:\/\/luxmusicae.com\/sunnuntai-18-11-2018\/","og_site_name":"Lux Musicae 13.-15.11.2026","og_image":[{"width":1500,"height":1500,"url":"https:\/\/i0.wp.com\/luxmusicae.com\/wp-content\/uploads\/2018\/06\/LuxMusicae2018_Date_SUN.png?fit=1500%2C1500&ssl=1","type":"image\/png"}],"twitter_card":"summary_large_image","twitter_misc":{"Ber\u00e4knad l\u00e4stid":"1 minut"},"schema":{"@context":"https:\/\/schema.org","@graph":[{"@type":"WebPage","@id":"https:\/\/luxmusicae.com\/sunnuntai-18-11-2018\/","url":"https:\/\/luxmusicae.com\/sunnuntai-18-11-2018\/","name":"Lux Musicae 13.-15.11.2026 - S\u00f6ndag 18.11.2018","isPartOf":{"@id":"https:\/\/luxmusicae.com\/#website"},"primaryImageOfPage":{"@id":"https:\/\/luxmusicae.com\/sunnuntai-18-11-2018\/#primaryimage"},"image":{"@id":"https:\/\/luxmusicae.com\/sunnuntai-18-11-2018\/#primaryimage"},"thumbnailUrl":"https:\/\/i0.wp.com\/luxmusicae.com\/wp-content\/uploads\/2018\/06\/LuxMusicae2018_Date_SUN.png?fit=1500%2C1500&ssl=1","datePublished":"2018-06-18T20:17:56+00:00","breadcrumb":{"@id":"https:\/\/luxmusicae.com\/sunnuntai-18-11-2018\/#breadcrumb"},"inLanguage":"sv-SE","potentialAction":[{"@type":"ReadAction","target":["https:\/\/luxmusicae.com\/sunnuntai-18-11-2018\/"]}]},{"@type":"ImageObject","inLanguage":"sv-SE","@id":"https:\/\/luxmusicae.com\/sunnuntai-18-11-2018\/#primaryimage","url":"https:\/\/i0.wp.com\/luxmusicae.com\/wp-content\/uploads\/2018\/06\/LuxMusicae2018_Date_SUN.png?fit=1500%2C1500&ssl=1","contentUrl":"https:\/\/i0.wp.com\/luxmusicae.com\/wp-content\/uploads\/2018\/06\/LuxMusicae2018_Date_SUN.png?fit=1500%2C1500&ssl=1","width":1500,"height":1500},{"@type":"BreadcrumbList","@id":"https:\/\/luxmusicae.com\/sunnuntai-18-11-2018\/#breadcrumb","itemListElement":[{"@type":"ListItem","position":1,"name":"Etusivu","item":"https:\/\/luxmusicae.com\/"},{"@type":"ListItem","position":2,"name":"S\u00f6ndag 18.11.2018"}]},{"@type":"WebSite","@id":"https:\/\/luxmusicae.com\/#website","url":"https:\/\/luxmusicae.com\/","name":"Lux Musicae 13.-15.11.2026","description":"Musiikkifestivaali Siuntiossa joka vuoden marraskuussa! - Musikfestival i Sjunde\u00e5. Varje \u00e5r i November! - Music Festival of Siuntio. Every year in november!","publisher":{"@id":"https:\/\/luxmusicae.com\/#organization"},"potentialAction":[{"@type":"SearchAction","target":{"@type":"EntryPoint","urlTemplate":"https:\/\/luxmusicae.com\/?s={search_term_string}"},"query-input":{"@type":"PropertyValueSpecification","valueRequired":true,"valueName":"search_term_string"}}],"inLanguage":"sv-SE"},{"@type":"Organization","@id":"https:\/\/luxmusicae.com\/#organization","name":"Lux Musicae 13.-15.11.2026","url":"https:\/\/luxmusicae.com\/","logo":{"@type":"ImageObject","inLanguage":"sv-SE","@id":"https:\/\/luxmusicae.com\/#\/schema\/logo\/image\/","url":"https:\/\/i0.wp.com\/luxmusicae.com\/wp-content\/uploads\/2024\/07\/cropped-LuxMusicae2024_www_LOGO.png?fit=100%2C100&ssl=1","contentUrl":"https:\/\/i0.wp.com\/luxmusicae.com\/wp-content\/uploads\/2024\/07\/cropped-LuxMusicae2024_www_LOGO.png?fit=100%2C100&ssl=1","width":100,"height":100,"caption":"Lux Musicae 13.-15.11.2026"},"image":{"@id":"https:\/\/luxmusicae.com\/#\/schema\/logo\/image\/"}}]}},"uagb_featured_image_src":{"full":["https:\/\/i0.wp.com\/luxmusicae.com\/wp-content\/uploads\/2018\/06\/LuxMusicae2018_Date_SUN.png?fit=1500%2C1500&ssl=1",1500,1500,false],"thumbnail":["https:\/\/i0.wp.com\/luxmusicae.com\/wp-content\/uploads\/2018\/06\/LuxMusicae2018_Date_SUN.png?resize=150%2C150&ssl=1",150,150,true],"medium":["https:\/\/i0.wp.com\/luxmusicae.com\/wp-content\/uploads\/2018\/06\/LuxMusicae2018_Date_SUN.png?fit=300%2C300&ssl=1",300,300,true],"medium_large":["https:\/\/i0.wp.com\/luxmusicae.com\/wp-content\/uploads\/2018\/06\/LuxMusicae2018_Date_SUN.png?fit=768%2C768&ssl=1",768,768,true],"large":["https:\/\/i0.wp.com\/luxmusicae.com\/wp-content\/uploads\/2018\/06\/LuxMusicae2018_Date_SUN.png?fit=1024%2C1024&ssl=1",1024,1024,true],"1536x1536":["https:\/\/i0.wp.com\/luxmusicae.com\/wp-content\/uploads\/2018\/06\/LuxMusicae2018_Date_SUN.png?fit=1500%2C1500&ssl=1",1500,1500,true],"2048x2048":["https:\/\/i0.wp.com\/luxmusicae.com\/wp-content\/uploads\/2018\/06\/LuxMusicae2018_Date_SUN.png?fit=1500%2C1500&ssl=1",1500,1500,true],"ect-jetpack-portfolio-featured":["https:\/\/i0.wp.com\/luxmusicae.com\/wp-content\/uploads\/2018\/06\/LuxMusicae2018_Date_SUN.png?resize=640%2C640&ssl=1",640,640,true],"ect-featured-content":["https:\/\/i0.wp.com\/luxmusicae.com\/wp-content\/uploads\/2018\/06\/LuxMusicae2018_Date_SUN.png?resize=640%2C640&ssl=1",640,640,true],"jetpack-portfolio-admin-thumb":["https:\/\/i0.wp.com\/luxmusicae.com\/wp-content\/uploads\/2018\/06\/LuxMusicae2018_Date_SUN.png?resize=50%2C50&ssl=1",50,50,true],"featured-content-admin-thumb":["https:\/\/i0.wp.com\/luxmusicae.com\/wp-content\/uploads\/2018\/06\/LuxMusicae2018_Date_SUN.png?resize=50%2C50&ssl=1",50,50,true]},"uagb_author_info":{"display_name":"Lux Musicae Admin","author_link":"https:\/\/luxmusicae.com\/sv\/author\/admin\/"},"uagb_comment_info":0,"uagb_excerpt":"Skaldeliv i Sjunde\u00e5 kyrka kl 16. Jorma Hynninen\u00a0baryton Kimmo Hakola\u00a0piano &nbsp; Lux Musicae \u00e5terv\u00e4nder till tider n\u00e4r baritonen Jorma Hynninen och komposit\u00f6ren Kimmo Hakola gav konsert 2009. Artisterna\u00a0kommer att utf\u00f6ra Hakolas Kivi-s\u00e5ngserie igen. Dessutom h\u00f6rs Hakolas nya l\u00e5tar. S\u00e5 h\u00e4r kommer man bli upphetsad av den 20-\u00e5riga Lux Musicae-festningen 2019! Konserten b\u00f6rjar med Robert Schumanns\u00a0&hellip;","jetpack_shortlink":"https:\/\/wp.me\/P968cz-Mg","jetpack_sharing_enabled":true,"_links":{"self":[{"href":"https:\/\/luxmusicae.com\/sv\/wp-json\/wp\/v2\/pages\/2992","targetHints":{"allow":["GET"]}}],"collection":[{"href":"https:\/\/luxmusicae.com\/sv\/wp-json\/wp\/v2\/pages"}],"about":[{"href":"https:\/\/luxmusicae.com\/sv\/wp-json\/wp\/v2\/types\/page"}],"author":[{"embeddable":true,"href":"https:\/\/luxmusicae.com\/sv\/wp-json\/wp\/v2\/users\/1"}],"replies":[{"embeddable":true,"href":"https:\/\/luxmusicae.com\/sv\/wp-json\/wp\/v2\/comments?post=2992"}],"version-history":[{"count":0,"href":"https:\/\/luxmusicae.com\/sv\/wp-json\/wp\/v2\/pages\/2992\/revisions"}],"wp:featuredmedia":[{"embeddable":true,"href":"https:\/\/luxmusicae.com\/sv\/wp-json\/wp\/v2\/media\/2800"}],"wp:attachment":[{"href":"https:\/\/luxmusicae.com\/sv\/wp-json\/wp\/v2\/media?parent=2992"}],"curies":[{"name":"wp","href":"https:\/\/api.w.org\/{rel}","templated":true}]}}