{"id":2989,"date":"2018-06-18T23:16:21","date_gmt":"2018-06-18T20:16:21","guid":{"rendered":"http:\/\/luxmusicae.com\/lordag-17-11-2018\/"},"modified":"2018-06-18T23:16:21","modified_gmt":"2018-06-18T20:16:21","slug":"lordag-17-11-2018","status":"publish","type":"page","link":"https:\/\/luxmusicae.com\/sv\/lordag-17-11-2018\/","title":{"rendered":"L\u00f6rdag 17.11.2018"},"content":{"rendered":"<p><strong>Nylands Vildmarkseldar<\/strong>&#8211; evenemanget organiseras i Sjunde\u00e5. Finlands J\u00e4garf\u00f6rbunds Nylands distrikt har \u00e5rligen arrangerat evenemanget Vildmarkseldar f\u00f6r all natur- och milj\u00f6intresserade i kommuner i Nyland. Nu har turen kommit till Sjunde\u00e5.<\/p>\n<p>Nylands Vildmarkseldar firas l\u00f6rdagen den <strong>17.11.2018 med start kl. 11 vid Aleksis Kiven koulus tillf\u00e4lliga utrymmen p\u00e5 Flemingsv\u00e4gen 4.<\/strong> Bl.a. arrangeras en teckningst\u00e4vling.<\/p>\n<p>Lux Musicae \u00e4r med evenemanget som \u00e4r \u00f6ppet till alla.\u00a0<strong>Helsinki Brass Quartet\u00a0<\/strong>intr\u00e4ffar vid evenemanget. Helsinki Brass Quartet best\u00e5r av:<\/p>\n<p><strong>Janne Ovaskainen<\/strong>, trumpet<\/p>\n<p><strong>Tommi Hyytinen<\/strong>, valthorn<\/p>\n<p><strong>Sami Ruusuvuori<\/strong>, trombon<\/p>\n<p><strong>Miika J\u00e4ms\u00e4<\/strong>, tuba<\/p>\n<p>Fritt intr\u00e4de<\/p>\n<p><strong>Operans\u00a0<em>\u00d6ver svarta vatten\u00a0<\/em>utf\u00f6rande \u00e4r p\u00e5 l\u00f6rdagen kl 17 i Borgvik.<\/strong><\/p>\n<p>Biljetter 30\u20ac<\/p>\n<p>Lippu.fi, Sjunde\u00e5 bibliotek, Scandic Sjunde\u00e5<\/p>\n<p><strong>Cello ber\u00e4ttelser i Sjundby g\u00e5rd kl 19<\/strong><\/p>\n<p><strong>Sirja Nironen\u00a0<\/strong>sello<\/p>\n<p>&nbsp;<\/p>\n<p>I Sjundby g\u00e5rd h\u00f6r man cellistin\u00a0<strong>Sirja Nironen.\u00a0<\/strong>En minnesv\u00e4rd konsertupplevelse serveras\u00a0 n\u00e4r cellisten Sirja Nironen kastar sig in i det poetiska livet. Nironen, som tillh\u00f6r de yngsta generationens mest intressanta cellister debuterar p\u00e5 festivalen. Hennes prorgramme \u00e4r mycket kr\u00e4vande. Bachs, Pendereckis, Ligetis och Cassad\u00f3s verk kommer att h\u00f6ras i konsertprogrammet.<\/p>\n<p>Biljetter 30\u20ac<\/p>\n<p>Lippu.fi, Sjunde\u00e5 bibliotek, Scandic Sjunde\u00e5<\/p>\n<p><strong>Poetens tid: Dante, Shakespeare, Cervantes i Sjunde\u00e5 kyrka kl 21<\/strong>.<\/p>\n<p><strong>Anna-Maaria Oramo<\/strong>, clavismbalum och cembalo<\/p>\n<p><strong>Roman Chlada<\/strong>, organ<\/p>\n<p>Vilken typ av musik h\u00f6rde Dante i 1200-talet i Florens? Vad var det musikaliska ljudlandskapet vid Shakespeares premi\u00e4rscreening? Vilka slags id\u00e9er kom fr\u00e5n Cervantes tidss\u00e4ndare?<\/p>\n<p>P\u00e5 dessa fr\u00e5gor ger Anna-Maaria Oramo och Roman Chlada svar i konserten. Musiken kommer att h\u00f6ras fr\u00e5n slutet av 1100-talet i b\u00f6rjan av sjuttiotalet av 1700-talet.<\/p>\n<p>de Arauxo &#8211; Byrd &#8211; Bonelli &#8211; Cabez\u00f3n &#8211; de Vitry &#8211; Guinea &#8211; Landini<\/p>\n<p>Biljetter 20\u20ac<\/p>\n<p>Lippu.fi, Sjundep bibliotek, Scandic Sjunde\u00e5<\/p>\n","protected":false},"excerpt":{"rendered":"<p>Nylands Vildmarkseldar&#8211; evenemanget organiseras i Sjunde\u00e5. Finlands J\u00e4garf\u00f6rbunds Nylands distrikt har \u00e5rligen arrangerat evenemanget Vildmarkseldar f\u00f6r all natur- och milj\u00f6intresserade i kommuner i Nyland. Nu har turen kommit till Sjunde\u00e5. Nylands Vildmarkseldar firas l\u00f6rdagen den 17.11.2018 med start kl. 11 vid Aleksis Kiven koulus tillf\u00e4lliga utrymmen p\u00e5 Flemingsv\u00e4gen 4. Bl.a. arrangeras en teckningst\u00e4vling. Lux Musicae [&hellip;]<\/p>\n","protected":false},"author":1,"featured_media":2798,"parent":0,"menu_order":0,"comment_status":"closed","ping_status":"closed","template":"","meta":{"_uag_custom_page_level_css":"","jetpack_post_was_ever_published":false,"footnotes":""},"class_list":["post-2989","page","type-page","status-publish","has-post-thumbnail","hentry"],"yoast_head":"<!-- This site is optimized with the Yoast SEO plugin v26.8 - https:\/\/yoast.com\/product\/yoast-seo-wordpress\/ -->\n<title>Lux Musicae 13.-15.11.2026 - L\u00f6rdag 17.11.2018<\/title>\n<meta name=\"robots\" content=\"index, follow, max-snippet:-1, max-image-preview:large, max-video-preview:-1\" \/>\n<link rel=\"canonical\" href=\"https:\/\/luxmusicae.com\/lauantai-17-11-2018\/\" \/>\n<meta property=\"og:locale\" content=\"sv_SE\" \/>\n<meta property=\"og:type\" content=\"article\" \/>\n<meta property=\"og:title\" content=\"Lux Musicae 13.-15.11.2026 - L\u00f6rdag 17.11.2018\" \/>\n<meta property=\"og:description\" content=\"Nylands Vildmarkseldar&#8211; evenemanget organiseras i Sjunde\u00e5. Finlands J\u00e4garf\u00f6rbunds Nylands distrikt har \u00e5rligen arrangerat evenemanget Vildmarkseldar f\u00f6r all natur- och milj\u00f6intresserade i kommuner i Nyland. Nu har turen kommit till Sjunde\u00e5. Nylands Vildmarkseldar firas l\u00f6rdagen den 17.11.2018 med start kl. 11 vid Aleksis Kiven koulus tillf\u00e4lliga utrymmen p\u00e5 Flemingsv\u00e4gen 4. Bl.a. arrangeras en teckningst\u00e4vling. Lux Musicae [&hellip;]\" \/>\n<meta property=\"og:url\" content=\"https:\/\/luxmusicae.com\/lauantai-17-11-2018\/\" \/>\n<meta property=\"og:site_name\" content=\"Lux Musicae 13.-15.11.2026\" \/>\n<meta property=\"og:image\" content=\"https:\/\/i0.wp.com\/luxmusicae.com\/wp-content\/uploads\/2018\/06\/LuxMusicae2018_Date_SAT.png?fit=1500%2C1500&ssl=1\" \/>\n\t<meta property=\"og:image:width\" content=\"1500\" \/>\n\t<meta property=\"og:image:height\" content=\"1500\" \/>\n\t<meta property=\"og:image:type\" content=\"image\/png\" \/>\n<meta name=\"twitter:card\" content=\"summary_large_image\" \/>\n<meta name=\"twitter:label1\" content=\"Ber\u00e4knad l\u00e4stid\" \/>\n\t<meta name=\"twitter:data1\" content=\"1 minut\" \/>\n<script type=\"application\/ld+json\" class=\"yoast-schema-graph\">{\"@context\":\"https:\/\/schema.org\",\"@graph\":[{\"@type\":\"WebPage\",\"@id\":\"https:\/\/luxmusicae.com\/lauantai-17-11-2018\/\",\"url\":\"https:\/\/luxmusicae.com\/lauantai-17-11-2018\/\",\"name\":\"Lux Musicae 13.-15.11.2026 - L\u00f6rdag 17.11.2018\",\"isPartOf\":{\"@id\":\"https:\/\/luxmusicae.com\/#website\"},\"primaryImageOfPage\":{\"@id\":\"https:\/\/luxmusicae.com\/lauantai-17-11-2018\/#primaryimage\"},\"image\":{\"@id\":\"https:\/\/luxmusicae.com\/lauantai-17-11-2018\/#primaryimage\"},\"thumbnailUrl\":\"https:\/\/i0.wp.com\/luxmusicae.com\/wp-content\/uploads\/2018\/06\/LuxMusicae2018_Date_SAT.png?fit=1500%2C1500&ssl=1\",\"datePublished\":\"2018-06-18T20:16:21+00:00\",\"breadcrumb\":{\"@id\":\"https:\/\/luxmusicae.com\/lauantai-17-11-2018\/#breadcrumb\"},\"inLanguage\":\"sv-SE\",\"potentialAction\":[{\"@type\":\"ReadAction\",\"target\":[\"https:\/\/luxmusicae.com\/lauantai-17-11-2018\/\"]}]},{\"@type\":\"ImageObject\",\"inLanguage\":\"sv-SE\",\"@id\":\"https:\/\/luxmusicae.com\/lauantai-17-11-2018\/#primaryimage\",\"url\":\"https:\/\/i0.wp.com\/luxmusicae.com\/wp-content\/uploads\/2018\/06\/LuxMusicae2018_Date_SAT.png?fit=1500%2C1500&ssl=1\",\"contentUrl\":\"https:\/\/i0.wp.com\/luxmusicae.com\/wp-content\/uploads\/2018\/06\/LuxMusicae2018_Date_SAT.png?fit=1500%2C1500&ssl=1\",\"width\":1500,\"height\":1500},{\"@type\":\"BreadcrumbList\",\"@id\":\"https:\/\/luxmusicae.com\/lauantai-17-11-2018\/#breadcrumb\",\"itemListElement\":[{\"@type\":\"ListItem\",\"position\":1,\"name\":\"Etusivu\",\"item\":\"https:\/\/luxmusicae.com\/\"},{\"@type\":\"ListItem\",\"position\":2,\"name\":\"L\u00f6rdag 17.11.2018\"}]},{\"@type\":\"WebSite\",\"@id\":\"https:\/\/luxmusicae.com\/#website\",\"url\":\"https:\/\/luxmusicae.com\/\",\"name\":\"Lux Musicae 13.-15.11.2026\",\"description\":\"Musiikkifestivaali Siuntiossa joka vuoden marraskuussa! - Musikfestival i Sjunde\u00e5. Varje \u00e5r i November! - Music Festival of Siuntio. Every year in november!\",\"publisher\":{\"@id\":\"https:\/\/luxmusicae.com\/#organization\"},\"potentialAction\":[{\"@type\":\"SearchAction\",\"target\":{\"@type\":\"EntryPoint\",\"urlTemplate\":\"https:\/\/luxmusicae.com\/?s={search_term_string}\"},\"query-input\":{\"@type\":\"PropertyValueSpecification\",\"valueRequired\":true,\"valueName\":\"search_term_string\"}}],\"inLanguage\":\"sv-SE\"},{\"@type\":\"Organization\",\"@id\":\"https:\/\/luxmusicae.com\/#organization\",\"name\":\"Lux Musicae 13.-15.11.2026\",\"url\":\"https:\/\/luxmusicae.com\/\",\"logo\":{\"@type\":\"ImageObject\",\"inLanguage\":\"sv-SE\",\"@id\":\"https:\/\/luxmusicae.com\/#\/schema\/logo\/image\/\",\"url\":\"https:\/\/i0.wp.com\/luxmusicae.com\/wp-content\/uploads\/2024\/07\/cropped-LuxMusicae2024_www_LOGO.png?fit=100%2C100&ssl=1\",\"contentUrl\":\"https:\/\/i0.wp.com\/luxmusicae.com\/wp-content\/uploads\/2024\/07\/cropped-LuxMusicae2024_www_LOGO.png?fit=100%2C100&ssl=1\",\"width\":100,\"height\":100,\"caption\":\"Lux Musicae 13.-15.11.2026\"},\"image\":{\"@id\":\"https:\/\/luxmusicae.com\/#\/schema\/logo\/image\/\"}}]}<\/script>\n<!-- \/ Yoast SEO plugin. -->","yoast_head_json":{"title":"Lux Musicae 13.-15.11.2026 - L\u00f6rdag 17.11.2018","robots":{"index":"index","follow":"follow","max-snippet":"max-snippet:-1","max-image-preview":"max-image-preview:large","max-video-preview":"max-video-preview:-1"},"canonical":"https:\/\/luxmusicae.com\/lauantai-17-11-2018\/","og_locale":"sv_SE","og_type":"article","og_title":"Lux Musicae 13.-15.11.2026 - L\u00f6rdag 17.11.2018","og_description":"Nylands Vildmarkseldar&#8211; evenemanget organiseras i Sjunde\u00e5. Finlands J\u00e4garf\u00f6rbunds Nylands distrikt har \u00e5rligen arrangerat evenemanget Vildmarkseldar f\u00f6r all natur- och milj\u00f6intresserade i kommuner i Nyland. Nu har turen kommit till Sjunde\u00e5. Nylands Vildmarkseldar firas l\u00f6rdagen den 17.11.2018 med start kl. 11 vid Aleksis Kiven koulus tillf\u00e4lliga utrymmen p\u00e5 Flemingsv\u00e4gen 4. Bl.a. arrangeras en teckningst\u00e4vling. Lux Musicae [&hellip;]","og_url":"https:\/\/luxmusicae.com\/lauantai-17-11-2018\/","og_site_name":"Lux Musicae 13.-15.11.2026","og_image":[{"width":1500,"height":1500,"url":"https:\/\/i0.wp.com\/luxmusicae.com\/wp-content\/uploads\/2018\/06\/LuxMusicae2018_Date_SAT.png?fit=1500%2C1500&ssl=1","type":"image\/png"}],"twitter_card":"summary_large_image","twitter_misc":{"Ber\u00e4knad l\u00e4stid":"1 minut"},"schema":{"@context":"https:\/\/schema.org","@graph":[{"@type":"WebPage","@id":"https:\/\/luxmusicae.com\/lauantai-17-11-2018\/","url":"https:\/\/luxmusicae.com\/lauantai-17-11-2018\/","name":"Lux Musicae 13.-15.11.2026 - L\u00f6rdag 17.11.2018","isPartOf":{"@id":"https:\/\/luxmusicae.com\/#website"},"primaryImageOfPage":{"@id":"https:\/\/luxmusicae.com\/lauantai-17-11-2018\/#primaryimage"},"image":{"@id":"https:\/\/luxmusicae.com\/lauantai-17-11-2018\/#primaryimage"},"thumbnailUrl":"https:\/\/i0.wp.com\/luxmusicae.com\/wp-content\/uploads\/2018\/06\/LuxMusicae2018_Date_SAT.png?fit=1500%2C1500&ssl=1","datePublished":"2018-06-18T20:16:21+00:00","breadcrumb":{"@id":"https:\/\/luxmusicae.com\/lauantai-17-11-2018\/#breadcrumb"},"inLanguage":"sv-SE","potentialAction":[{"@type":"ReadAction","target":["https:\/\/luxmusicae.com\/lauantai-17-11-2018\/"]}]},{"@type":"ImageObject","inLanguage":"sv-SE","@id":"https:\/\/luxmusicae.com\/lauantai-17-11-2018\/#primaryimage","url":"https:\/\/i0.wp.com\/luxmusicae.com\/wp-content\/uploads\/2018\/06\/LuxMusicae2018_Date_SAT.png?fit=1500%2C1500&ssl=1","contentUrl":"https:\/\/i0.wp.com\/luxmusicae.com\/wp-content\/uploads\/2018\/06\/LuxMusicae2018_Date_SAT.png?fit=1500%2C1500&ssl=1","width":1500,"height":1500},{"@type":"BreadcrumbList","@id":"https:\/\/luxmusicae.com\/lauantai-17-11-2018\/#breadcrumb","itemListElement":[{"@type":"ListItem","position":1,"name":"Etusivu","item":"https:\/\/luxmusicae.com\/"},{"@type":"ListItem","position":2,"name":"L\u00f6rdag 17.11.2018"}]},{"@type":"WebSite","@id":"https:\/\/luxmusicae.com\/#website","url":"https:\/\/luxmusicae.com\/","name":"Lux Musicae 13.-15.11.2026","description":"Musiikkifestivaali Siuntiossa joka vuoden marraskuussa! - Musikfestival i Sjunde\u00e5. Varje \u00e5r i November! - Music Festival of Siuntio. Every year in november!","publisher":{"@id":"https:\/\/luxmusicae.com\/#organization"},"potentialAction":[{"@type":"SearchAction","target":{"@type":"EntryPoint","urlTemplate":"https:\/\/luxmusicae.com\/?s={search_term_string}"},"query-input":{"@type":"PropertyValueSpecification","valueRequired":true,"valueName":"search_term_string"}}],"inLanguage":"sv-SE"},{"@type":"Organization","@id":"https:\/\/luxmusicae.com\/#organization","name":"Lux Musicae 13.-15.11.2026","url":"https:\/\/luxmusicae.com\/","logo":{"@type":"ImageObject","inLanguage":"sv-SE","@id":"https:\/\/luxmusicae.com\/#\/schema\/logo\/image\/","url":"https:\/\/i0.wp.com\/luxmusicae.com\/wp-content\/uploads\/2024\/07\/cropped-LuxMusicae2024_www_LOGO.png?fit=100%2C100&ssl=1","contentUrl":"https:\/\/i0.wp.com\/luxmusicae.com\/wp-content\/uploads\/2024\/07\/cropped-LuxMusicae2024_www_LOGO.png?fit=100%2C100&ssl=1","width":100,"height":100,"caption":"Lux Musicae 13.-15.11.2026"},"image":{"@id":"https:\/\/luxmusicae.com\/#\/schema\/logo\/image\/"}}]}},"uagb_featured_image_src":{"full":["https:\/\/i0.wp.com\/luxmusicae.com\/wp-content\/uploads\/2018\/06\/LuxMusicae2018_Date_SAT.png?fit=1500%2C1500&ssl=1",1500,1500,false],"thumbnail":["https:\/\/i0.wp.com\/luxmusicae.com\/wp-content\/uploads\/2018\/06\/LuxMusicae2018_Date_SAT.png?resize=150%2C150&ssl=1",150,150,true],"medium":["https:\/\/i0.wp.com\/luxmusicae.com\/wp-content\/uploads\/2018\/06\/LuxMusicae2018_Date_SAT.png?fit=300%2C300&ssl=1",300,300,true],"medium_large":["https:\/\/i0.wp.com\/luxmusicae.com\/wp-content\/uploads\/2018\/06\/LuxMusicae2018_Date_SAT.png?fit=768%2C768&ssl=1",768,768,true],"large":["https:\/\/i0.wp.com\/luxmusicae.com\/wp-content\/uploads\/2018\/06\/LuxMusicae2018_Date_SAT.png?fit=1024%2C1024&ssl=1",1024,1024,true],"1536x1536":["https:\/\/i0.wp.com\/luxmusicae.com\/wp-content\/uploads\/2018\/06\/LuxMusicae2018_Date_SAT.png?fit=1500%2C1500&ssl=1",1500,1500,true],"2048x2048":["https:\/\/i0.wp.com\/luxmusicae.com\/wp-content\/uploads\/2018\/06\/LuxMusicae2018_Date_SAT.png?fit=1500%2C1500&ssl=1",1500,1500,true],"ect-jetpack-portfolio-featured":["https:\/\/i0.wp.com\/luxmusicae.com\/wp-content\/uploads\/2018\/06\/LuxMusicae2018_Date_SAT.png?resize=640%2C640&ssl=1",640,640,true],"ect-featured-content":["https:\/\/i0.wp.com\/luxmusicae.com\/wp-content\/uploads\/2018\/06\/LuxMusicae2018_Date_SAT.png?resize=640%2C640&ssl=1",640,640,true],"jetpack-portfolio-admin-thumb":["https:\/\/i0.wp.com\/luxmusicae.com\/wp-content\/uploads\/2018\/06\/LuxMusicae2018_Date_SAT.png?resize=50%2C50&ssl=1",50,50,true],"featured-content-admin-thumb":["https:\/\/i0.wp.com\/luxmusicae.com\/wp-content\/uploads\/2018\/06\/LuxMusicae2018_Date_SAT.png?resize=50%2C50&ssl=1",50,50,true]},"uagb_author_info":{"display_name":"Lux Musicae Admin","author_link":"https:\/\/luxmusicae.com\/sv\/author\/admin\/"},"uagb_comment_info":0,"uagb_excerpt":"Nylands Vildmarkseldar&#8211; evenemanget organiseras i Sjunde\u00e5. Finlands J\u00e4garf\u00f6rbunds Nylands distrikt har \u00e5rligen arrangerat evenemanget Vildmarkseldar f\u00f6r all natur- och milj\u00f6intresserade i kommuner i Nyland. Nu har turen kommit till Sjunde\u00e5. Nylands Vildmarkseldar firas l\u00f6rdagen den 17.11.2018 med start kl. 11 vid Aleksis Kiven koulus tillf\u00e4lliga utrymmen p\u00e5 Flemingsv\u00e4gen 4. Bl.a. arrangeras en teckningst\u00e4vling. Lux Musicae&hellip;","jetpack_shortlink":"https:\/\/wp.me\/P968cz-Md","jetpack_sharing_enabled":true,"_links":{"self":[{"href":"https:\/\/luxmusicae.com\/sv\/wp-json\/wp\/v2\/pages\/2989","targetHints":{"allow":["GET"]}}],"collection":[{"href":"https:\/\/luxmusicae.com\/sv\/wp-json\/wp\/v2\/pages"}],"about":[{"href":"https:\/\/luxmusicae.com\/sv\/wp-json\/wp\/v2\/types\/page"}],"author":[{"embeddable":true,"href":"https:\/\/luxmusicae.com\/sv\/wp-json\/wp\/v2\/users\/1"}],"replies":[{"embeddable":true,"href":"https:\/\/luxmusicae.com\/sv\/wp-json\/wp\/v2\/comments?post=2989"}],"version-history":[{"count":0,"href":"https:\/\/luxmusicae.com\/sv\/wp-json\/wp\/v2\/pages\/2989\/revisions"}],"wp:featuredmedia":[{"embeddable":true,"href":"https:\/\/luxmusicae.com\/sv\/wp-json\/wp\/v2\/media\/2798"}],"wp:attachment":[{"href":"https:\/\/luxmusicae.com\/sv\/wp-json\/wp\/v2\/media?parent=2989"}],"curies":[{"name":"wp","href":"https:\/\/api.w.org\/{rel}","templated":true}]}}