{"id":2977,"date":"2017-08-23T15:41:19","date_gmt":"2017-08-23T12:41:19","guid":{"rendered":"http:\/\/luxmusicae.com\/om-oss\/"},"modified":"2024-08-18T21:47:53","modified_gmt":"2024-08-18T18:47:53","slug":"om-oss","status":"publish","type":"page","link":"https:\/\/luxmusicae.com\/sv\/om-oss\/","title":{"rendered":"Om oss"},"content":{"rendered":"<p>Lux Musicae fo\u0308renar novembermo\u0308rkret med ljuset fra\u030an musiken. Platserna fo\u0308r konserterna a\u0308r den medeltida byggnaden Sjundea\u030a S:t Petri kyrka, Bildningscampuset\u00a0 Sjunde\u00e5 hj\u00e4rta och Villa Miina, n\u00e4r\u00e4 hotell Sjunde\u00e5.<\/p>\n<p>Lux Musicaes nyckelord a\u0308r ny och gammal musik, utbildning och att go\u0308ra a\u030aret till en rik kulturoas som ger na\u0308ring a\u030at publiken pa\u030a ma\u030anga sa\u0308tt i Sjundea\u030a, i va\u0308stra Nyland men ocks\u00e5 i huvudstadregionen. Temat f\u00f6r \u00e5ret 2024 \u00e4r Syd\u00e4meni kyllyydest\u00e4 &#8211; ur djupet av mitt hj\u00e4rta!<\/p>\n<p>.<\/p>\n","protected":false},"excerpt":{"rendered":"<p>Lux Musicae fo\u0308renar novembermo\u0308rkret med ljuset fra\u030an musiken. Platserna fo\u0308r konserterna a\u0308r den medeltida byggnaden Sjundea\u030a S:t Petri kyrka, Bildningscampuset\u00a0 Sjunde\u00e5 hj\u00e4rta och Villa Miina, n\u00e4r\u00e4 hotell Sjunde\u00e5. Lux Musicaes nyckelord a\u0308r ny och gammal musik, utbildning och att go\u0308ra a\u030aret till en rik kulturoas som ger na\u0308ring a\u030at publiken pa\u030a ma\u030anga sa\u0308tt i Sjundea\u030a, [&hellip;]<\/p>\n","protected":false},"author":1,"featured_media":2744,"parent":0,"menu_order":0,"comment_status":"closed","ping_status":"closed","template":"","meta":{"_uag_custom_page_level_css":"","jetpack_post_was_ever_published":false,"footnotes":""},"class_list":["post-2977","page","type-page","status-publish","has-post-thumbnail","hentry"],"yoast_head":"<!-- This site is optimized with the Yoast SEO plugin v26.8 - https:\/\/yoast.com\/product\/yoast-seo-wordpress\/ -->\n<title>Lux Musicae 13.-15.11.2026 - Om oss<\/title>\n<meta name=\"robots\" content=\"index, follow, max-snippet:-1, max-image-preview:large, max-video-preview:-1\" \/>\n<link rel=\"canonical\" href=\"https:\/\/luxmusicae.com\/tietoa-meista\/\" \/>\n<meta property=\"og:locale\" content=\"sv_SE\" \/>\n<meta property=\"og:type\" content=\"article\" \/>\n<meta property=\"og:title\" content=\"Lux Musicae 13.-15.11.2026 - Om oss\" \/>\n<meta property=\"og:description\" content=\"Lux Musicae fo\u0308renar novembermo\u0308rkret med ljuset fra\u030an musiken. Platserna fo\u0308r konserterna a\u0308r den medeltida byggnaden Sjundea\u030a S:t Petri kyrka, Bildningscampuset\u00a0 Sjunde\u00e5 hj\u00e4rta och Villa Miina, n\u00e4r\u00e4 hotell Sjunde\u00e5. Lux Musicaes nyckelord a\u0308r ny och gammal musik, utbildning och att go\u0308ra a\u030aret till en rik kulturoas som ger na\u0308ring a\u030at publiken pa\u030a ma\u030anga sa\u0308tt i Sjundea\u030a, [&hellip;]\" \/>\n<meta property=\"og:url\" content=\"https:\/\/luxmusicae.com\/tietoa-meista\/\" \/>\n<meta property=\"og:site_name\" content=\"Lux Musicae 13.-15.11.2026\" \/>\n<meta property=\"article:modified_time\" content=\"2024-08-18T18:47:53+00:00\" \/>\n<meta property=\"og:image\" content=\"https:\/\/luxmusicae.com\/wp-content\/uploads\/2017\/08\/IMG_3758-hq-1024x683.jpg\" \/>\n\t<meta property=\"og:image:width\" content=\"1024\" \/>\n\t<meta property=\"og:image:height\" content=\"683\" \/>\n\t<meta property=\"og:image:type\" content=\"image\/jpeg\" \/>\n<meta name=\"twitter:card\" content=\"summary_large_image\" \/>\n<script type=\"application\/ld+json\" class=\"yoast-schema-graph\">{\"@context\":\"https:\/\/schema.org\",\"@graph\":[{\"@type\":\"WebPage\",\"@id\":\"https:\/\/luxmusicae.com\/tietoa-meista\/\",\"url\":\"https:\/\/luxmusicae.com\/tietoa-meista\/\",\"name\":\"Lux Musicae 13.-15.11.2026 - Om oss\",\"isPartOf\":{\"@id\":\"https:\/\/luxmusicae.com\/#website\"},\"primaryImageOfPage\":{\"@id\":\"https:\/\/luxmusicae.com\/tietoa-meista\/#primaryimage\"},\"image\":{\"@id\":\"https:\/\/luxmusicae.com\/tietoa-meista\/#primaryimage\"},\"thumbnailUrl\":\"https:\/\/i0.wp.com\/luxmusicae.com\/wp-content\/uploads\/2017\/08\/IMG_3758-hq.jpg?fit=5616%2C3744&ssl=1\",\"datePublished\":\"2017-08-23T12:41:19+00:00\",\"dateModified\":\"2024-08-18T18:47:53+00:00\",\"breadcrumb\":{\"@id\":\"https:\/\/luxmusicae.com\/tietoa-meista\/#breadcrumb\"},\"inLanguage\":\"sv-SE\",\"potentialAction\":[{\"@type\":\"ReadAction\",\"target\":[\"https:\/\/luxmusicae.com\/tietoa-meista\/\"]}]},{\"@type\":\"ImageObject\",\"inLanguage\":\"sv-SE\",\"@id\":\"https:\/\/luxmusicae.com\/tietoa-meista\/#primaryimage\",\"url\":\"https:\/\/i0.wp.com\/luxmusicae.com\/wp-content\/uploads\/2017\/08\/IMG_3758-hq.jpg?fit=5616%2C3744&ssl=1\",\"contentUrl\":\"https:\/\/i0.wp.com\/luxmusicae.com\/wp-content\/uploads\/2017\/08\/IMG_3758-hq.jpg?fit=5616%2C3744&ssl=1\",\"width\":5616,\"height\":3744},{\"@type\":\"BreadcrumbList\",\"@id\":\"https:\/\/luxmusicae.com\/tietoa-meista\/#breadcrumb\",\"itemListElement\":[{\"@type\":\"ListItem\",\"position\":1,\"name\":\"Etusivu\",\"item\":\"https:\/\/luxmusicae.com\/\"},{\"@type\":\"ListItem\",\"position\":2,\"name\":\"Om oss\"}]},{\"@type\":\"WebSite\",\"@id\":\"https:\/\/luxmusicae.com\/#website\",\"url\":\"https:\/\/luxmusicae.com\/\",\"name\":\"Lux Musicae 13.-15.11.2026\",\"description\":\"Musiikkifestivaali Siuntiossa joka vuoden marraskuussa! - Musikfestival i Sjunde\u00e5. Varje \u00e5r i November! - Music Festival of Siuntio. Every year in november!\",\"publisher\":{\"@id\":\"https:\/\/luxmusicae.com\/#organization\"},\"potentialAction\":[{\"@type\":\"SearchAction\",\"target\":{\"@type\":\"EntryPoint\",\"urlTemplate\":\"https:\/\/luxmusicae.com\/?s={search_term_string}\"},\"query-input\":{\"@type\":\"PropertyValueSpecification\",\"valueRequired\":true,\"valueName\":\"search_term_string\"}}],\"inLanguage\":\"sv-SE\"},{\"@type\":\"Organization\",\"@id\":\"https:\/\/luxmusicae.com\/#organization\",\"name\":\"Lux Musicae 13.-15.11.2026\",\"url\":\"https:\/\/luxmusicae.com\/\",\"logo\":{\"@type\":\"ImageObject\",\"inLanguage\":\"sv-SE\",\"@id\":\"https:\/\/luxmusicae.com\/#\/schema\/logo\/image\/\",\"url\":\"https:\/\/i0.wp.com\/luxmusicae.com\/wp-content\/uploads\/2024\/07\/cropped-LuxMusicae2024_www_LOGO.png?fit=100%2C100&ssl=1\",\"contentUrl\":\"https:\/\/i0.wp.com\/luxmusicae.com\/wp-content\/uploads\/2024\/07\/cropped-LuxMusicae2024_www_LOGO.png?fit=100%2C100&ssl=1\",\"width\":100,\"height\":100,\"caption\":\"Lux Musicae 13.-15.11.2026\"},\"image\":{\"@id\":\"https:\/\/luxmusicae.com\/#\/schema\/logo\/image\/\"}}]}<\/script>\n<!-- \/ Yoast SEO plugin. -->","yoast_head_json":{"title":"Lux Musicae 13.-15.11.2026 - Om oss","robots":{"index":"index","follow":"follow","max-snippet":"max-snippet:-1","max-image-preview":"max-image-preview:large","max-video-preview":"max-video-preview:-1"},"canonical":"https:\/\/luxmusicae.com\/tietoa-meista\/","og_locale":"sv_SE","og_type":"article","og_title":"Lux Musicae 13.-15.11.2026 - Om oss","og_description":"Lux Musicae fo\u0308renar novembermo\u0308rkret med ljuset fra\u030an musiken. Platserna fo\u0308r konserterna a\u0308r den medeltida byggnaden Sjundea\u030a S:t Petri kyrka, Bildningscampuset\u00a0 Sjunde\u00e5 hj\u00e4rta och Villa Miina, n\u00e4r\u00e4 hotell Sjunde\u00e5. Lux Musicaes nyckelord a\u0308r ny och gammal musik, utbildning och att go\u0308ra a\u030aret till en rik kulturoas som ger na\u0308ring a\u030at publiken pa\u030a ma\u030anga sa\u0308tt i Sjundea\u030a, [&hellip;]","og_url":"https:\/\/luxmusicae.com\/tietoa-meista\/","og_site_name":"Lux Musicae 13.-15.11.2026","article_modified_time":"2024-08-18T18:47:53+00:00","og_image":[{"width":1024,"height":683,"url":"https:\/\/luxmusicae.com\/wp-content\/uploads\/2017\/08\/IMG_3758-hq-1024x683.jpg","type":"image\/jpeg"}],"twitter_card":"summary_large_image","schema":{"@context":"https:\/\/schema.org","@graph":[{"@type":"WebPage","@id":"https:\/\/luxmusicae.com\/tietoa-meista\/","url":"https:\/\/luxmusicae.com\/tietoa-meista\/","name":"Lux Musicae 13.-15.11.2026 - Om oss","isPartOf":{"@id":"https:\/\/luxmusicae.com\/#website"},"primaryImageOfPage":{"@id":"https:\/\/luxmusicae.com\/tietoa-meista\/#primaryimage"},"image":{"@id":"https:\/\/luxmusicae.com\/tietoa-meista\/#primaryimage"},"thumbnailUrl":"https:\/\/i0.wp.com\/luxmusicae.com\/wp-content\/uploads\/2017\/08\/IMG_3758-hq.jpg?fit=5616%2C3744&ssl=1","datePublished":"2017-08-23T12:41:19+00:00","dateModified":"2024-08-18T18:47:53+00:00","breadcrumb":{"@id":"https:\/\/luxmusicae.com\/tietoa-meista\/#breadcrumb"},"inLanguage":"sv-SE","potentialAction":[{"@type":"ReadAction","target":["https:\/\/luxmusicae.com\/tietoa-meista\/"]}]},{"@type":"ImageObject","inLanguage":"sv-SE","@id":"https:\/\/luxmusicae.com\/tietoa-meista\/#primaryimage","url":"https:\/\/i0.wp.com\/luxmusicae.com\/wp-content\/uploads\/2017\/08\/IMG_3758-hq.jpg?fit=5616%2C3744&ssl=1","contentUrl":"https:\/\/i0.wp.com\/luxmusicae.com\/wp-content\/uploads\/2017\/08\/IMG_3758-hq.jpg?fit=5616%2C3744&ssl=1","width":5616,"height":3744},{"@type":"BreadcrumbList","@id":"https:\/\/luxmusicae.com\/tietoa-meista\/#breadcrumb","itemListElement":[{"@type":"ListItem","position":1,"name":"Etusivu","item":"https:\/\/luxmusicae.com\/"},{"@type":"ListItem","position":2,"name":"Om oss"}]},{"@type":"WebSite","@id":"https:\/\/luxmusicae.com\/#website","url":"https:\/\/luxmusicae.com\/","name":"Lux Musicae 13.-15.11.2026","description":"Musiikkifestivaali Siuntiossa joka vuoden marraskuussa! - Musikfestival i Sjunde\u00e5. Varje \u00e5r i November! - Music Festival of Siuntio. Every year in november!","publisher":{"@id":"https:\/\/luxmusicae.com\/#organization"},"potentialAction":[{"@type":"SearchAction","target":{"@type":"EntryPoint","urlTemplate":"https:\/\/luxmusicae.com\/?s={search_term_string}"},"query-input":{"@type":"PropertyValueSpecification","valueRequired":true,"valueName":"search_term_string"}}],"inLanguage":"sv-SE"},{"@type":"Organization","@id":"https:\/\/luxmusicae.com\/#organization","name":"Lux Musicae 13.-15.11.2026","url":"https:\/\/luxmusicae.com\/","logo":{"@type":"ImageObject","inLanguage":"sv-SE","@id":"https:\/\/luxmusicae.com\/#\/schema\/logo\/image\/","url":"https:\/\/i0.wp.com\/luxmusicae.com\/wp-content\/uploads\/2024\/07\/cropped-LuxMusicae2024_www_LOGO.png?fit=100%2C100&ssl=1","contentUrl":"https:\/\/i0.wp.com\/luxmusicae.com\/wp-content\/uploads\/2024\/07\/cropped-LuxMusicae2024_www_LOGO.png?fit=100%2C100&ssl=1","width":100,"height":100,"caption":"Lux Musicae 13.-15.11.2026"},"image":{"@id":"https:\/\/luxmusicae.com\/#\/schema\/logo\/image\/"}}]}},"uagb_featured_image_src":{"full":["https:\/\/i0.wp.com\/luxmusicae.com\/wp-content\/uploads\/2017\/08\/IMG_3758-hq.jpg?fit=5616%2C3744&ssl=1",5616,3744,false],"thumbnail":["https:\/\/i0.wp.com\/luxmusicae.com\/wp-content\/uploads\/2017\/08\/IMG_3758-hq.jpg?resize=150%2C150&ssl=1",150,150,true],"medium":["https:\/\/i0.wp.com\/luxmusicae.com\/wp-content\/uploads\/2017\/08\/IMG_3758-hq.jpg?fit=300%2C200&ssl=1",300,200,true],"medium_large":["https:\/\/i0.wp.com\/luxmusicae.com\/wp-content\/uploads\/2017\/08\/IMG_3758-hq.jpg?fit=768%2C512&ssl=1",768,512,true],"large":["https:\/\/i0.wp.com\/luxmusicae.com\/wp-content\/uploads\/2017\/08\/IMG_3758-hq.jpg?fit=1024%2C683&ssl=1",1024,683,true],"1536x1536":["https:\/\/i0.wp.com\/luxmusicae.com\/wp-content\/uploads\/2017\/08\/IMG_3758-hq.jpg?fit=1536%2C1024&ssl=1",1536,1024,true],"2048x2048":["https:\/\/i0.wp.com\/luxmusicae.com\/wp-content\/uploads\/2017\/08\/IMG_3758-hq.jpg?fit=2048%2C1365&ssl=1",2048,1365,true],"ect-jetpack-portfolio-featured":["https:\/\/i0.wp.com\/luxmusicae.com\/wp-content\/uploads\/2017\/08\/IMG_3758-hq.jpg?resize=640%2C640&ssl=1",640,640,true],"ect-featured-content":["https:\/\/i0.wp.com\/luxmusicae.com\/wp-content\/uploads\/2017\/08\/IMG_3758-hq.jpg?resize=640%2C640&ssl=1",640,640,true],"jetpack-portfolio-admin-thumb":["https:\/\/i0.wp.com\/luxmusicae.com\/wp-content\/uploads\/2017\/08\/IMG_3758-hq.jpg?resize=50%2C50&ssl=1",50,50,true],"featured-content-admin-thumb":["https:\/\/i0.wp.com\/luxmusicae.com\/wp-content\/uploads\/2017\/08\/IMG_3758-hq.jpg?resize=50%2C50&ssl=1",50,50,true]},"uagb_author_info":{"display_name":"Lux Musicae Admin","author_link":"https:\/\/luxmusicae.com\/sv\/author\/admin\/"},"uagb_comment_info":0,"uagb_excerpt":"Lux Musicae fo\u0308renar novembermo\u0308rkret med ljuset fra\u030an musiken. Platserna fo\u0308r konserterna a\u0308r den medeltida byggnaden Sjundea\u030a S:t Petri kyrka, Bildningscampuset\u00a0 Sjunde\u00e5 hj\u00e4rta och Villa Miina, n\u00e4r\u00e4 hotell Sjunde\u00e5. Lux Musicaes nyckelord a\u0308r ny och gammal musik, utbildning och att go\u0308ra a\u030aret till en rik kulturoas som ger na\u0308ring a\u030at publiken pa\u030a ma\u030anga sa\u0308tt i Sjundea\u030a,&hellip;","jetpack_shortlink":"https:\/\/wp.me\/P968cz-M1","jetpack_sharing_enabled":true,"_links":{"self":[{"href":"https:\/\/luxmusicae.com\/sv\/wp-json\/wp\/v2\/pages\/2977","targetHints":{"allow":["GET"]}}],"collection":[{"href":"https:\/\/luxmusicae.com\/sv\/wp-json\/wp\/v2\/pages"}],"about":[{"href":"https:\/\/luxmusicae.com\/sv\/wp-json\/wp\/v2\/types\/page"}],"author":[{"embeddable":true,"href":"https:\/\/luxmusicae.com\/sv\/wp-json\/wp\/v2\/users\/1"}],"replies":[{"embeddable":true,"href":"https:\/\/luxmusicae.com\/sv\/wp-json\/wp\/v2\/comments?post=2977"}],"version-history":[{"count":3,"href":"https:\/\/luxmusicae.com\/sv\/wp-json\/wp\/v2\/pages\/2977\/revisions"}],"predecessor-version":[{"id":5413,"href":"https:\/\/luxmusicae.com\/sv\/wp-json\/wp\/v2\/pages\/2977\/revisions\/5413"}],"wp:featuredmedia":[{"embeddable":true,"href":"https:\/\/luxmusicae.com\/sv\/wp-json\/wp\/v2\/media\/2744"}],"wp:attachment":[{"href":"https:\/\/luxmusicae.com\/sv\/wp-json\/wp\/v2\/media?parent=2977"}],"curies":[{"name":"wp","href":"https:\/\/api.w.org\/{rel}","templated":true}]}}