{"version":"1.0","provider_name":"Lux Musicae 13.-15.11.2026","provider_url":"https:\/\/luxmusicae.com\/sv\/","author_name":"Arja Alho","author_url":"https:\/\/luxmusicae.com\/sv\/author\/arja\/","title":"Lux Musicae 13.-15.11.2026 - Riitta Paakki trios konsert sluts\u00e5ld!","type":"rich","width":600,"height":338,"html":"<blockquote class=\"wp-embedded-content\" data-secret=\"O1goQf0Ktr\"><a href=\"https:\/\/luxmusicae.com\/sv\/riitta-paakki-trios-konsert-slutsald\/\">Riitta Paakki trios konsert sluts\u00e5ld!<\/a><\/blockquote><iframe sandbox=\"allow-scripts\" security=\"restricted\" src=\"https:\/\/luxmusicae.com\/sv\/riitta-paakki-trios-konsert-slutsald\/embed\/#?secret=O1goQf0Ktr\" width=\"600\" height=\"338\" title=\"\u201dRiitta Paakki trios konsert sluts\u00e5ld!\u201d &ndash; Lux Musicae 13.-15.11.2026\" data-secret=\"O1goQf0Ktr\" frameborder=\"0\" marginwidth=\"0\" marginheight=\"0\" scrolling=\"no\" class=\"wp-embedded-content\"><\/iframe><script type=\"text\/javascript\">\n\/* <![CDATA[ *\/\n\/*! This file is auto-generated *\/\n!function(d,l){\"use strict\";l.querySelector&&d.addEventListener&&\"undefined\"!=typeof URL&&(d.wp=d.wp||{},d.wp.receiveEmbedMessage||(d.wp.receiveEmbedMessage=function(e){var t=e.data;if((t||t.secret||t.message||t.value)&&!\/[^a-zA-Z0-9]\/.test(t.secret)){for(var s,r,n,a=l.querySelectorAll('iframe[data-secret=\"'+t.secret+'\"]'),o=l.querySelectorAll('blockquote[data-secret=\"'+t.secret+'\"]'),c=new RegExp(\"^https?:$\",\"i\"),i=0;i<o.length;i++)o[i].style.display=\"none\";for(i=0;i<a.length;i++)s=a[i],e.source===s.contentWindow&&(s.removeAttribute(\"style\"),\"height\"===t.message?(1e3<(r=parseInt(t.value,10))?r=1e3:~~r<200&&(r=200),s.height=r):\"link\"===t.message&&(r=new URL(s.getAttribute(\"src\")),n=new URL(t.value),c.test(n.protocol))&&n.host===r.host&&l.activeElement===s&&(d.top.location.href=t.value))}},d.addEventListener(\"message\",d.wp.receiveEmbedMessage,!1),l.addEventListener(\"DOMContentLoaded\",function(){for(var e,t,s=l.querySelectorAll(\"iframe.wp-embedded-content\"),r=0;r<s.length;r++)(t=(e=s[r]).getAttribute(\"data-secret\"))||(t=Math.random().toString(36).substring(2,12),e.src+=\"#?secret=\"+t,e.setAttribute(\"data-secret\",t)),e.contentWindow.postMessage({message:\"ready\",secret:t},\"*\")},!1)))}(window,document);\n\/\/# sourceURL=https:\/\/luxmusicae.com\/wp-includes\/js\/wp-embed.min.js\n\/* ]]> *\/\n<\/script>\n","description":"Men oroa dig inte! En konsert av Aili J\u00e4rvel\u00e4 och Sigurdur R\u00f6gnvaldsson l\u00f6rdagen den 16.11. kl. 18 Bildningscampuset Sjunde\u00e5 hj\u00e4rta \u00e4r garanterat ett utm\u00e4rkt val! J\u00e4rvel\u00e4 \u00e4r en dold p\u00e4rla bland &#8221;den nya generationens l\u00e5tskrivare&#8221; som Sjunde\u00e5borna och Lux Musicaen-festivalbes\u00f6karna nu kan uppt\u00e4cka. J\u00e4rvel\u00e4 \u00e4r skicklig p\u00e5 pop, rock, folkmusik men ocks\u00e5 jazz! Och det [&hellip;]","thumbnail_url":"https:\/\/i0.wp.com\/luxmusicae.com\/wp-content\/uploads\/2025\/07\/LuxMusicae2025_www_HEADER_KORJ.png?fit=2400%2C1600&ssl=1","thumbnail_width":2400,"thumbnail_height":1600}