{"version":"1.0","provider_name":"Lux Musicae 13.-15.11.2026","provider_url":"https:\/\/luxmusicae.com\/sv\/","author_name":"Lux Musicae Admin","author_url":"https:\/\/luxmusicae.com\/sv\/author\/admin\/","title":"Lux Musicae 13.-15.11.2026 - Min\u00e4 el\u00e4n \u2013 jag lever!","type":"rich","width":600,"height":338,"html":"<blockquote class=\"wp-embedded-content\" data-secret=\"rSGmpspvVF\"><a href=\"https:\/\/luxmusicae.com\/sv\/mina-elan-jag-lever\/\">Min\u00e4 el\u00e4n \u2013 jag lever!<\/a><\/blockquote><iframe sandbox=\"allow-scripts\" security=\"restricted\" src=\"https:\/\/luxmusicae.com\/sv\/mina-elan-jag-lever\/embed\/#?secret=rSGmpspvVF\" width=\"600\" height=\"338\" title=\"\u201dMin\u00e4 el\u00e4n \u2013 jag lever!\u201d &ndash; Lux Musicae 13.-15.11.2026\" data-secret=\"rSGmpspvVF\" frameborder=\"0\" marginwidth=\"0\" marginheight=\"0\" scrolling=\"no\" class=\"wp-embedded-content\"><\/iframe><script type=\"text\/javascript\">\n\/* <![CDATA[ *\/\n\/*! This file is auto-generated *\/\n!function(d,l){\"use strict\";l.querySelector&&d.addEventListener&&\"undefined\"!=typeof URL&&(d.wp=d.wp||{},d.wp.receiveEmbedMessage||(d.wp.receiveEmbedMessage=function(e){var t=e.data;if((t||t.secret||t.message||t.value)&&!\/[^a-zA-Z0-9]\/.test(t.secret)){for(var s,r,n,a=l.querySelectorAll('iframe[data-secret=\"'+t.secret+'\"]'),o=l.querySelectorAll('blockquote[data-secret=\"'+t.secret+'\"]'),c=new RegExp(\"^https?:$\",\"i\"),i=0;i<o.length;i++)o[i].style.display=\"none\";for(i=0;i<a.length;i++)s=a[i],e.source===s.contentWindow&&(s.removeAttribute(\"style\"),\"height\"===t.message?(1e3<(r=parseInt(t.value,10))?r=1e3:~~r<200&&(r=200),s.height=r):\"link\"===t.message&&(r=new URL(s.getAttribute(\"src\")),n=new URL(t.value),c.test(n.protocol))&&n.host===r.host&&l.activeElement===s&&(d.top.location.href=t.value))}},d.addEventListener(\"message\",d.wp.receiveEmbedMessage,!1),l.addEventListener(\"DOMContentLoaded\",function(){for(var e,t,s=l.querySelectorAll(\"iframe.wp-embedded-content\"),r=0;r<s.length;r++)(t=(e=s[r]).getAttribute(\"data-secret\"))||(t=Math.random().toString(36).substring(2,12),e.src+=\"#?secret=\"+t,e.setAttribute(\"data-secret\",t)),e.contentWindow.postMessage({message:\"ready\",secret:t},\"*\")},!1)))}(window,document);\n\/\/# sourceURL=https:\/\/luxmusicae.com\/wp-includes\/js\/wp-embed.min.js\n\/* ]]> *\/\n<\/script>\n","thumbnail_url":"https:\/\/i0.wp.com\/luxmusicae.com\/wp-content\/uploads\/2022\/10\/Tausta-asia3.png?fit=1332%2C666&ssl=1","thumbnail_width":1332,"thumbnail_height":666,"description":"Nationalf\u00f6rfattaren Aleksis Kivi f\u00f6ddes i Nurmij\u00e4rvi och dog i Tusby vid 38 \u00e5rs \u00e5lder. Utropet \u201cjag lever\u201d var Kivis sista ord. Kivis litter\u00e4ra och hela kreativa produktion \u00e4r kopplad till Sjunde\u00e5. Han flyttade till orten efter sina universitetsstudier och bodde sju \u00e5r i Sjunde\u00e5s Fanjunkars, d\u00e4r Charlotta L\u00f6nnqvist blev Kivis v\u00e4lg\u00f6rare. Kivi, som var sjuk [&hellip;]"}