{"version":"1.0","provider_name":"Lux Musicae 13.-15.11.2026","provider_url":"https:\/\/luxmusicae.com\/sv\/","author_name":"Lux Musicae Admin","author_url":"https:\/\/luxmusicae.com\/sv\/author\/admin\/","title":"Lux Musicae 13.-15.11.2026 - Lux Musicae 25 \u00e5r: Ur djupet av mitt hj\u00e4rta","type":"rich","width":600,"height":338,"html":"<blockquote class=\"wp-embedded-content\" data-secret=\"wGx0JskznK\"><a href=\"https:\/\/luxmusicae.com\/sv\/lux-musicae-25-ar-varav-hjartat-ar-fullt\/\">Lux Musicae 25 \u00e5r: Ur djupet av mitt hj\u00e4rta<\/a><\/blockquote><iframe sandbox=\"allow-scripts\" security=\"restricted\" src=\"https:\/\/luxmusicae.com\/sv\/lux-musicae-25-ar-varav-hjartat-ar-fullt\/embed\/#?secret=wGx0JskznK\" width=\"600\" height=\"338\" title=\"\u201dLux Musicae 25 \u00e5r: Ur djupet av mitt hj\u00e4rta\u201d &ndash; Lux Musicae 13.-15.11.2026\" data-secret=\"wGx0JskznK\" frameborder=\"0\" marginwidth=\"0\" marginheight=\"0\" scrolling=\"no\" class=\"wp-embedded-content\"><\/iframe><script type=\"text\/javascript\">\n\/* <![CDATA[ *\/\n\/*! This file is auto-generated *\/\n!function(d,l){\"use strict\";l.querySelector&&d.addEventListener&&\"undefined\"!=typeof URL&&(d.wp=d.wp||{},d.wp.receiveEmbedMessage||(d.wp.receiveEmbedMessage=function(e){var t=e.data;if((t||t.secret||t.message||t.value)&&!\/[^a-zA-Z0-9]\/.test(t.secret)){for(var s,r,n,a=l.querySelectorAll('iframe[data-secret=\"'+t.secret+'\"]'),o=l.querySelectorAll('blockquote[data-secret=\"'+t.secret+'\"]'),c=new RegExp(\"^https?:$\",\"i\"),i=0;i<o.length;i++)o[i].style.display=\"none\";for(i=0;i<a.length;i++)s=a[i],e.source===s.contentWindow&&(s.removeAttribute(\"style\"),\"height\"===t.message?(1e3<(r=parseInt(t.value,10))?r=1e3:~~r<200&&(r=200),s.height=r):\"link\"===t.message&&(r=new URL(s.getAttribute(\"src\")),n=new URL(t.value),c.test(n.protocol))&&n.host===r.host&&l.activeElement===s&&(d.top.location.href=t.value))}},d.addEventListener(\"message\",d.wp.receiveEmbedMessage,!1),l.addEventListener(\"DOMContentLoaded\",function(){for(var e,t,s=l.querySelectorAll(\"iframe.wp-embedded-content\"),r=0;r<s.length;r++)(t=(e=s[r]).getAttribute(\"data-secret\"))||(t=Math.random().toString(36).substring(2,12),e.src+=\"#?secret=\"+t,e.setAttribute(\"data-secret\",t)),e.contentWindow.postMessage({message:\"ready\",secret:t},\"*\")},!1)))}(window,document);\n\/\/# sourceURL=https:\/\/luxmusicae.com\/wp-includes\/js\/wp-embed.min.js\n\/* ]]> *\/\n<\/script>\n","description":"Lux Musicae firar 25-\u00e5rsjubileum. Ur den musikaliska brudkistan \u00f6ser programmet n\u00e5got nytt, n\u00e5got gammalt, n\u00e5got l\u00e5nat och n\u00e5got bl\u00e5tt. Jubileums\u00e5rets uruppf\u00f6randen av Kimmo Hakola och Maleena Linjama \u00e4r tonkonstens l\u00e4nkar till framtiden. S\u00e5som seden bjuder \u00e4r Lux Musicae med och skapar n\u00e5got nytt. Sjunde\u00e5 finska f\u00f6rsamlings kantor-organist Pami Karvonen och d\u00e5varande kyrkoherden Ismo Turunen grundade [&hellip;]","thumbnail_url":"https:\/\/i0.wp.com\/luxmusicae.com\/wp-content\/uploads\/2025\/07\/LuxMusicae2025_www_HEADER_KORJ.png?fit=2400%2C1600&ssl=1","thumbnail_width":2400,"thumbnail_height":1600}